{"id":4010,"date":"2023-01-26T17:30:00","date_gmt":"2023-01-26T17:30:00","guid":{"rendered":"https:\/\/www.cafemotorbike.com\/?page_id=4010"},"modified":"2024-05-13T10:46:04","modified_gmt":"2024-05-13T10:46:04","slug":"faq","status":"publish","type":"page","link":"https:\/\/www.cafemotorbike.com\/fr\/faq\/","title":{"rendered":"FAQ"},"content":{"rendered":"<div data-elementor-type=\"wp-page\" data-elementor-id=\"4010\" class=\"elementor elementor-4010\" data-elementor-post-type=\"page\">\n\t\t\t\t\t\t<section class=\"elementor-section elementor-top-section elementor-element elementor-element-e365faf elementor-section-boxed elementor-section-height-default elementor-section-height-default\" data-id=\"e365faf\" data-element_type=\"section\" data-e-type=\"section\">\n\t\t\t\t\t\t<div class=\"elementor-container elementor-column-gap-default\">\n\t\t\t\t\t<div class=\"elementor-column elementor-col-100 elementor-top-column elementor-element elementor-element-d11ae3c\" data-id=\"d11ae3c\" data-element_type=\"column\" data-e-type=\"column\">\n\t\t\t<div class=\"elementor-widget-wrap elementor-element-populated\">\n\t\t\t\t\t\t<div class=\"elementor-element elementor-element-b47da4d elementor-widget elementor-widget-heading\" data-id=\"b47da4d\" data-element_type=\"widget\" data-e-type=\"widget\" data-widget_type=\"heading.default\">\n\t\t\t\t<div class=\"elementor-widget-container\">\n\t\t\t\t\t<h2 class=\"elementor-heading-title elementor-size-default\">Questions g\u00e9n\u00e9rales<\/h2>\t\t\t\t<\/div>\n\t\t\t\t<\/div>\n\t\t\t\t<div class=\"elementor-element elementor-element-cd56426 elementor-widget-divider--view-line elementor-widget elementor-widget-divider\" data-id=\"cd56426\" data-element_type=\"widget\" data-e-type=\"widget\" data-widget_type=\"divider.default\">\n\t\t\t\t<div class=\"elementor-widget-container\">\n\t\t\t\t\t\t\t<div class=\"elementor-divider\">\n\t\t\t<span class=\"elementor-divider-separator\">\n\t\t\t\t\t\t<\/span>\n\t\t<\/div>\n\t\t\t\t\t\t<\/div>\n\t\t\t\t<\/div>\n\t\t\t\t<div class=\"elementor-element elementor-element-4bd1d23 elementor-widget elementor-widget-text-editor\" data-id=\"4bd1d23\" data-element_type=\"widget\" data-e-type=\"widget\" data-widget_type=\"text-editor.default\">\n\t\t\t\t<div class=\"elementor-widget-container\">\n\t\t\t\t\t\t\t\t\t<p>Vous trouverez dans cette section toutes les questions fr\u00e9quemment pos\u00e9es.<br \/>Si vous avez besoin d'informations suppl\u00e9mentaires, n'h\u00e9sitez pas \u00e0 nous contacter\u00a0<a href=\"https:\/\/www.cafemotorbike.com\/fr\/contact\/\">Contactez nous.<\/a><\/p>\t\t\t\t\t\t\t\t<\/div>\n\t\t\t\t<\/div>\n\t\t\t\t<div class=\"elementor-element elementor-element-2247048 elementor-widget elementor-widget-accordion\" data-id=\"2247048\" data-element_type=\"widget\" data-e-type=\"widget\" data-widget_type=\"accordion.default\">\n\t\t\t\t<div class=\"elementor-widget-container\">\n\t\t\t\t\t\t\t<div class=\"elementor-accordion\">\n\t\t\t\t\t\t\t<div class=\"elementor-accordion-item\">\n\t\t\t\t\t<div id=\"elementor-tab-title-3591\" class=\"elementor-tab-title\" data-tab=\"1\" role=\"button\" aria-controls=\"elementor-tab-content-3591\" aria-expanded=\"false\">\n\t\t\t\t\t\t\t\t\t\t\t\t\t<span class=\"elementor-accordion-icon elementor-accordion-icon-left\" aria-hidden=\"true\">\n\t\t\t\t\t\t\t\t\t\t\t\t\t\t\t<span class=\"elementor-accordion-icon-closed\"><i class=\"fas fa-plus\"><\/i><\/span>\n\t\t\t\t\t\t\t\t<span class=\"elementor-accordion-icon-opened\"><i class=\"fas fa-minus\"><\/i><\/span>\n\t\t\t\t\t\t\t\t\t\t\t\t\t\t<\/span>\n\t\t\t\t\t\t\t\t\t\t\t\t<a class=\"elementor-accordion-title\" tabindex=\"0\">QUE COMPREND LA LOCATION D'UN SCOOTER CAFEMOTORBIKE ?<\/a>\n\t\t\t\t\t<\/div>\n\t\t\t\t\t<div id=\"elementor-tab-content-3591\" class=\"elementor-tab-content elementor-clearfix\" data-tab=\"1\" role=\"region\" aria-labelledby=\"elementor-tab-title-3591\"><p>Notre service de location de scooter comprend deux casques, un antivol, une assurance tous risques avec franchise, une annulation gratuite, une assistance routi\u00e8re et un nombre illimit\u00e9 de KM.<\/p><\/div>\n\t\t\t\t<\/div>\n\t\t\t\t\t\t\t<div class=\"elementor-accordion-item\">\n\t\t\t\t\t<div id=\"elementor-tab-title-3592\" class=\"elementor-tab-title\" data-tab=\"2\" role=\"button\" aria-controls=\"elementor-tab-content-3592\" aria-expanded=\"false\">\n\t\t\t\t\t\t\t\t\t\t\t\t\t<span class=\"elementor-accordion-icon elementor-accordion-icon-left\" aria-hidden=\"true\">\n\t\t\t\t\t\t\t\t\t\t\t\t\t\t\t<span class=\"elementor-accordion-icon-closed\"><i class=\"fas fa-plus\"><\/i><\/span>\n\t\t\t\t\t\t\t\t<span class=\"elementor-accordion-icon-opened\"><i class=\"fas fa-minus\"><\/i><\/span>\n\t\t\t\t\t\t\t\t\t\t\t\t\t\t<\/span>\n\t\t\t\t\t\t\t\t\t\t\t\t<a class=\"elementor-accordion-title\" tabindex=\"0\">QUE COMPREND LA LOCATION DE MOTO CAFEMOTORBIKE ?<\/a>\n\t\t\t\t\t<\/div>\n\t\t\t\t\t<div id=\"elementor-tab-content-3592\" class=\"elementor-tab-content elementor-clearfix\" data-tab=\"2\" role=\"region\" aria-labelledby=\"elementor-tab-title-3592\"><p>Notre service de location de motos comprend deux casques int\u00e9graux, une veste et des gants de protection, un antivol, une assurance tous risques avec franchise, une annulation gratuite, une assistance routi\u00e8re et un nombre illimit\u00e9 de KM.<\/p><\/div>\n\t\t\t\t<\/div>\n\t\t\t\t\t\t\t<div class=\"elementor-accordion-item\">\n\t\t\t\t\t<div id=\"elementor-tab-title-3593\" class=\"elementor-tab-title\" data-tab=\"3\" role=\"button\" aria-controls=\"elementor-tab-content-3593\" aria-expanded=\"false\">\n\t\t\t\t\t\t\t\t\t\t\t\t\t<span class=\"elementor-accordion-icon elementor-accordion-icon-left\" aria-hidden=\"true\">\n\t\t\t\t\t\t\t\t\t\t\t\t\t\t\t<span class=\"elementor-accordion-icon-closed\"><i class=\"fas fa-plus\"><\/i><\/span>\n\t\t\t\t\t\t\t\t<span class=\"elementor-accordion-icon-opened\"><i class=\"fas fa-minus\"><\/i><\/span>\n\t\t\t\t\t\t\t\t\t\t\t\t\t\t<\/span>\n\t\t\t\t\t\t\t\t\t\t\t\t<a class=\"elementor-accordion-title\" tabindex=\"0\">LES V\u00c9HICULES SONT-ILS ASSUR\u00c9S ?<\/a>\n\t\t\t\t\t<\/div>\n\t\t\t\t\t<div id=\"elementor-tab-content-3593\" class=\"elementor-tab-content elementor-clearfix\" data-tab=\"3\" role=\"region\" aria-labelledby=\"elementor-tab-title-3593\"><p>Oui, tous nos v\u00e9hicules sont assur\u00e9s avec franchise. (Pour la franchise, voir \"QU'EST-CE QUE LA FRANCHISE\")<\/p><\/div>\n\t\t\t\t<\/div>\n\t\t\t\t\t\t\t<div class=\"elementor-accordion-item\">\n\t\t\t\t\t<div id=\"elementor-tab-title-3594\" class=\"elementor-tab-title\" data-tab=\"4\" role=\"button\" aria-controls=\"elementor-tab-content-3594\" aria-expanded=\"false\">\n\t\t\t\t\t\t\t\t\t\t\t\t\t<span class=\"elementor-accordion-icon elementor-accordion-icon-left\" aria-hidden=\"true\">\n\t\t\t\t\t\t\t\t\t\t\t\t\t\t\t<span class=\"elementor-accordion-icon-closed\"><i class=\"fas fa-plus\"><\/i><\/span>\n\t\t\t\t\t\t\t\t<span class=\"elementor-accordion-icon-opened\"><i class=\"fas fa-minus\"><\/i><\/span>\n\t\t\t\t\t\t\t\t\t\t\t\t\t\t<\/span>\n\t\t\t\t\t\t\t\t\t\t\t\t<a class=\"elementor-accordion-title\" tabindex=\"0\">PUIS-JE R\u00c9SERVER MAINTENANT ET EFFECTUER LE PAIEMENT \u00c0 LA LIVRAISON DU SCOOTER OU DE LA MOTO ?<\/a>\n\t\t\t\t\t<\/div>\n\t\t\t\t\t<div id=\"elementor-tab-content-3594\" class=\"elementor-tab-content elementor-clearfix\" data-tab=\"4\" role=\"region\" aria-labelledby=\"elementor-tab-title-3594\">Oui, bien s\u00fbr, c'est possible. A la fin de la r\u00e9servation, lorsque le mode de paiement vous sera demand\u00e9, s\u00e9lectionnez \"Pay at Pick-up\".<\/div>\n\t\t\t\t<\/div>\n\t\t\t\t\t\t\t<div class=\"elementor-accordion-item\">\n\t\t\t\t\t<div id=\"elementor-tab-title-3595\" class=\"elementor-tab-title\" data-tab=\"5\" role=\"button\" aria-controls=\"elementor-tab-content-3595\" aria-expanded=\"false\">\n\t\t\t\t\t\t\t\t\t\t\t\t\t<span class=\"elementor-accordion-icon elementor-accordion-icon-left\" aria-hidden=\"true\">\n\t\t\t\t\t\t\t\t\t\t\t\t\t\t\t<span class=\"elementor-accordion-icon-closed\"><i class=\"fas fa-plus\"><\/i><\/span>\n\t\t\t\t\t\t\t\t<span class=\"elementor-accordion-icon-opened\"><i class=\"fas fa-minus\"><\/i><\/span>\n\t\t\t\t\t\t\t\t\t\t\t\t\t\t<\/span>\n\t\t\t\t\t\t\t\t\t\t\t\t<a class=\"elementor-accordion-title\" tabindex=\"0\">QUELS SONT LES MODES DE PAIEMENT POUR LES SERVICES DE LOCATION DE SCOOTERS OU DE MOTOS ?<\/a>\n\t\t\t\t\t<\/div>\n\t\t\t\t\t<div id=\"elementor-tab-content-3595\" class=\"elementor-tab-content elementor-clearfix\" data-tab=\"5\" role=\"region\" aria-labelledby=\"elementor-tab-title-3595\"><p>Vous pouvez payer en esp\u00e8ces, par carte de cr\u00e9dit ou de d\u00e9bit ou par virement bancaire.<\/p><\/div>\n\t\t\t\t<\/div>\n\t\t\t\t\t\t\t<div class=\"elementor-accordion-item\">\n\t\t\t\t\t<div id=\"elementor-tab-title-3596\" class=\"elementor-tab-title\" data-tab=\"6\" role=\"button\" aria-controls=\"elementor-tab-content-3596\" aria-expanded=\"false\">\n\t\t\t\t\t\t\t\t\t\t\t\t\t<span class=\"elementor-accordion-icon elementor-accordion-icon-left\" aria-hidden=\"true\">\n\t\t\t\t\t\t\t\t\t\t\t\t\t\t\t<span class=\"elementor-accordion-icon-closed\"><i class=\"fas fa-plus\"><\/i><\/span>\n\t\t\t\t\t\t\t\t<span class=\"elementor-accordion-icon-opened\"><i class=\"fas fa-minus\"><\/i><\/span>\n\t\t\t\t\t\t\t\t\t\t\t\t\t\t<\/span>\n\t\t\t\t\t\t\t\t\t\t\t\t<a class=\"elementor-accordion-title\" tabindex=\"0\">QUE FAUT-IL FAIRE POUR LOUER UNE MOTO OU UN SCOOTER ? AI-JE BESOIN D'UN PERMIS SP\u00c9CIAL ?<\/a>\n\t\t\t\t\t<\/div>\n\t\t\t\t\t<div id=\"elementor-tab-content-3596\" class=\"elementor-tab-content elementor-clearfix\" data-tab=\"6\" role=\"region\" aria-labelledby=\"elementor-tab-title-3596\"><p>Vous devez vous munir de votre passeport ou de votre carte d'identit\u00e9 et de votre permis de conduire. Pour louer un scooter ou une moto avec CafeMotorbike, vous devez \u00eatre en possession d'un permis de conduire actuel et valide selon les lois espagnoles. <span style=\"text-decoration: underline;\"><strong>et avoir une bonne exp\u00e9rience de la conduite du v\u00e9hicule que vous louez<\/strong><\/span><\/p><p><strong>LES PERMIS PROVISOIRES, LES PHOTOCOPIES, LES PHOTOS OU LES CERTIFICATS DIVERS DES DOCUMENTS DEMAND\u00c9S NE SONT ABSOLUMENT PAS AUTORIS\u00c9S.<\/strong><\/p><\/div>\n\t\t\t\t<\/div>\n\t\t\t\t\t\t\t<div class=\"elementor-accordion-item\">\n\t\t\t\t\t<div id=\"elementor-tab-title-3597\" class=\"elementor-tab-title\" data-tab=\"7\" role=\"button\" aria-controls=\"elementor-tab-content-3597\" aria-expanded=\"false\">\n\t\t\t\t\t\t\t\t\t\t\t\t\t<span class=\"elementor-accordion-icon elementor-accordion-icon-left\" aria-hidden=\"true\">\n\t\t\t\t\t\t\t\t\t\t\t\t\t\t\t<span class=\"elementor-accordion-icon-closed\"><i class=\"fas fa-plus\"><\/i><\/span>\n\t\t\t\t\t\t\t\t<span class=\"elementor-accordion-icon-opened\"><i class=\"fas fa-minus\"><\/i><\/span>\n\t\t\t\t\t\t\t\t\t\t\t\t\t\t<\/span>\n\t\t\t\t\t\t\t\t\t\t\t\t<a class=\"elementor-accordion-title\" tabindex=\"0\">QUEL PERMIS DE CONDUIRE FAUT-IL POUR CONDUIRE UN SCOOTER OU UNE MOTO ?<\/a>\n\t\t\t\t\t<\/div>\n\t\t\t\t\t<div id=\"elementor-tab-content-3597\" class=\"elementor-tab-content elementor-clearfix\" data-tab=\"7\" role=\"region\" aria-labelledby=\"elementor-tab-title-3597\"><p>Les exigences minimales pour nos locations en Espagne sont indiqu\u00e9es ci-dessous. Les cat\u00e9gories mentionn\u00e9es correspondent aux cat\u00e9gories officielles du permis de conduire europ\u00e9en. <span style=\"text-decoration: underline;\"><strong>Une bonne exp\u00e9rience de la conduite du v\u00e9hicule lou\u00e9 est requise.<\/strong><\/span><\/p><ol><li><strong>SCOOTER 125 cc :\u00a0 <\/strong>Min. 21 ans, A1\/A ou Min. 21 ans et 3 ans d'exp\u00e9rience avec B<\/li><li><strong>SCOOTER A partir de 300cc : <\/strong>21 ans minimum et permis de conduire de cat\u00e9gorie A ou A2<\/li><li><strong>MOTOCYCLE jusqu'\u00e0 35 KW : <\/strong>25 ans minimum et permis de conduire de cat\u00e9gorie A ou A2<\/li><li><strong>MOTOCYCLE de plus de 35 KW : <\/strong>25 ans minimum et permis de conduire de cat\u00e9gorie A<\/li><\/ol><p>Remarque : si votre permis de conduire ne provient pas d'un pays de l'Union \u00e9conomique europ\u00e9enne ou d'un pays n'ayant pas conclu d'accord de complaisance avec l'Espagne, vous devez \u00eatre en possession d'un permis de conduire international (PCI). De m\u00eame, les documents valides sont r\u00e9gis par la loi du pays o\u00f9 vous conduisez, et non par le pays d'origine du document.<\/p><\/div>\n\t\t\t\t<\/div>\n\t\t\t\t\t\t\t<div class=\"elementor-accordion-item\">\n\t\t\t\t\t<div id=\"elementor-tab-title-3598\" class=\"elementor-tab-title\" data-tab=\"8\" role=\"button\" aria-controls=\"elementor-tab-content-3598\" aria-expanded=\"false\">\n\t\t\t\t\t\t\t\t\t\t\t\t\t<span class=\"elementor-accordion-icon elementor-accordion-icon-left\" aria-hidden=\"true\">\n\t\t\t\t\t\t\t\t\t\t\t\t\t\t\t<span class=\"elementor-accordion-icon-closed\"><i class=\"fas fa-plus\"><\/i><\/span>\n\t\t\t\t\t\t\t\t<span class=\"elementor-accordion-icon-opened\"><i class=\"fas fa-minus\"><\/i><\/span>\n\t\t\t\t\t\t\t\t\t\t\t\t\t\t<\/span>\n\t\t\t\t\t\t\t\t\t\t\t\t<a class=\"elementor-accordion-title\" tabindex=\"0\">UN D\u00c9P\u00d4T EST-IL N\u00c9CESSAIRE ?<\/a>\n\t\t\t\t\t<\/div>\n\t\t\t\t\t<div id=\"elementor-tab-content-3598\" class=\"elementor-tab-content elementor-clearfix\" data-tab=\"8\" role=\"region\" aria-labelledby=\"elementor-tab-title-3598\"><p>OUI. Pour la location d'un scooter ou d'une moto, il est n\u00e9cessaire de verser une caution. La caution peut \u00eatre pay\u00e9e en esp\u00e8ces ou par CARTE DE CR\u00c9DIT. Toutefois, dans le cas d'une caution par carte, celle-ci ne sera pas d\u00e9bit\u00e9e de votre carte \u00e0 moins qu'un \u00e9v\u00e9nement ne l'exige.<\/p><p>Si, toutefois, vous demandez l'extension de la garantie PLUS, un d\u00e9p\u00f4t r\u00e9duit sera exig\u00e9 en fonction du mod\u00e8le.<\/p><p>Le d\u00e9p\u00f4t de garantie aupr\u00e8s de seguro BASIC est de :<\/p><ol><li><strong>Scooter 125 : <\/strong>\u20ac 150<\/li><li><strong>Scooter Maxi : <\/strong>\u20ac 200<\/li><li><strong>Moto : <\/strong>400 ou 500 euros<\/li><\/ol><p>Le d\u00e9p\u00f4t de garantie peut \u00eatre pay\u00e9 en esp\u00e8ces ou par carte de cr\u00e9dit et sera rembours\u00e9 \u00e0 la fin du bail.5<\/p><\/div>\n\t\t\t\t<\/div>\n\t\t\t\t\t\t\t<div class=\"elementor-accordion-item\">\n\t\t\t\t\t<div id=\"elementor-tab-title-3599\" class=\"elementor-tab-title\" data-tab=\"9\" role=\"button\" aria-controls=\"elementor-tab-content-3599\" aria-expanded=\"false\">\n\t\t\t\t\t\t\t\t\t\t\t\t\t<span class=\"elementor-accordion-icon elementor-accordion-icon-left\" aria-hidden=\"true\">\n\t\t\t\t\t\t\t\t\t\t\t\t\t\t\t<span class=\"elementor-accordion-icon-closed\"><i class=\"fas fa-plus\"><\/i><\/span>\n\t\t\t\t\t\t\t\t<span class=\"elementor-accordion-icon-opened\"><i class=\"fas fa-minus\"><\/i><\/span>\n\t\t\t\t\t\t\t\t\t\t\t\t\t\t<\/span>\n\t\t\t\t\t\t\t\t\t\t\t\t<a class=\"elementor-accordion-title\" tabindex=\"0\">QUE DOIS-JE FAIRE SI LE SCOOTER OU LA MOTO TOMBE EN PANNE ?<\/a>\n\t\t\t\t\t<\/div>\n\t\t\t\t\t<div id=\"elementor-tab-content-3599\" class=\"elementor-tab-content elementor-clearfix\" data-tab=\"9\" role=\"region\" aria-labelledby=\"elementor-tab-title-3599\">Si votre scooter ou votre moto tombe en panne, appelez-nous imm\u00e9diatement au num\u00e9ro indiqu\u00e9 sur le contrat de location.<\/div>\n\t\t\t\t<\/div>\n\t\t\t\t\t\t\t<div class=\"elementor-accordion-item\">\n\t\t\t\t\t<div id=\"elementor-tab-title-35910\" class=\"elementor-tab-title\" data-tab=\"10\" role=\"button\" aria-controls=\"elementor-tab-content-35910\" aria-expanded=\"false\">\n\t\t\t\t\t\t\t\t\t\t\t\t\t<span class=\"elementor-accordion-icon elementor-accordion-icon-left\" aria-hidden=\"true\">\n\t\t\t\t\t\t\t\t\t\t\t\t\t\t\t<span class=\"elementor-accordion-icon-closed\"><i class=\"fas fa-plus\"><\/i><\/span>\n\t\t\t\t\t\t\t\t<span class=\"elementor-accordion-icon-opened\"><i class=\"fas fa-minus\"><\/i><\/span>\n\t\t\t\t\t\t\t\t\t\t\t\t\t\t<\/span>\n\t\t\t\t\t\t\t\t\t\t\t\t<a class=\"elementor-accordion-title\" tabindex=\"0\">QUE SE PASSE-T-IL EN CAS D'ACCIDENT OU DE VOL ?<\/a>\n\t\t\t\t\t<\/div>\n\t\t\t\t\t<div id=\"elementor-tab-content-35910\" class=\"elementor-tab-content elementor-clearfix\" data-tab=\"10\" role=\"region\" aria-labelledby=\"elementor-tab-title-35910\"><p>Vous \u00eates enti\u00e8rement couvert par l'assurance responsabilit\u00e9 civile. Pour les dommages ou le vol caus\u00e9s au scooter ou \u00e0 la moto, l'assurance r\u00e9duit le montant \u00e0 payer \u00e0 une franchise - en cas de respect du contrat de location. Il est \u00e9galement possible d'obtenir une r\u00e9duction de la franchise avec l'assurance PLUS.<\/p><\/div>\n\t\t\t\t<\/div>\n\t\t\t\t\t\t\t<div class=\"elementor-accordion-item\">\n\t\t\t\t\t<div id=\"elementor-tab-title-35911\" class=\"elementor-tab-title\" data-tab=\"11\" role=\"button\" aria-controls=\"elementor-tab-content-35911\" aria-expanded=\"false\">\n\t\t\t\t\t\t\t\t\t\t\t\t\t<span class=\"elementor-accordion-icon elementor-accordion-icon-left\" aria-hidden=\"true\">\n\t\t\t\t\t\t\t\t\t\t\t\t\t\t\t<span class=\"elementor-accordion-icon-closed\"><i class=\"fas fa-plus\"><\/i><\/span>\n\t\t\t\t\t\t\t\t<span class=\"elementor-accordion-icon-opened\"><i class=\"fas fa-minus\"><\/i><\/span>\n\t\t\t\t\t\t\t\t\t\t\t\t\t\t<\/span>\n\t\t\t\t\t\t\t\t\t\t\t\t<a class=\"elementor-accordion-title\" tabindex=\"0\">QU'EST-CE QUI EST COUVERT PAR L'ASSURANCE ?<\/a>\n\t\t\t\t\t<\/div>\n\t\t\t\t\t<div id=\"elementor-tab-content-35911\" class=\"elementor-tab-content elementor-clearfix\" data-tab=\"11\" role=\"region\" aria-labelledby=\"elementor-tab-title-35911\"><p><strong>SCOOTER<\/strong><\/p><p>L'assurance d\u00e9j\u00e0 incluse dans le prix de la location couvre les dommages caus\u00e9s aux tiers. En outre, elle comprend \u00e9galement l'assistance routi\u00e8re. Les dommages sur le scooter ou le vol sont couverts avec une franchise de 100\u20ac \u00e0 700\u20ac, selon le type de scooter.<br \/>Assurance responsabilit\u00e9 civile avec une couverture compl\u00e8te en cas d'accident, jusqu'\u00e0 50 000 000 \u20ac par accident.<br \/>Assistance m\u00e9dicale limit\u00e9e au conducteur et au passager jusqu'\u00e0 6 000 euros dans les 365 jours suivant l'accident.<br \/>Indemnisation en cas de d\u00e9c\u00e8s du conducteur : 6 000 euros.<br \/>Indemnisation en cas d'incapacit\u00e9 permanente : Jusqu'\u00e0 6 000 euros, en fonction de la gravit\u00e9 de la blessure.<br \/>Veuillez noter que l'assurance ne couvre pas les dommages caus\u00e9s par la conduite en \u00e9tat d'\u00e9bri\u00e9t\u00e9, la conduite hors route ou le non-respect des dispositions du contrat de location.<\/p><p><strong>MOTO<\/strong><\/p><p><strong>ASSURANCE - BASE -.<\/strong>L'assurance des v\u00e9hicules au tiers uniquement.<br \/>Assurance responsabilit\u00e9 civile avec une couverture compl\u00e8te en cas d'accident, jusqu'\u00e0 50 000 000 \u20ac par accident.<br \/>Assistance m\u00e9dicale limit\u00e9e au conducteur et au passager jusqu'\u00e0 6 000 euros dans les 365 jours suivant l'accident.<br \/>Indemnisation en cas de d\u00e9c\u00e8s du conducteur : 6 000 euros.<br \/>Indemnisation en cas d'incapacit\u00e9 permanente : Jusqu'\u00e0 6 000 euros, en fonction de la gravit\u00e9 de la blessure.<br \/>Veuillez noter que l'assurance ne couvre pas les dommages caus\u00e9s par la conduite en \u00e9tat d'\u00e9bri\u00e9t\u00e9, la conduite hors route ou le non-respect des dispositions du contrat de location.<\/p><p><strong>ASSURANCE - PLUS -. <\/strong>Une assurance facultative est disponible moyennant un paiement par jour de location.<br \/>Elle permet de couvrir le v\u00e9hicule en cas de panne ou d'accident, avec une franchise de 600 \u20ac \u00e0 1 000 \u20ac selon le mod\u00e8le.<br \/>Assurance responsabilit\u00e9 civile avec une couverture compl\u00e8te en cas d'accident, jusqu'\u00e0 50 000 000 \u20ac par accident.<br \/>Assistance m\u00e9dicale pour le conducteur et le passager jusqu'\u00e0 600 euros dans les 365 jours suivant l'accident.<br \/>Indemnisation en cas de d\u00e9c\u00e8s du conducteur : 6 000 euros.<br \/>Indemnisation en cas d'incapacit\u00e9 permanente : Jusqu'\u00e0 6 000 euros, en fonction de la gravit\u00e9 de la blessure.<br \/>Veuillez noter que l'assurance ne couvre pas les dommages caus\u00e9s par la conduite en \u00e9tat d'\u00e9bri\u00e9t\u00e9, la conduite hors route ou le non-respect des dispositions du contrat de location.<\/p><\/div>\n\t\t\t\t<\/div>\n\t\t\t\t\t\t\t<div class=\"elementor-accordion-item\">\n\t\t\t\t\t<div id=\"elementor-tab-title-35912\" class=\"elementor-tab-title\" data-tab=\"12\" role=\"button\" aria-controls=\"elementor-tab-content-35912\" aria-expanded=\"false\">\n\t\t\t\t\t\t\t\t\t\t\t\t\t<span class=\"elementor-accordion-icon elementor-accordion-icon-left\" aria-hidden=\"true\">\n\t\t\t\t\t\t\t\t\t\t\t\t\t\t\t<span class=\"elementor-accordion-icon-closed\"><i class=\"fas fa-plus\"><\/i><\/span>\n\t\t\t\t\t\t\t\t<span class=\"elementor-accordion-icon-opened\"><i class=\"fas fa-minus\"><\/i><\/span>\n\t\t\t\t\t\t\t\t\t\t\t\t\t\t<\/span>\n\t\t\t\t\t\t\t\t\t\t\t\t<a class=\"elementor-accordion-title\" tabindex=\"0\">EST-IL POSSIBLE DE SOUSCRIRE UNE ASSURANCE COMPL\u00c9MENTAIRE POUR R\u00c9DUIRE LE D\u00c9P\u00d4T DE GARANTIE ?<\/a>\n\t\t\t\t\t<\/div>\n\t\t\t\t\t<div id=\"elementor-tab-content-35912\" class=\"elementor-tab-content elementor-clearfix\" data-tab=\"12\" role=\"region\" aria-labelledby=\"elementor-tab-title-35912\"><p>OUI. Vous pouvez souscrire une assurance PLUS avec diff\u00e9rents plafonds de r\u00e9duction d'acc\u00e8s en cas de dommage ou de vol de votre scooter ou de votre moto.<\/p><\/div>\n\t\t\t\t<\/div>\n\t\t\t\t\t\t\t<div class=\"elementor-accordion-item\">\n\t\t\t\t\t<div id=\"elementor-tab-title-35913\" class=\"elementor-tab-title\" data-tab=\"13\" role=\"button\" aria-controls=\"elementor-tab-content-35913\" aria-expanded=\"false\">\n\t\t\t\t\t\t\t\t\t\t\t\t\t<span class=\"elementor-accordion-icon elementor-accordion-icon-left\" aria-hidden=\"true\">\n\t\t\t\t\t\t\t\t\t\t\t\t\t\t\t<span class=\"elementor-accordion-icon-closed\"><i class=\"fas fa-plus\"><\/i><\/span>\n\t\t\t\t\t\t\t\t<span class=\"elementor-accordion-icon-opened\"><i class=\"fas fa-minus\"><\/i><\/span>\n\t\t\t\t\t\t\t\t\t\t\t\t\t\t<\/span>\n\t\t\t\t\t\t\t\t\t\t\t\t<a class=\"elementor-accordion-title\" tabindex=\"0\">QUEL EST L'EXC\u00c9DENT<\/a>\n\t\t\t\t\t<\/div>\n\t\t\t\t\t<div id=\"elementor-tab-content-35913\" class=\"elementor-tab-content elementor-clearfix\" data-tab=\"13\" role=\"region\" aria-labelledby=\"elementor-tab-title-35913\"><p>La FRANCHISE est le montant maximum qui vous sera factur\u00e9 en cas de dommage ou d'accident de la moto\/scooter par votre faute. La franchise peut \u00eatre consid\u00e9rablement r\u00e9duite gr\u00e2ce \u00e0 une assurance compl\u00e9mentaire.<br \/>Par exemple : D\u00c9PASSER 200<br \/>D\u00e9g\u00e2ts \u20ac70.00. Vous devrez payer 70 \u20ac.<br \/>Dommages 500 \u20ac. Vous devrez payer 200 \u20ac.<\/p><p>Lors de l'enl\u00e8vement de la moto, vous ne paierez que la valeur de la caution et NON la valeur de la franchise.<\/p><\/div>\n\t\t\t\t<\/div>\n\t\t\t\t\t\t\t<div class=\"elementor-accordion-item\">\n\t\t\t\t\t<div id=\"elementor-tab-title-35914\" class=\"elementor-tab-title\" data-tab=\"14\" role=\"button\" aria-controls=\"elementor-tab-content-35914\" aria-expanded=\"false\">\n\t\t\t\t\t\t\t\t\t\t\t\t\t<span class=\"elementor-accordion-icon elementor-accordion-icon-left\" aria-hidden=\"true\">\n\t\t\t\t\t\t\t\t\t\t\t\t\t\t\t<span class=\"elementor-accordion-icon-closed\"><i class=\"fas fa-plus\"><\/i><\/span>\n\t\t\t\t\t\t\t\t<span class=\"elementor-accordion-icon-opened\"><i class=\"fas fa-minus\"><\/i><\/span>\n\t\t\t\t\t\t\t\t\t\t\t\t\t\t<\/span>\n\t\t\t\t\t\t\t\t\t\t\t\t<a class=\"elementor-accordion-title\" tabindex=\"0\">AVEZ-VOUS UN SERVICE DE LIVRAISON ?<\/a>\n\t\t\t\t\t<\/div>\n\t\t\t\t\t<div id=\"elementor-tab-content-35914\" class=\"elementor-tab-content elementor-clearfix\" data-tab=\"14\" role=\"region\" aria-labelledby=\"elementor-tab-title-35914\"><p>Oui, il est possible de faire livrer le scooter \u00e0 votre h\u00f4tel\/appartement ou d'organiser un service de navette entre votre h\u00f4tel\/appartement et notre bureau \u00e0 Los Cristianos. S\u00e9lectionnez le lieu qui vous int\u00e9resse sur la page d'accueil du site ou \u00e9crivez-nous pour plus d'informations au num\u00e9ro whatsapp +34643736411 ou par e-mail \u00e0 booking@cafemotorbike.com.<\/p><\/div>\n\t\t\t\t<\/div>\n\t\t\t\t\t\t\t<div class=\"elementor-accordion-item\">\n\t\t\t\t\t<div id=\"elementor-tab-title-35915\" class=\"elementor-tab-title\" data-tab=\"15\" role=\"button\" aria-controls=\"elementor-tab-content-35915\" aria-expanded=\"false\">\n\t\t\t\t\t\t\t\t\t\t\t\t\t<span class=\"elementor-accordion-icon elementor-accordion-icon-left\" aria-hidden=\"true\">\n\t\t\t\t\t\t\t\t\t\t\t\t\t\t\t<span class=\"elementor-accordion-icon-closed\"><i class=\"fas fa-plus\"><\/i><\/span>\n\t\t\t\t\t\t\t\t<span class=\"elementor-accordion-icon-opened\"><i class=\"fas fa-minus\"><\/i><\/span>\n\t\t\t\t\t\t\t\t\t\t\t\t\t\t<\/span>\n\t\t\t\t\t\t\t\t\t\t\t\t<a class=\"elementor-accordion-title\" tabindex=\"0\">PUIS-JE MODIFIER MA R\u00c9SERVATION ?<\/a>\n\t\t\t\t\t<\/div>\n\t\t\t\t\t<div id=\"elementor-tab-content-35915\" class=\"elementor-tab-content elementor-clearfix\" data-tab=\"15\" role=\"region\" aria-labelledby=\"elementor-tab-title-35915\"><p>Oui, vous pouvez modifier votre r\u00e9servation en envoyant votre demande \u00e0 booking@cafemotorbike.com ou en \u00e9crivant un whatsapp \u00e0 +343736411.<\/p><\/div>\n\t\t\t\t<\/div>\n\t\t\t\t\t\t\t<div class=\"elementor-accordion-item\">\n\t\t\t\t\t<div id=\"elementor-tab-title-35916\" class=\"elementor-tab-title\" data-tab=\"16\" role=\"button\" aria-controls=\"elementor-tab-content-35916\" aria-expanded=\"false\">\n\t\t\t\t\t\t\t\t\t\t\t\t\t<span class=\"elementor-accordion-icon elementor-accordion-icon-left\" aria-hidden=\"true\">\n\t\t\t\t\t\t\t\t\t\t\t\t\t\t\t<span class=\"elementor-accordion-icon-closed\"><i class=\"fas fa-plus\"><\/i><\/span>\n\t\t\t\t\t\t\t\t<span class=\"elementor-accordion-icon-opened\"><i class=\"fas fa-minus\"><\/i><\/span>\n\t\t\t\t\t\t\t\t\t\t\t\t\t\t<\/span>\n\t\t\t\t\t\t\t\t\t\t\t\t<a class=\"elementor-accordion-title\" tabindex=\"0\">PUIS-JE ANNULER MA R\u00c9SERVATION ?<\/a>\n\t\t\t\t\t<\/div>\n\t\t\t\t\t<div id=\"elementor-tab-content-35916\" class=\"elementor-tab-content elementor-clearfix\" data-tab=\"16\" role=\"region\" aria-labelledby=\"elementor-tab-title-35916\"><p>Si vous ne souhaitez plus r\u00e9cup\u00e9rer le scooter ou la moto lou\u00e9(e), nous vous demandons d'annuler imm\u00e9diatement la r\u00e9servation, afin que la moto ou le scooter soit \u00e0 nouveau disponible pour d'autres clients. Pour annuler une r\u00e9servation, vous pouvez r\u00e9pondre \u00e0 l'e-mail de confirmation que vous avez re\u00e7u ou \u00e9crire \u00e0 WhatsApp +34643736411. Tout est absolument gratuit.<\/p><\/div>\n\t\t\t\t<\/div>\n\t\t\t\t\t\t\t<div class=\"elementor-accordion-item\">\n\t\t\t\t\t<div id=\"elementor-tab-title-35917\" class=\"elementor-tab-title\" data-tab=\"17\" role=\"button\" aria-controls=\"elementor-tab-content-35917\" aria-expanded=\"false\">\n\t\t\t\t\t\t\t\t\t\t\t\t\t<span class=\"elementor-accordion-icon elementor-accordion-icon-left\" aria-hidden=\"true\">\n\t\t\t\t\t\t\t\t\t\t\t\t\t\t\t<span class=\"elementor-accordion-icon-closed\"><i class=\"fas fa-plus\"><\/i><\/span>\n\t\t\t\t\t\t\t\t<span class=\"elementor-accordion-icon-opened\"><i class=\"fas fa-minus\"><\/i><\/span>\n\t\t\t\t\t\t\t\t\t\t\t\t\t\t<\/span>\n\t\t\t\t\t\t\t\t\t\t\t\t<a class=\"elementor-accordion-title\" tabindex=\"0\">QUE SE PASSE-T-IL SI JE RENDS MON SCOOTER PLUS TARD QUE LA DATE DE RETOUR INDIQU\u00c9E DANS LE CONTRAT ?<\/a>\n\t\t\t\t\t<\/div>\n\t\t\t\t\t<div id=\"elementor-tab-content-35917\" class=\"elementor-tab-content elementor-clearfix\" data-tab=\"17\" role=\"region\" aria-labelledby=\"elementor-tab-title-35917\"><p>Le locataire est tenu d'informer le magasin de location \u00e0 l'avance de toute prolongation du contrat et CAFEMOTORBIKE v\u00e9rifiera si le v\u00e9hicule est disponible pour une prolongation. Si vous n'informez pas CAFEMOTORBIKE \u00e0 l'avance, nous vous facturerons des frais de 50 \u20ac par jour en plus du co\u00fbt journalier maximum du v\u00e9hicule lou\u00e9. De plus, il est ill\u00e9gal de conduire avec un contrat de location expir\u00e9. Dans le cas o\u00f9 le locataire souhaite prolonger le contrat, il est n\u00e9cessaire d'en informer le magasin et d'obtenir un contrat mis \u00e0 jour, qui peut \u00eatre retir\u00e9 dans le magasin ou envoy\u00e9 par e-mail.<\/p><\/div>\n\t\t\t\t<\/div>\n\t\t\t\t\t\t\t<div class=\"elementor-accordion-item\">\n\t\t\t\t\t<div id=\"elementor-tab-title-35918\" class=\"elementor-tab-title\" data-tab=\"18\" role=\"button\" aria-controls=\"elementor-tab-content-35918\" aria-expanded=\"false\">\n\t\t\t\t\t\t\t\t\t\t\t\t\t<span class=\"elementor-accordion-icon elementor-accordion-icon-left\" aria-hidden=\"true\">\n\t\t\t\t\t\t\t\t\t\t\t\t\t\t\t<span class=\"elementor-accordion-icon-closed\"><i class=\"fas fa-plus\"><\/i><\/span>\n\t\t\t\t\t\t\t\t<span class=\"elementor-accordion-icon-opened\"><i class=\"fas fa-minus\"><\/i><\/span>\n\t\t\t\t\t\t\t\t\t\t\t\t\t\t<\/span>\n\t\t\t\t\t\t\t\t\t\t\t\t<a class=\"elementor-accordion-title\" tabindex=\"0\">EST-CE QUE JE SUIS REMBOURS\u00c9 SI JE REVIENS PLUS T\u00d4T ?<\/a>\n\t\t\t\t\t<\/div>\n\t\t\t\t\t<div id=\"elementor-tab-content-35918\" class=\"elementor-tab-content elementor-clearfix\" data-tab=\"18\" role=\"region\" aria-labelledby=\"elementor-tab-title-35918\"><p>Malheureusement, non. Une fois la location commenc\u00e9e, le montant pay\u00e9 ne sera pas rembours\u00e9. Nous n'effectuons pas de remboursement si le locataire rend le scooter (ou\/et les extras) avant la date et l'heure mentionn\u00e9es dans le contrat.<\/p><\/div>\n\t\t\t\t<\/div>\n\t\t\t\t\t\t\t<div class=\"elementor-accordion-item\">\n\t\t\t\t\t<div id=\"elementor-tab-title-35919\" class=\"elementor-tab-title\" data-tab=\"19\" role=\"button\" aria-controls=\"elementor-tab-content-35919\" aria-expanded=\"false\">\n\t\t\t\t\t\t\t\t\t\t\t\t\t<span class=\"elementor-accordion-icon elementor-accordion-icon-left\" aria-hidden=\"true\">\n\t\t\t\t\t\t\t\t\t\t\t\t\t\t\t<span class=\"elementor-accordion-icon-closed\"><i class=\"fas fa-plus\"><\/i><\/span>\n\t\t\t\t\t\t\t\t<span class=\"elementor-accordion-icon-opened\"><i class=\"fas fa-minus\"><\/i><\/span>\n\t\t\t\t\t\t\t\t\t\t\t\t\t\t<\/span>\n\t\t\t\t\t\t\t\t\t\t\t\t<a class=\"elementor-accordion-title\" tabindex=\"0\">QUE DOIS-JE FAIRE EN CAS DE PROBL\u00c8ME AVEC MON SCOOTER OU MA R\u00c9SERVATION ?<\/a>\n\t\t\t\t\t<\/div>\n\t\t\t\t\t<div id=\"elementor-tab-content-35919\" class=\"elementor-tab-content elementor-clearfix\" data-tab=\"19\" role=\"region\" aria-labelledby=\"elementor-tab-title-35919\"><p>CafeMotorbike dispose d'une \u00e9quipe d'assistance \u00e0 la client\u00e8le 24\/7 que vous pouvez contacter par :<\/p><ul><li>En appelant le num\u00e9ro indiqu\u00e9 dans le contrat de location du scooter ou de la moto (en cas d'urgence, sur place)<\/li><li>Envoi de courrier \u00e9lectronique \u00e0 l'adresse booking@cafemotorbike.com<\/li><li>Chat sur notre site web (bouton orange \u00e0 gauche situ\u00e9 fixe au milieu de la page)<\/li><li>Ecrivez ou appelez le num\u00e9ro whatsapp +34643736411<\/li><\/ul><\/div>\n\t\t\t\t<\/div>\n\t\t\t\t\t\t\t\t<\/div>\n\t\t\t\t\t\t<\/div>\n\t\t\t\t<\/div>\n\t\t\t\t\t<\/div>\n\t\t<\/div>\n\t\t\t\t\t<\/div>\n\t\t<\/section>\n\t\t\t\t<\/div>","protected":false},"excerpt":{"rendered":"<p>General Questions You\u2019ll find in this section all the frequently asked question.If you need futher informations, feel free to\u00a0Contact us. WHAT&#8217;S INCLUDED IN CAFEMOTORBIKE SCOOTER RENTAL? Our scooter rental service includes two helmets, safety lock, full risk insurance with excess, free cancellation, roadside assistance and unlimited KM. WHAT&#8217;S INCLUDED IN CAFEMOTORBIKE MOTO RENTAL? Our motorcycle [&hellip;]<\/p>\n","protected":false},"author":3,"featured_media":0,"parent":0,"menu_order":0,"comment_status":"closed","ping_status":"closed","template":"","meta":{"footnotes":""},"class_list":["post-4010","page","type-page","status-publish","hentry"],"_links":{"self":[{"href":"https:\/\/www.cafemotorbike.com\/fr\/wp-json\/wp\/v2\/pages\/4010","targetHints":{"allow":["GET"]}}],"collection":[{"href":"https:\/\/www.cafemotorbike.com\/fr\/wp-json\/wp\/v2\/pages"}],"about":[{"href":"https:\/\/www.cafemotorbike.com\/fr\/wp-json\/wp\/v2\/types\/page"}],"author":[{"embeddable":true,"href":"https:\/\/www.cafemotorbike.com\/fr\/wp-json\/wp\/v2\/users\/3"}],"replies":[{"embeddable":true,"href":"https:\/\/www.cafemotorbike.com\/fr\/wp-json\/wp\/v2\/comments?post=4010"}],"version-history":[{"count":98,"href":"https:\/\/www.cafemotorbike.com\/fr\/wp-json\/wp\/v2\/pages\/4010\/revisions"}],"predecessor-version":[{"id":8551,"href":"https:\/\/www.cafemotorbike.com\/fr\/wp-json\/wp\/v2\/pages\/4010\/revisions\/8551"}],"wp:attachment":[{"href":"https:\/\/www.cafemotorbike.com\/fr\/wp-json\/wp\/v2\/media?parent=4010"}],"curies":[{"name":"wp","href":"https:\/\/api.w.org\/{rel}","templated":true}]}}