{"id":444,"date":"2023-01-26T17:30:00","date_gmt":"2023-01-26T17:30:00","guid":{"rendered":"http:\/\/grupored.inteligencia-web.com\/?page_id=444"},"modified":"2025-07-24T12:11:36","modified_gmt":"2025-07-24T12:11:36","slug":"motorrader","status":"publish","type":"page","link":"https:\/\/www.cafemotorbike.com\/de\/motorcycles\/","title":{"rendered":"Flotte von Mietmotorr\u00e4dern"},"content":{"rendered":"<div data-elementor-type=\"wp-page\" data-elementor-id=\"444\" class=\"elementor elementor-444\" data-elementor-post-type=\"page\">\n\t\t\t\t\t\t<section class=\"elementor-section elementor-top-section elementor-element elementor-element-f010ba0 elementor-section-boxed elementor-section-height-default elementor-section-height-default\" data-id=\"f010ba0\" data-element_type=\"section\" data-e-type=\"section\">\n\t\t\t\t\t\t<div class=\"elementor-container elementor-column-gap-default\">\n\t\t\t\t\t<div class=\"elementor-column elementor-col-100 elementor-top-column elementor-element elementor-element-e93f9b7\" data-id=\"e93f9b7\" data-element_type=\"column\" data-e-type=\"column\">\n\t\t\t<div class=\"elementor-widget-wrap elementor-element-populated\">\n\t\t\t\t\t\t<div class=\"elementor-element elementor-element-8dc6892 elementor-widget elementor-widget-text-editor\" data-id=\"8dc6892\" data-element_type=\"widget\" data-e-type=\"widget\" data-widget_type=\"text-editor.default\">\n\t\t\t\t<div class=\"elementor-widget-container\">\n\t\t\t\t\t\t\t\t\t<p>Entdecken Sie die ultimative Freiheit bei der Erkundung der landschaftlichen Sch\u00f6nheit Teneriffas mit unserer au\u00dfergew\u00f6hnlichen Flotte von Mietmotorr\u00e4dern. Wenn es um alquiler de motos en Tenerife geht, sind wir die vertrauensw\u00fcrdige Wahl und bieten eine Reihe von hochwertigen Motorr\u00e4dern, die sowohl Leistung als auch Sicherheit versprechen.<\/p><p>\u00dcberqueren Sie die K\u00fcstenstra\u00dfen oder erkunden Sie das bergige Terrain; unsere Fahrr\u00e4der werden sorgf\u00e4ltig gewartet, damit Sie jeden Moment Ihrer Fahrt genie\u00dfen k\u00f6nnen. Geben Sie sich nicht mit weniger zufrieden; erleben Sie Teneriffa auf zwei R\u00e4dern und machen Sie Ihren Urlaub zu einem unvergesslichen Erlebnis.<\/p><p><em><strong><a class=\"wpil_keyword_link\" href=\"https:\/\/www.cafemotorbike.com\/de\/\"   title=\"Motorrad mieten auf Teneriffa\" data-wpil-keyword-link=\"linked\">Motorrad mieten auf Teneriffa<\/a>mit einer breiten Palette von Modellen, die auf Ihre Abenteuerbed\u00fcrfnisse zugeschnitten sind.<\/strong><\/em><\/p>\t\t\t\t\t\t\t\t<\/div>\n\t\t\t\t<\/div>\n\t\t\t\t\t<\/div>\n\t\t<\/div>\n\t\t\t\t\t<\/div>\n\t\t<\/section>\n\t\t\t\t<section class=\"elementor-section elementor-top-section elementor-element elementor-element-447f0862 elementor-section-full_width elementor-section-height-default elementor-section-height-default\" data-id=\"447f0862\" data-element_type=\"section\" data-e-type=\"section\">\n\t\t\t\t\t\t<div class=\"elementor-container elementor-column-gap-default\">\n\t\t\t\t\t<div class=\"elementor-column elementor-col-100 elementor-top-column elementor-element elementor-element-2e4987fa\" data-id=\"2e4987fa\" data-element_type=\"column\" data-e-type=\"column\">\n\t\t\t<div class=\"elementor-widget-wrap elementor-element-populated\">\n\t\t\t\t\t\t<div class=\"elementor-element elementor-element-2fd41bf elementor-arrows-position-inside elementor-pagination-position-outside elementor-widget elementor-widget-image-carousel\" data-id=\"2fd41bf\" data-element_type=\"widget\" data-e-type=\"widget\" data-settings=\"{&quot;slides_to_show&quot;:&quot;6&quot;,&quot;slides_to_scroll&quot;:&quot;6&quot;,&quot;slides_to_show_tablet&quot;:&quot;4&quot;,&quot;slides_to_show_mobile&quot;:&quot;3&quot;,&quot;slides_to_scroll_tablet&quot;:&quot;2&quot;,&quot;slides_to_scroll_mobile&quot;:&quot;2&quot;,&quot;navigation&quot;:&quot;both&quot;,&quot;autoplay&quot;:&quot;yes&quot;,&quot;pause_on_hover&quot;:&quot;yes&quot;,&quot;pause_on_interaction&quot;:&quot;yes&quot;,&quot;autoplay_speed&quot;:5000,&quot;infinite&quot;:&quot;yes&quot;,&quot;speed&quot;:500,&quot;image_spacing_custom&quot;:{&quot;unit&quot;:&quot;px&quot;,&quot;size&quot;:20,&quot;sizes&quot;:[]},&quot;image_spacing_custom_tablet&quot;:{&quot;unit&quot;:&quot;px&quot;,&quot;size&quot;:&quot;&quot;,&quot;sizes&quot;:[]},&quot;image_spacing_custom_mobile&quot;:{&quot;unit&quot;:&quot;px&quot;,&quot;size&quot;:&quot;&quot;,&quot;sizes&quot;:[]}}\" data-widget_type=\"image-carousel.default\">\n\t\t\t\t<div class=\"elementor-widget-container\">\n\t\t\t\t\t\t\t<div class=\"elementor-image-carousel-wrapper swiper\" role=\"region\" aria-roledescription=\"carousel\" aria-label=\"Carrusel de im\u00e1genes\" dir=\"ltr\">\n\t\t\t<div class=\"elementor-image-carousel swiper-wrapper\" aria-live=\"off\">\n\t\t\t\t\t\t\t\t<div class=\"swiper-slide\" role=\"group\" aria-roledescription=\"slide\" aria-label=\"1 de 5\"><figure class=\"swiper-slide-inner\"><img decoding=\"async\" class=\"swiper-slide-image\" src=\"https:\/\/www.cafemotorbike.com\/wp-content\/uploads\/honda-africa-twin-1100.jpg\" alt=\"Motorrad Mieten Teneriffa\" \/><\/figure><\/div><div class=\"swiper-slide\" role=\"group\" aria-roledescription=\"slide\" aria-label=\"2 de 5\"><figure class=\"swiper-slide-inner\"><img decoding=\"async\" class=\"swiper-slide-image\" src=\"https:\/\/www.cafemotorbike.com\/wp-content\/uploads\/yamaha-tracer-700-2.jpg\" alt=\"Motorbike hire Tenerife\" \/><\/figure><\/div><div class=\"swiper-slide\" role=\"group\" aria-roledescription=\"slide\" aria-label=\"3 de 5\"><figure class=\"swiper-slide-inner\"><img decoding=\"async\" class=\"swiper-slide-image\" src=\"https:\/\/www.cafemotorbike.com\/wp-content\/uploads\/2023-honda-crf1100L-africa-twin_300x300.jpg\" alt=\"Noleggio moto Tenerife\" \/><\/figure><\/div><div class=\"swiper-slide\" role=\"group\" aria-roledescription=\"slide\" aria-label=\"4 de 5\"><figure class=\"swiper-slide-inner\"><img decoding=\"async\" class=\"swiper-slide-image\" src=\"https:\/\/www.cafemotorbike.com\/wp-content\/uploads\/Motorradverleih_Teneriffa.jpg\" alt=\"Motorradverleih Teneriffa\" \/><\/figure><\/div><div class=\"swiper-slide\" role=\"group\" aria-roledescription=\"slide\" aria-label=\"5 de 5\"><figure class=\"swiper-slide-inner\"><img decoding=\"async\" class=\"swiper-slide-image\" src=\"https:\/\/www.cafemotorbike.com\/wp-content\/uploads\/Panoramica_Teide-1.jpg\" alt=\"Alquiler Moto Tenerife\" \/><\/figure><\/div>\t\t\t<\/div>\n\t\t\t\t\t\t\t\t\t\t\t\t<div class=\"elementor-swiper-button elementor-swiper-button-prev\" role=\"button\" tabindex=\"0\">\n\t\t\t\t\t\t<i aria-hidden=\"true\" class=\"eicon-chevron-left\"><\/i>\t\t\t\t\t<\/div>\n\t\t\t\t\t<div class=\"elementor-swiper-button elementor-swiper-button-next\" role=\"button\" tabindex=\"0\">\n\t\t\t\t\t\t<i aria-hidden=\"true\" class=\"eicon-chevron-right\"><\/i>\t\t\t\t\t<\/div>\n\t\t\t\t\n\t\t\t\t\t\t\t\t\t<div class=\"swiper-pagination\"><\/div>\n\t\t\t\t\t\t\t\t\t<\/div>\n\t\t\t\t\t\t<\/div>\n\t\t\t\t<\/div>\n\t\t\t\t<div class=\"elementor-element elementor-element-20bc6c7 elementor-widget elementor-widget-shortcode\" data-id=\"20bc6c7\" data-element_type=\"widget\" data-e-type=\"widget\" data-widget_type=\"shortcode.default\">\n\t\t\t\t<div class=\"elementor-widget-container\">\n\t\t\t\t\t\t\t<div class=\"elementor-shortcode\"><div id=\"cars-list275381\">    <div class=\"car-rental-items-list grid_mode_grid\">\n        <div class=\"car-rental-items row row-eq-height grid\"><div class=\"col-12  col-md-6 col-lg-4 single-car-list item_id_62\"\n     data-attribute_group_default_label4=\"0\"\n     data-attribute_group_default_label1=\"2\"\n     data-attribute_group_default_label2=\"3\"\n     data-manufacturer=\"3\"\n     data-class=\"2\">\n    <div class=\"box_shadow\">\n        <div class=\"row\">\n            <div class=\"item-image text-center col-12\">\n                <div class=\"row d-flex align-items-center h-100\">\n                    <div class=\"col-12\">\n\t\t\t\t\t\t                            <a class=\"fancybox\" href=\"https:\/\/www.cafemotorbike.com\/wp-content\/uploads\/CarRentalGallery\/alquiler_scooter_tenerife_cafemotorbike-peugeot-tweet-125.jpg\" rel=\"group_http:\/\/62\"\n                               title=\"Peugeot Tweet 125  - via Santa Cruz 1\">\n                                <img decoding=\"async\" src=\"https:\/\/www.cafemotorbike.com\/wp-content\/uploads\/CarRentalGallery\/thumb_alquiler_scooter_tenerife_cafemotorbike-peugeot-tweet-125.jpg\"\n                                     alt=\"Peugeot Tweet 125  - via Santa Cruz 1\"\/>\n                            <\/a>\n\t\t\t\t\t\t                        <div class=\"d-none\">\n\t\t\t\t\t\t\t\t\t\t\t\t\t\t                        <\/div>\n                    <\/div>\n                <\/div>\n            <\/div>\n            <div class=\"item-details-group pb-0 col-12\">\n\t\t\t\t                <a href=\"https:\/\/www.cafemotorbike.com\/de\/m\/peugeot-tweet-125\/\" target=\"_blank\"\n                   title=\"Fahrzeugbeschreibung anzeigen\">\n\t\t\t\t\t                    <h4 class=\"item_list_titles\">Peugeot Tweet 125<\/h4>\n\t\t\t\t\t                <\/a>\n\t\t\t                <div class=\"row item_details details\">\n\t\t\t\t\t                        <div class=\"col-12\">\n                            <i class=\"fas fa-car\"><\/i>\n                            <strong>\n\t\t\t\t\t\t\t\tKlasse:\n                            <\/strong> Motorroller 125                        <\/div>\n\t\t\t\t\t\t\t\t\t\t                        <div class=\"col-12\">\n                            <i class=\"fas fa-cogs\"><\/i>\n                            <strong>\n\t\t\t\t\t\t\t\tGetriebe:\n                            <\/strong> Automatisch                        <\/div>\n\t\t\t\t\t\t\t\t\t\t\t\t\t\t\t                        <div class=\"col-12\">\n                            <i class=\"fas fa-gas-pump\"><\/i>\n                            <strong>\n\t\t\t\t\t\t\t\tFahrerlaubnis:\n                            <\/strong> B + 3 Jahre                        <\/div>\n\t\t\t\t\t\t\t\t\t\t\t\t\t\t\t                        <div class=\"col-12\">\n                            <i class=\"fas fa-user\"><\/i>\n                            <strong>\n\t\t\t\t\t\t\t\tPartner:\n                            <\/strong>\n\t\t\t\t\t\t\t<a href=\"https:\/\/www.cafemotorbike.com\/de\/author\/santa-cruz-1\/\"><span class=\"partner-name\">Santa Cruz 1<\/span><\/a>                        <\/div>\n\t\t\t\t\t                <\/div>\n\t\t\t\t                    <div class=\"row mb-1\">\n                        <div id=\"features-62\" data-item_id=\"62\"\n                             class=\"col-12 item_details features\">\n                            <h5 class=\"item-features-title\">Eigenschaften<\/h5>\n\t\t\t\t\t\t\t<span class=\"single-feature\">1: Motor 125cc<\/span><span class=\"single-feature\">A: 2 Helme<\/span><span class=\"single-feature\">A: Festplattensperre<\/span><span class=\"single-feature\">KOSTENLOSE Stornierung<\/span>                        <\/div>\n                    <\/div>\n\t\t\t\t            <\/div>\n            <div class=\"item-pricing pt-0 col-12\">\n                <div class=\"bottom-fixed\">\n                    <div class=\"car-rental-buttons\">\n\t\t\t\t\t\t                            <a class=\"item_list_button\" href=\"\/de\/\"\n                               title=\"Buchen\">\n                                <button>\n\t\t\t\t\t\t\t\t\tBuchen                                <\/button>\n                            <\/a>\n\t\t\t\t\t\t                    <\/div>\n                <\/div>\n            <\/div>\n        <\/div>\n    <\/div>\n<\/div>\n<div class=\"col-12  col-md-6 col-lg-4 single-car-list item_id_49\"\n     data-attribute_group_default_label4=\"0\"\n     data-attribute_group_default_label1=\"2\"\n     data-attribute_group_default_label2=\"3\"\n     data-manufacturer=\"14\"\n     data-class=\"6\">\n    <div class=\"box_shadow\">\n        <div class=\"row\">\n            <div class=\"item-image text-center col-12\">\n                <div class=\"row d-flex align-items-center h-100\">\n                    <div class=\"col-12\">\n\t\t\t\t\t\t                            <a class=\"fancybox\" href=\"https:\/\/www.cafemotorbike.com\/wp-content\/uploads\/CarRentalGallery\/rent_scooter_Tenerife_honda_pcx_125_cafemotorbike.jpg\" rel=\"group_http:\/\/49\"\n                               title=\"HONDA PCX 125  - via Santa Cruz 1\">\n                                <img decoding=\"async\" src=\"https:\/\/www.cafemotorbike.com\/wp-content\/uploads\/CarRentalGallery\/thumb_rent_scooter_Tenerife_honda_pcx_125_cafemotorbike.jpg\"\n                                     alt=\"HONDA PCX 125  - via Santa Cruz 1\"\/>\n                            <\/a>\n\t\t\t\t\t\t                        <div class=\"d-none\">\n\t\t\t\t\t\t\t                                <a class=\"fancybox\" href=\"https:\/\/www.cafemotorbike.com\/wp-content\/uploads\/CarRentalGallery\/1754497166_rent_scooter_Tenerife_honda_pcx_125_cafemotorbike.jpg\" rel=\"group_http:\/\/49\"\n                                   title=\"HONDA PCX 125  - via Santa Cruz 1\">\n                                    <img decoding=\"async\" src=\"https:\/\/www.cafemotorbike.com\/wp-content\/uploads\/CarRentalGallery\/thumb_1754497166_rent_scooter_Tenerife_honda_pcx_125_cafemotorbike.jpg\"\n                                         alt=\"HONDA PCX 125  - via Santa Cruz 1\"\/>\n                                <\/a>\n\t\t\t\t\t\t\t\t\t\t\t\t\t\t                                <a class=\"fancybox\" href=\"https:\/\/www.cafemotorbike.com\/wp-content\/uploads\/CarRentalGallery\/1754497166_rent_scooter_Tenerife_honda_pcx_125_cafemotorbike.jpg\" rel=\"group_http:\/\/49\"\n                                   title=\"HONDA PCX 125  - via Santa Cruz 1\">\n                                    <img decoding=\"async\" src=\"https:\/\/www.cafemotorbike.com\/wp-content\/uploads\/CarRentalGallery\/thumb_1754497166_rent_scooter_Tenerife_honda_pcx_125_cafemotorbike.jpg\"\n                                         alt=\"HONDA PCX 125  - via Santa Cruz 1\"\/>\n                                <\/a>\n\t\t\t\t\t\t\t                        <\/div>\n                    <\/div>\n                <\/div>\n            <\/div>\n            <div class=\"item-details-group pb-0 col-12\">\n\t\t\t\t                <a href=\"https:\/\/www.cafemotorbike.com\/de\/m\/honda-pcx-125\/\" target=\"_blank\"\n                   title=\"Fahrzeugbeschreibung anzeigen\">\n\t\t\t\t\t                    <h4 class=\"item_list_titles\">HONDA PCX 125<\/h4>\n\t\t\t\t\t                <\/a>\n\t\t\t                <div class=\"row item_details details\">\n\t\t\t\t\t                        <div class=\"col-12\">\n                            <i class=\"fas fa-car\"><\/i>\n                            <strong>\n\t\t\t\t\t\t\t\tKlasse:\n                            <\/strong> Scooter 125 Plus                        <\/div>\n\t\t\t\t\t\t\t\t\t\t                        <div class=\"col-12\">\n                            <i class=\"fas fa-cogs\"><\/i>\n                            <strong>\n\t\t\t\t\t\t\t\tGetriebe:\n                            <\/strong> Automatisch                        <\/div>\n\t\t\t\t\t\t\t\t\t\t\t\t\t\t\t                        <div class=\"col-12\">\n                            <i class=\"fas fa-gas-pump\"><\/i>\n                            <strong>\n\t\t\t\t\t\t\t\tFahrerlaubnis:\n                            <\/strong> B + 3 Jahre                        <\/div>\n\t\t\t\t\t\t\t\t\t\t\t\t\t\t\t                        <div class=\"col-12\">\n                            <i class=\"fas fa-user\"><\/i>\n                            <strong>\n\t\t\t\t\t\t\t\tPartner:\n                            <\/strong>\n\t\t\t\t\t\t\t<a href=\"https:\/\/www.cafemotorbike.com\/de\/author\/santa-cruz-1\/\"><span class=\"partner-name\">Santa Cruz 1<\/span><\/a>                        <\/div>\n\t\t\t\t\t                <\/div>\n\t\t\t\t                    <div class=\"row mb-1\">\n                        <div id=\"features-49\" data-item_id=\"49\"\n                             class=\"col-12 item_details features\">\n                            <h5 class=\"item-features-title\">Eigenschaften<\/h5>\n\t\t\t\t\t\t\t<span class=\"single-feature\">1: Motor 125cc<\/span><span class=\"single-feature\">KOSTENLOSE Stornierung<\/span><span class=\"single-feature\">A: Festplattensperre<\/span><span class=\"single-feature\">A: 2 Helme<\/span><span class=\"single-feature\">2: ABS<\/span>                        <\/div>\n                    <\/div>\n\t\t\t\t            <\/div>\n            <div class=\"item-pricing pt-0 col-12\">\n                <div class=\"bottom-fixed\">\n                    <div class=\"car-rental-buttons\">\n\t\t\t\t\t\t                            <a class=\"item_list_button\" href=\"\/de\/\"\n                               title=\"Buchen\">\n                                <button>\n\t\t\t\t\t\t\t\t\tBuchen                                <\/button>\n                            <\/a>\n\t\t\t\t\t\t                    <\/div>\n                <\/div>\n            <\/div>\n        <\/div>\n    <\/div>\n<\/div>\n<div class=\"col-12  col-md-6 col-lg-4 single-car-list item_id_54\"\n     data-attribute_group_default_label4=\"0\"\n     data-attribute_group_default_label1=\"2\"\n     data-attribute_group_default_label2=\"3\"\n     data-manufacturer=\"14\"\n     data-class=\"1\">\n    <div class=\"box_shadow\">\n        <div class=\"row\">\n            <div class=\"item-image text-center col-12\">\n                <div class=\"row d-flex align-items-center h-100\">\n                    <div class=\"col-12\">\n\t\t\t\t\t\t                            <a class=\"fancybox\" href=\"https:\/\/www.cafemotorbike.com\/wp-content\/uploads\/CarRentalGallery\/Rent_Scooter_Honda_forza_125_tenerife.jpg\" rel=\"group_http:\/\/54\"\n                               title=\"HONDA FORZA 125  - via Santa Cruz 1\">\n                                <img decoding=\"async\" src=\"https:\/\/www.cafemotorbike.com\/wp-content\/uploads\/CarRentalGallery\/thumb_Rent_Scooter_Honda_forza_125_tenerife.jpg\"\n                                     alt=\"HONDA FORZA 125  - via Santa Cruz 1\"\/>\n                            <\/a>\n\t\t\t\t\t\t                        <div class=\"d-none\">\n\t\t\t\t\t\t\t                                <a class=\"fancybox\" href=\"https:\/\/www.cafemotorbike.com\/wp-content\/uploads\/CarRentalGallery\/honda-forza-300i9.jpg\" rel=\"group_http:\/\/54\"\n                                   title=\"HONDA FORZA 125  - via Santa Cruz 1\">\n                                    <img decoding=\"async\" src=\"https:\/\/www.cafemotorbike.com\/wp-content\/uploads\/CarRentalGallery\/thumb_honda-forza-300i9.jpg\"\n                                         alt=\"HONDA FORZA 125  - via Santa Cruz 1\"\/>\n                                <\/a>\n\t\t\t\t\t\t\t\t\t\t\t\t\t\t                                <a class=\"fancybox\" href=\"https:\/\/www.cafemotorbike.com\/wp-content\/uploads\/CarRentalGallery\/1749289351_Rent_Scooter_Honda_forza_125_tenerife.jpg\" rel=\"group_http:\/\/54\"\n                                   title=\"HONDA FORZA 125  - via Santa Cruz 1\">\n                                    <img decoding=\"async\" src=\"https:\/\/www.cafemotorbike.com\/wp-content\/uploads\/CarRentalGallery\/thumb_1749289351_Rent_Scooter_Honda_forza_125_tenerife.jpg\"\n                                         alt=\"HONDA FORZA 125  - via Santa Cruz 1\"\/>\n                                <\/a>\n\t\t\t\t\t\t\t                        <\/div>\n                    <\/div>\n                <\/div>\n            <\/div>\n            <div class=\"item-details-group pb-0 col-12\">\n\t\t\t\t                <a href=\"https:\/\/www.cafemotorbike.com\/de\/m\/honda-forza-125\/\" target=\"_blank\"\n                   title=\"Fahrzeugbeschreibung anzeigen\">\n\t\t\t\t\t                    <h4 class=\"item_list_titles\">HONDA FORZA 125<\/h4>\n\t\t\t\t\t                <\/a>\n\t\t\t                <div class=\"row item_details details\">\n\t\t\t\t\t                        <div class=\"col-12\">\n                            <i class=\"fas fa-car\"><\/i>\n                            <strong>\n\t\t\t\t\t\t\t\tKlasse:\n                            <\/strong> Scooter 125 Maxi                        <\/div>\n\t\t\t\t\t\t\t\t\t\t                        <div class=\"col-12\">\n                            <i class=\"fas fa-cogs\"><\/i>\n                            <strong>\n\t\t\t\t\t\t\t\tGetriebe:\n                            <\/strong> Automatisch                        <\/div>\n\t\t\t\t\t\t\t\t\t\t\t\t\t\t\t                        <div class=\"col-12\">\n                            <i class=\"fas fa-gas-pump\"><\/i>\n                            <strong>\n\t\t\t\t\t\t\t\tFahrerlaubnis:\n                            <\/strong> B + 3 Jahre                        <\/div>\n\t\t\t\t\t\t\t\t\t\t\t\t\t\t\t                        <div class=\"col-12\">\n                            <i class=\"fas fa-user\"><\/i>\n                            <strong>\n\t\t\t\t\t\t\t\tPartner:\n                            <\/strong>\n\t\t\t\t\t\t\t<a href=\"https:\/\/www.cafemotorbike.com\/de\/author\/santa-cruz-1\/\"><span class=\"partner-name\">Santa Cruz 1<\/span><\/a>                        <\/div>\n\t\t\t\t\t                <\/div>\n\t\t\t\t                    <div class=\"row mb-1\">\n                        <div id=\"features-54\" data-item_id=\"54\"\n                             class=\"col-12 item_details features\">\n                            <h5 class=\"item-features-title\">Eigenschaften<\/h5>\n\t\t\t\t\t\t\t<span class=\"single-feature\">1: Motor 125cc<\/span><span class=\"single-feature\">KOSTENLOSE Stornierung<\/span><span class=\"single-feature\">A: Festplattensperre<\/span><span class=\"single-feature\">A: 2 Helme<\/span><span class=\"single-feature\">2: ABS<\/span>                        <\/div>\n                    <\/div>\n\t\t\t\t            <\/div>\n            <div class=\"item-pricing pt-0 col-12\">\n                <div class=\"bottom-fixed\">\n                    <div class=\"car-rental-buttons\">\n\t\t\t\t\t\t                            <a class=\"item_list_button\" href=\"\/de\/\"\n                               title=\"Buchen\">\n                                <button>\n\t\t\t\t\t\t\t\t\tBuchen                                <\/button>\n                            <\/a>\n\t\t\t\t\t\t                    <\/div>\n                <\/div>\n            <\/div>\n        <\/div>\n    <\/div>\n<\/div>\n<div class=\"col-12  col-md-6 col-lg-4 single-car-list item_id_56\"\n     data-attribute_group_default_label4=\"0\"\n     data-attribute_group_default_label1=\"2\"\n     data-attribute_group_default_label2=\"3\"\n     data-manufacturer=\"13\"\n     data-class=\"6\">\n    <div class=\"box_shadow\">\n        <div class=\"row\">\n            <div class=\"item-image text-center col-12\">\n                <div class=\"row d-flex align-items-center h-100\">\n                    <div class=\"col-12\">\n\t\t\t\t\t\t                            <a class=\"fancybox\" href=\"https:\/\/www.cafemotorbike.com\/wp-content\/uploads\/CarRentalGallery\/Alquiler_scooter_tenerife_norte_cafemotorbike.jpg\" rel=\"group_http:\/\/56\"\n                               title=\"YAMAHA NMAX 125  - via Santa Cruz 1\">\n                                <img decoding=\"async\" src=\"https:\/\/www.cafemotorbike.com\/wp-content\/uploads\/CarRentalGallery\/thumb_Alquiler_scooter_tenerife_norte_cafemotorbike.jpg\"\n                                     alt=\"YAMAHA NMAX 125  - via Santa Cruz 1\"\/>\n                            <\/a>\n\t\t\t\t\t\t                        <div class=\"d-none\">\n\t\t\t\t\t\t\t                                <a class=\"fancybox\" href=\"https:\/\/www.cafemotorbike.com\/wp-content\/uploads\/CarRentalGallery\/1755169146_Alquiler_scooter_tenerife_norte_cafemotorbike.jpg\" rel=\"group_http:\/\/56\"\n                                   title=\"YAMAHA NMAX 125  - via Santa Cruz 1\">\n                                    <img decoding=\"async\" src=\"https:\/\/www.cafemotorbike.com\/wp-content\/uploads\/CarRentalGallery\/thumb_1755169146_Alquiler_scooter_tenerife_norte_cafemotorbike.jpg\"\n                                         alt=\"YAMAHA NMAX 125  - via Santa Cruz 1\"\/>\n                                <\/a>\n\t\t\t\t\t\t\t\t\t\t\t\t\t\t                                <a class=\"fancybox\" href=\"https:\/\/www.cafemotorbike.com\/wp-content\/uploads\/CarRentalGallery\/1755169146_Alquiler_scooter_tenerife_norte_cafemotorbike.jpg\" rel=\"group_http:\/\/56\"\n                                   title=\"YAMAHA NMAX 125  - via Santa Cruz 1\">\n                                    <img decoding=\"async\" src=\"https:\/\/www.cafemotorbike.com\/wp-content\/uploads\/CarRentalGallery\/thumb_1755169146_Alquiler_scooter_tenerife_norte_cafemotorbike.jpg\"\n                                         alt=\"YAMAHA NMAX 125  - via Santa Cruz 1\"\/>\n                                <\/a>\n\t\t\t\t\t\t\t                        <\/div>\n                    <\/div>\n                <\/div>\n            <\/div>\n            <div class=\"item-details-group pb-0 col-12\">\n\t\t\t\t                <a href=\"https:\/\/www.cafemotorbike.com\/de\/m\/yamaha-nmax-125-2\/\" target=\"_blank\"\n                   title=\"Fahrzeugbeschreibung anzeigen\">\n\t\t\t\t\t                    <h4 class=\"item_list_titles\">YAMAHA NMAX 125<\/h4>\n\t\t\t\t\t                <\/a>\n\t\t\t                <div class=\"row item_details details\">\n\t\t\t\t\t                        <div class=\"col-12\">\n                            <i class=\"fas fa-car\"><\/i>\n                            <strong>\n\t\t\t\t\t\t\t\tKlasse:\n                            <\/strong> Scooter 125 Plus                        <\/div>\n\t\t\t\t\t\t\t\t\t\t                        <div class=\"col-12\">\n                            <i class=\"fas fa-cogs\"><\/i>\n                            <strong>\n\t\t\t\t\t\t\t\tGetriebe:\n                            <\/strong> Automatisch                        <\/div>\n\t\t\t\t\t\t\t\t\t\t\t\t\t\t\t                        <div class=\"col-12\">\n                            <i class=\"fas fa-gas-pump\"><\/i>\n                            <strong>\n\t\t\t\t\t\t\t\tFahrerlaubnis:\n                            <\/strong> B + 3 Jahre                        <\/div>\n\t\t\t\t\t\t\t\t\t\t\t\t\t\t\t                        <div class=\"col-12\">\n                            <i class=\"fas fa-user\"><\/i>\n                            <strong>\n\t\t\t\t\t\t\t\tPartner:\n                            <\/strong>\n\t\t\t\t\t\t\t<a href=\"https:\/\/www.cafemotorbike.com\/de\/author\/santa-cruz-1\/\"><span class=\"partner-name\">Santa Cruz 1<\/span><\/a>                        <\/div>\n\t\t\t\t\t                <\/div>\n\t\t\t\t                    <div class=\"row mb-1\">\n                        <div id=\"features-56\" data-item_id=\"56\"\n                             class=\"col-12 item_details features\">\n                            <h5 class=\"item-features-title\">Eigenschaften<\/h5>\n\t\t\t\t\t\t\t<span class=\"single-feature\">1: Motor 125cc<\/span><span class=\"single-feature\">KOSTENLOSE Stornierung<\/span><span class=\"single-feature\">A: Festplattensperre<\/span><span class=\"single-feature\">A: 2 Helme<\/span><span class=\"single-feature\">2: ABS<\/span>                        <\/div>\n                    <\/div>\n\t\t\t\t            <\/div>\n            <div class=\"item-pricing pt-0 col-12\">\n                <div class=\"bottom-fixed\">\n                    <div class=\"car-rental-buttons\">\n\t\t\t\t\t\t                            <a class=\"item_list_button\" href=\"\/de\/\"\n                               title=\"Buchen\">\n                                <button>\n\t\t\t\t\t\t\t\t\tBuchen                                <\/button>\n                            <\/a>\n\t\t\t\t\t\t                    <\/div>\n                <\/div>\n            <\/div>\n        <\/div>\n    <\/div>\n<\/div>\n<div class=\"col-12  col-md-6 col-lg-4 single-car-list item_id_53\"\n     data-attribute_group_default_label4=\"0\"\n     data-attribute_group_default_label1=\"1\"\n     data-attribute_group_default_label2=\"3\"\n     data-manufacturer=\"14\"\n     data-class=\"4\">\n    <div class=\"box_shadow\">\n        <div class=\"row\">\n            <div class=\"item-image text-center col-12\">\n                <div class=\"row d-flex align-items-center h-100\">\n                    <div class=\"col-12\">\n\t\t\t\t\t\t                            <a class=\"fancybox\" href=\"https:\/\/www.cafemotorbike.com\/wp-content\/uploads\/CarRentalGallery\/1748347941_rent_scooter_tenerife_honda_forza_300_license_A2_cafemotorbike_1.jpg\" rel=\"group_http:\/\/53\"\n                               title=\"HONDA FORZA 300  - via Santa Cruz 1\">\n                                <img decoding=\"async\" src=\"https:\/\/www.cafemotorbike.com\/wp-content\/uploads\/CarRentalGallery\/thumb_1748347941_rent_scooter_tenerife_honda_forza_300_license_A2_cafemotorbike_1.jpg\"\n                                     alt=\"HONDA FORZA 300  - via Santa Cruz 1\"\/>\n                            <\/a>\n\t\t\t\t\t\t                        <div class=\"d-none\">\n\t\t\t\t\t\t\t                                <a class=\"fancybox\" href=\"https:\/\/www.cafemotorbike.com\/wp-content\/uploads\/CarRentalGallery\/1748347942_alquiler-scooter-Tenerife.webp\" rel=\"group_http:\/\/53\"\n                                   title=\"HONDA FORZA 300  - via Santa Cruz 1\">\n                                    <img decoding=\"async\" src=\"https:\/\/www.cafemotorbike.com\/wp-content\/uploads\/CarRentalGallery\/thumb_1748347942_alquiler-scooter-Tenerife.webp\"\n                                         alt=\"HONDA FORZA 300  - via Santa Cruz 1\"\/>\n                                <\/a>\n\t\t\t\t\t\t\t\t\t\t\t\t\t\t                                <a class=\"fancybox\" href=\"https:\/\/www.cafemotorbike.com\/wp-content\/uploads\/CarRentalGallery\/1748347942_SCOOTER_RENTAL_TENERIFE.webp\" rel=\"group_http:\/\/53\"\n                                   title=\"HONDA FORZA 300  - via Santa Cruz 1\">\n                                    <img decoding=\"async\" src=\"https:\/\/www.cafemotorbike.com\/wp-content\/uploads\/CarRentalGallery\/thumb_1748347942_SCOOTER_RENTAL_TENERIFE.webp\"\n                                         alt=\"HONDA FORZA 300  - via Santa Cruz 1\"\/>\n                                <\/a>\n\t\t\t\t\t\t\t                        <\/div>\n                    <\/div>\n                <\/div>\n            <\/div>\n            <div class=\"item-details-group pb-0 col-12\">\n\t\t\t\t                <a href=\"https:\/\/www.cafemotorbike.com\/de\/m\/honda-forza-300\/\" target=\"_blank\"\n                   title=\"Fahrzeugbeschreibung anzeigen\">\n\t\t\t\t\t                    <h4 class=\"item_list_titles\">HONDA FORZA 300<\/h4>\n\t\t\t\t\t                <\/a>\n\t\t\t                <div class=\"row item_details details\">\n\t\t\t\t\t                        <div class=\"col-12\">\n                            <i class=\"fas fa-car\"><\/i>\n                            <strong>\n\t\t\t\t\t\t\t\tKlasse:\n                            <\/strong> Scooter 300 Maxi                        <\/div>\n\t\t\t\t\t\t\t\t\t\t                        <div class=\"col-12\">\n                            <i class=\"fas fa-cogs\"><\/i>\n                            <strong>\n\t\t\t\t\t\t\t\tGetriebe:\n                            <\/strong> Automatisch                        <\/div>\n\t\t\t\t\t\t\t\t\t\t\t\t\t\t\t                        <div class=\"col-12\">\n                            <i class=\"fas fa-gas-pump\"><\/i>\n                            <strong>\n\t\t\t\t\t\t\t\tFahrerlaubnis:\n                            <\/strong> A2                        <\/div>\n\t\t\t\t\t\t\t\t\t\t\t\t\t\t\t                        <div class=\"col-12\">\n                            <i class=\"fas fa-user\"><\/i>\n                            <strong>\n\t\t\t\t\t\t\t\tPartner:\n                            <\/strong>\n\t\t\t\t\t\t\t<a href=\"https:\/\/www.cafemotorbike.com\/de\/author\/santa-cruz-1\/\"><span class=\"partner-name\">Santa Cruz 1<\/span><\/a>                        <\/div>\n\t\t\t\t\t                <\/div>\n\t\t\t\t                    <div class=\"row mb-1\">\n                        <div id=\"features-53\" data-item_id=\"53\"\n                             class=\"col-12 item_details features\">\n                            <h5 class=\"item-features-title\">Eigenschaften<\/h5>\n\t\t\t\t\t\t\t<span class=\"single-feature\">4: ABS<\/span><span class=\"single-feature\">KOSTENLOSE Stornierung<\/span><span class=\"single-feature\">1: Motor 300 ccm<\/span><span class=\"single-feature\">A: Festplattensperre<\/span><span class=\"single-feature\">A: 2 Helme<\/span><span class=\"single-feature\">2: Maximale Leistung 25 PS<\/span><span class=\"single-feature\">3: Sattelh\u00f6he 780 mm<\/span>                        <\/div>\n                    <\/div>\n\t\t\t\t            <\/div>\n            <div class=\"item-pricing pt-0 col-12\">\n                <div class=\"bottom-fixed\">\n                    <div class=\"car-rental-buttons\">\n\t\t\t\t\t\t                            <a class=\"item_list_button\" href=\"\/de\/\"\n                               title=\"Buchen\">\n                                <button>\n\t\t\t\t\t\t\t\t\tBuchen                                <\/button>\n                            <\/a>\n\t\t\t\t\t\t                    <\/div>\n                <\/div>\n            <\/div>\n        <\/div>\n    <\/div>\n<\/div>\n<div class=\"col-12  col-md-6 col-lg-4 single-car-list item_id_52\"\n     data-attribute_group_default_label4=\"0\"\n     data-attribute_group_default_label1=\"2\"\n     data-attribute_group_default_label2=\"2\"\n     data-manufacturer=\"20\"\n     data-class=\"13\">\n    <div class=\"box_shadow\">\n        <div class=\"row\">\n            <div class=\"item-image text-center col-12\">\n                <div class=\"row d-flex align-items-center h-100\">\n                    <div class=\"col-12\">\n\t\t\t\t\t\t                            <a class=\"fancybox\" href=\"https:\/\/www.cafemotorbike.com\/wp-content\/uploads\/CarRentalGallery\/alquiler_moto_125_KTM_Tenerife.jpg\" rel=\"group_http:\/\/52\"\n                               title=\"KTM DUKE 125  - via Santa Cruz 1\">\n                                <img decoding=\"async\" src=\"https:\/\/www.cafemotorbike.com\/wp-content\/uploads\/CarRentalGallery\/thumb_alquiler_moto_125_KTM_Tenerife.jpg\"\n                                     alt=\"KTM DUKE 125  - via Santa Cruz 1\"\/>\n                            <\/a>\n\t\t\t\t\t\t                        <div class=\"d-none\">\n\t\t\t\t\t\t\t                                <a class=\"fancybox\" href=\"https:\/\/www.cafemotorbike.com\/wp-content\/uploads\/CarRentalGallery\/1748345124_alquiler_moto_125_KTM_Tenerife.jpg\" rel=\"group_http:\/\/52\"\n                                   title=\"KTM DUKE 125  - via Santa Cruz 1\">\n                                    <img decoding=\"async\" src=\"https:\/\/www.cafemotorbike.com\/wp-content\/uploads\/CarRentalGallery\/thumb_1748345124_alquiler_moto_125_KTM_Tenerife.jpg\"\n                                         alt=\"KTM DUKE 125  - via Santa Cruz 1\"\/>\n                                <\/a>\n\t\t\t\t\t\t\t\t\t\t\t\t\t\t                                <a class=\"fancybox\" href=\"https:\/\/www.cafemotorbike.com\/wp-content\/uploads\/CarRentalGallery\/1748345124_alquiler_moto_125_KTM_Tenerife.jpg\" rel=\"group_http:\/\/52\"\n                                   title=\"KTM DUKE 125  - via Santa Cruz 1\">\n                                    <img decoding=\"async\" src=\"https:\/\/www.cafemotorbike.com\/wp-content\/uploads\/CarRentalGallery\/thumb_1748345124_alquiler_moto_125_KTM_Tenerife.jpg\"\n                                         alt=\"KTM DUKE 125  - via Santa Cruz 1\"\/>\n                                <\/a>\n\t\t\t\t\t\t\t                        <\/div>\n                    <\/div>\n                <\/div>\n            <\/div>\n            <div class=\"item-details-group pb-0 col-12\">\n\t\t\t\t                <a href=\"https:\/\/www.cafemotorbike.com\/de\/m\/ktm-duke-125\/\" target=\"_blank\"\n                   title=\"Fahrzeugbeschreibung anzeigen\">\n\t\t\t\t\t                    <h4 class=\"item_list_titles\">KTM DUKE 125<\/h4>\n\t\t\t\t\t                <\/a>\n\t\t\t                <div class=\"row item_details details\">\n\t\t\t\t\t                        <div class=\"col-12\">\n                            <i class=\"fas fa-car\"><\/i>\n                            <strong>\n\t\t\t\t\t\t\t\tKlasse:\n                            <\/strong> Motorrad 125                        <\/div>\n\t\t\t\t\t\t\t\t\t\t                        <div class=\"col-12\">\n                            <i class=\"fas fa-cogs\"><\/i>\n                            <strong>\n\t\t\t\t\t\t\t\tGetriebe:\n                            <\/strong> Handbuch                        <\/div>\n\t\t\t\t\t\t\t\t\t\t\t\t\t\t\t                        <div class=\"col-12\">\n                            <i class=\"fas fa-gas-pump\"><\/i>\n                            <strong>\n\t\t\t\t\t\t\t\tFahrerlaubnis:\n                            <\/strong> B + 3 Jahre                        <\/div>\n\t\t\t\t\t\t\t\t\t\t\t\t\t\t\t                        <div class=\"col-12\">\n                            <i class=\"fas fa-user\"><\/i>\n                            <strong>\n\t\t\t\t\t\t\t\tPartner:\n                            <\/strong>\n\t\t\t\t\t\t\t<a href=\"https:\/\/www.cafemotorbike.com\/de\/author\/santa-cruz-1\/\"><span class=\"partner-name\">Santa Cruz 1<\/span><\/a>                        <\/div>\n\t\t\t\t\t                <\/div>\n\t\t\t\t                    <div class=\"row mb-1\">\n                        <div id=\"features-52\" data-item_id=\"52\"\n                             class=\"col-12 item_details features\">\n                            <h5 class=\"item-features-title\">Eigenschaften<\/h5>\n\t\t\t\t\t\t\t<span class=\"single-feature\">1: Motor 125cc<\/span><span class=\"single-feature\">KOSTENLOSE Stornierung<\/span><span class=\"single-feature\">5: TFT<\/span><span class=\"single-feature\">A: 2 Helme<\/span><span class=\"single-feature\">2: ABS<\/span>                        <\/div>\n                    <\/div>\n\t\t\t\t            <\/div>\n            <div class=\"item-pricing pt-0 col-12\">\n                <div class=\"bottom-fixed\">\n                    <div class=\"car-rental-buttons\">\n\t\t\t\t\t\t                            <a class=\"item_list_button\" href=\"\/de\/\"\n                               title=\"Buchen\">\n                                <button>\n\t\t\t\t\t\t\t\t\tBuchen                                <\/button>\n                            <\/a>\n\t\t\t\t\t\t                    <\/div>\n                <\/div>\n            <\/div>\n        <\/div>\n    <\/div>\n<\/div>\n<div class=\"col-12  col-md-6 col-lg-4 single-car-list item_id_63\"\n     data-attribute_group_default_label4=\"0\"\n     data-attribute_group_default_label1=\"1\"\n     data-attribute_group_default_label2=\"4\"\n     data-manufacturer=\"14\"\n     data-class=\"3\">\n    <div class=\"box_shadow\">\n        <div class=\"row\">\n            <div class=\"item-image text-center col-12\">\n                <div class=\"row d-flex align-items-center h-100\">\n                    <div class=\"col-12\">\n\t\t\t\t\t\t                            <a class=\"fancybox\" href=\"https:\/\/www.cafemotorbike.com\/wp-content\/uploads\/CarRentalGallery\/honda-adv-350_rent_scooter_tenerife_4.jpg\" rel=\"group_http:\/\/63\"\n                               title=\"HONDA ADV 350  - via Costa Adeje 1\">\n                                <img decoding=\"async\" src=\"https:\/\/www.cafemotorbike.com\/wp-content\/uploads\/CarRentalGallery\/thumb_honda-adv-350_rent_scooter_tenerife_4.jpg\"\n                                     alt=\"HONDA ADV 350  - via Costa Adeje 1\"\/>\n                            <\/a>\n\t\t\t\t\t\t                        <div class=\"d-none\">\n\t\t\t\t\t\t\t                                <a class=\"fancybox\" href=\"https:\/\/www.cafemotorbike.com\/wp-content\/uploads\/CarRentalGallery\/Honda_Adv_350_alquiler_scooter_Tenerife.jpg\" rel=\"group_http:\/\/63\"\n                                   title=\"HONDA ADV 350  - via Costa Adeje 1\">\n                                    <img decoding=\"async\" src=\"https:\/\/www.cafemotorbike.com\/wp-content\/uploads\/CarRentalGallery\/thumb_Honda_Adv_350_alquiler_scooter_Tenerife.jpg\"\n                                         alt=\"HONDA ADV 350  - via Costa Adeje 1\"\/>\n                                <\/a>\n\t\t\t\t\t\t\t\t\t\t\t\t\t\t                                <a class=\"fancybox\" href=\"https:\/\/www.cafemotorbike.com\/wp-content\/uploads\/CarRentalGallery\/honda_adv_350_noleggio_scooter_Tenerife_1.jpg\" rel=\"group_http:\/\/63\"\n                                   title=\"HONDA ADV 350  - via Costa Adeje 1\">\n                                    <img decoding=\"async\" src=\"https:\/\/www.cafemotorbike.com\/wp-content\/uploads\/CarRentalGallery\/thumb_honda_adv_350_noleggio_scooter_Tenerife_1.jpg\"\n                                         alt=\"HONDA ADV 350  - via Costa Adeje 1\"\/>\n                                <\/a>\n\t\t\t\t\t\t\t                        <\/div>\n                    <\/div>\n                <\/div>\n            <\/div>\n            <div class=\"item-details-group pb-0 col-12\">\n\t\t\t\t                <a href=\"https:\/\/www.cafemotorbike.com\/de\/m\/honda-adv-350\/\" target=\"_blank\"\n                   title=\"Fahrzeugbeschreibung anzeigen\">\n\t\t\t\t\t                    <h4 class=\"item_list_titles\">HONDA ADV 350<\/h4>\n\t\t\t\t\t                <\/a>\n\t\t\t                <div class=\"row item_details details\">\n\t\t\t\t\t                        <div class=\"col-12\">\n                            <i class=\"fas fa-car\"><\/i>\n                            <strong>\n\t\t\t\t\t\t\t\tKlasse:\n                            <\/strong> ROLLER 350 MAXI                        <\/div>\n\t\t\t\t\t\t\t\t\t\t                        <div class=\"col-12\">\n                            <i class=\"fas fa-cogs\"><\/i>\n                            <strong>\n\t\t\t\t\t\t\t\tGetriebe:\n                            <\/strong> Automatik + Manuell                        <\/div>\n\t\t\t\t\t\t\t\t\t\t\t\t\t\t\t                        <div class=\"col-12\">\n                            <i class=\"fas fa-gas-pump\"><\/i>\n                            <strong>\n\t\t\t\t\t\t\t\tFahrerlaubnis:\n                            <\/strong> A2                        <\/div>\n\t\t\t\t\t\t\t\t\t\t\t\t\t\t\t                        <div class=\"col-12\">\n                            <i class=\"fas fa-user\"><\/i>\n                            <strong>\n\t\t\t\t\t\t\t\tPartner:\n                            <\/strong>\n\t\t\t\t\t\t\t<a href=\"https:\/\/www.cafemotorbike.com\/de\/author\/costa-adeje-1\/\"><span class=\"partner-name\">Costa Adeje 1<\/span><\/a>                        <\/div>\n\t\t\t\t\t                <\/div>\n\t\t\t\t                    <div class=\"row mb-1\">\n                        <div id=\"features-63\" data-item_id=\"63\"\n                             class=\"col-12 item_details features\">\n                            <h5 class=\"item-features-title\">Eigenschaften<\/h5>\n\t\t\t\t\t\t\t<span class=\"single-feature\">1: Motor 350 ccm<\/span><span class=\"single-feature\">2: Maximale Leistung 29,2 PS<\/span><span class=\"single-feature\">3: Sattelh\u00f6he 795 mm<\/span><span class=\"single-feature\">4: ABS<\/span><span class=\"single-feature\">5: TFT<\/span><span class=\"single-feature\">A: 2 Helme<\/span><span class=\"single-feature\">A: Festplattensperre<\/span><span class=\"single-feature\">KOSTENLOSE Stornierung<\/span>                        <\/div>\n                    <\/div>\n\t\t\t\t            <\/div>\n            <div class=\"item-pricing pt-0 col-12\">\n                <div class=\"bottom-fixed\">\n                    <div class=\"car-rental-buttons\">\n\t\t\t\t\t\t                            <a class=\"item_list_button\" href=\"\/de\/\"\n                               title=\"Buchen\">\n                                <button>\n\t\t\t\t\t\t\t\t\tBuchen                                <\/button>\n                            <\/a>\n\t\t\t\t\t\t                    <\/div>\n                <\/div>\n            <\/div>\n        <\/div>\n    <\/div>\n<\/div>\n<div class=\"col-12  col-md-6 col-lg-4 single-car-list item_id_57\"\n     data-attribute_group_default_label4=\"0\"\n     data-attribute_group_default_label1=\"1\"\n     data-attribute_group_default_label2=\"3\"\n     data-manufacturer=\"13\"\n     data-class=\"3\">\n    <div class=\"box_shadow\">\n        <div class=\"row\">\n            <div class=\"item-image text-center col-12\">\n                <div class=\"row d-flex align-items-center h-100\">\n                    <div class=\"col-12\">\n\t\t\t\t\t\t                            <a class=\"fancybox\" href=\"https:\/\/www.cafemotorbike.com\/wp-content\/uploads\/CarRentalGallery\/rent_scooter_tenerife-yamaha_nmax300_tech_cafemotorbike_586x489_1.jpeg\" rel=\"group_http:\/\/57\"\n                               title=\"YAMAHA XMAX 300 Tech  - via Costa Adeje 1\">\n                                <img decoding=\"async\" src=\"https:\/\/www.cafemotorbike.com\/wp-content\/uploads\/CarRentalGallery\/thumb_rent_scooter_tenerife-yamaha_nmax300_tech_cafemotorbike_586x489_1.jpeg\"\n                                     alt=\"YAMAHA XMAX 300 Tech  - via Costa Adeje 1\"\/>\n                            <\/a>\n\t\t\t\t\t\t                        <div class=\"d-none\">\n\t\t\t\t\t\t\t                                <a class=\"fancybox\" href=\"https:\/\/www.cafemotorbike.com\/wp-content\/uploads\/CarRentalGallery\/1756478503_rent_scooter_tenerife-yamaha_nmax300_tech_cafemotorbike_586x489_1.jpeg\" rel=\"group_http:\/\/57\"\n                                   title=\"YAMAHA XMAX 300 Tech  - via Costa Adeje 1\">\n                                    <img decoding=\"async\" src=\"https:\/\/www.cafemotorbike.com\/wp-content\/uploads\/CarRentalGallery\/thumb_1756478503_rent_scooter_tenerife-yamaha_nmax300_tech_cafemotorbike_586x489_1.jpeg\"\n                                         alt=\"YAMAHA XMAX 300 Tech  - via Costa Adeje 1\"\/>\n                                <\/a>\n\t\t\t\t\t\t\t\t\t\t\t\t\t\t                                <a class=\"fancybox\" href=\"https:\/\/www.cafemotorbike.com\/wp-content\/uploads\/CarRentalGallery\/1756478503_rent_scooter_tenerife-yamaha_nmax300_tech_cafemotorbike_586x489_1.jpeg\" rel=\"group_http:\/\/57\"\n                                   title=\"YAMAHA XMAX 300 Tech  - via Costa Adeje 1\">\n                                    <img decoding=\"async\" src=\"https:\/\/www.cafemotorbike.com\/wp-content\/uploads\/CarRentalGallery\/thumb_1756478503_rent_scooter_tenerife-yamaha_nmax300_tech_cafemotorbike_586x489_1.jpeg\"\n                                         alt=\"YAMAHA XMAX 300 Tech  - via Costa Adeje 1\"\/>\n                                <\/a>\n\t\t\t\t\t\t\t                        <\/div>\n                    <\/div>\n                <\/div>\n            <\/div>\n            <div class=\"item-details-group pb-0 col-12\">\n\t\t\t\t                <a href=\"https:\/\/www.cafemotorbike.com\/de\/m\/yamaha-xmax-300\/\" target=\"_blank\"\n                   title=\"Fahrzeugbeschreibung anzeigen\">\n\t\t\t\t\t                    <h4 class=\"item_list_titles\">YAMAHA XMAX 300 Tech<\/h4>\n\t\t\t\t\t                <\/a>\n\t\t\t                <div class=\"row item_details details\">\n\t\t\t\t\t                        <div class=\"col-12\">\n                            <i class=\"fas fa-car\"><\/i>\n                            <strong>\n\t\t\t\t\t\t\t\tKlasse:\n                            <\/strong> ROLLER 350 MAXI                        <\/div>\n\t\t\t\t\t\t\t\t\t\t                        <div class=\"col-12\">\n                            <i class=\"fas fa-cogs\"><\/i>\n                            <strong>\n\t\t\t\t\t\t\t\tGetriebe:\n                            <\/strong> Automatisch                        <\/div>\n\t\t\t\t\t\t\t\t\t\t\t\t\t\t\t                        <div class=\"col-12\">\n                            <i class=\"fas fa-gas-pump\"><\/i>\n                            <strong>\n\t\t\t\t\t\t\t\tFahrerlaubnis:\n                            <\/strong> A2                        <\/div>\n\t\t\t\t\t\t\t\t\t\t\t\t\t\t\t                        <div class=\"col-12\">\n                            <i class=\"fas fa-user\"><\/i>\n                            <strong>\n\t\t\t\t\t\t\t\tPartner:\n                            <\/strong>\n\t\t\t\t\t\t\t<a href=\"https:\/\/www.cafemotorbike.com\/de\/author\/costa-adeje-1\/\"><span class=\"partner-name\">Costa Adeje 1<\/span><\/a>                        <\/div>\n\t\t\t\t\t                <\/div>\n\t\t\t\t                    <div class=\"row mb-1\">\n                        <div id=\"features-57\" data-item_id=\"57\"\n                             class=\"col-12 item_details features\">\n                            <h5 class=\"item-features-title\">Eigenschaften<\/h5>\n\t\t\t\t\t\t\t<span class=\"single-feature\">4: ABS<\/span><span class=\"single-feature\">KOSTENLOSE Stornierung<\/span><span class=\"single-feature\">1: Motor 300 ccm<\/span><span class=\"single-feature\">5: TFT<\/span><span class=\"single-feature\">A: Festplattensperre<\/span><span class=\"single-feature\">A: 2 Helme<\/span><span class=\"single-feature\">2: Maximale Leistung 29,2 PS<\/span><span class=\"single-feature\">3: Sattelh\u00f6he 795 mm<\/span><span class=\"single-feature\">2: ABS<\/span>                        <\/div>\n                    <\/div>\n\t\t\t\t            <\/div>\n            <div class=\"item-pricing pt-0 col-12\">\n                <div class=\"bottom-fixed\">\n                    <div class=\"car-rental-buttons\">\n\t\t\t\t\t\t                            <a class=\"item_list_button\" href=\"\/de\/\"\n                               title=\"Buchen\">\n                                <button>\n\t\t\t\t\t\t\t\t\tBuchen                                <\/button>\n                            <\/a>\n\t\t\t\t\t\t                    <\/div>\n                <\/div>\n            <\/div>\n        <\/div>\n    <\/div>\n<\/div>\n<div class=\"col-12  col-md-6 col-lg-4 single-car-list item_id_45\"\n     data-attribute_group_default_label4=\"0\"\n     data-attribute_group_default_label1=\"1\"\n     data-attribute_group_default_label2=\"4\"\n     data-manufacturer=\"14\"\n     data-class=\"11\">\n    <div class=\"box_shadow\">\n        <div class=\"row\">\n            <div class=\"item-image text-center col-12\">\n                <div class=\"row d-flex align-items-center h-100\">\n                    <div class=\"col-12\">\n\t\t\t\t\t\t                            <a class=\"fancybox\" href=\"https:\/\/www.cafemotorbike.com\/wp-content\/uploads\/CarRentalGallery\/1749719884_Honda-Forza-750-rent-scooter-tenerife-440x587_1.jpg\" rel=\"group_http:\/\/45\"\n                               title=\"HONDA FORZA 750  - via Costa Adeje 1\">\n                                <img decoding=\"async\" src=\"https:\/\/www.cafemotorbike.com\/wp-content\/uploads\/CarRentalGallery\/thumb_1749719884_Honda-Forza-750-rent-scooter-tenerife-440x587_1.jpg\"\n                                     alt=\"HONDA FORZA 750  - via Costa Adeje 1\"\/>\n                            <\/a>\n\t\t\t\t\t\t                        <div class=\"d-none\">\n\t\t\t\t\t\t\t                                <a class=\"fancybox\" href=\"https:\/\/www.cafemotorbike.com\/wp-content\/uploads\/CarRentalGallery\/1744208022_Honda-Forza-750-rent-scooter-tenerife-440x587_cafemotorbike.jpg\" rel=\"group_http:\/\/45\"\n                                   title=\"HONDA FORZA 750  - via Costa Adeje 1\">\n                                    <img decoding=\"async\" src=\"https:\/\/www.cafemotorbike.com\/wp-content\/uploads\/CarRentalGallery\/thumb_1744208022_Honda-Forza-750-rent-scooter-tenerife-440x587_cafemotorbike.jpg\"\n                                         alt=\"HONDA FORZA 750  - via Costa Adeje 1\"\/>\n                                <\/a>\n\t\t\t\t\t\t\t\t\t\t\t\t\t\t                                <a class=\"fancybox\" href=\"https:\/\/www.cafemotorbike.com\/wp-content\/uploads\/CarRentalGallery\/1744208022_alquiler-scooter-aeropuerto-Tenerife-honda-forza-750.jpg\" rel=\"group_http:\/\/45\"\n                                   title=\"HONDA FORZA 750  - via Costa Adeje 1\">\n                                    <img decoding=\"async\" src=\"https:\/\/www.cafemotorbike.com\/wp-content\/uploads\/CarRentalGallery\/thumb_1744208022_alquiler-scooter-aeropuerto-Tenerife-honda-forza-750.jpg\"\n                                         alt=\"HONDA FORZA 750  - via Costa Adeje 1\"\/>\n                                <\/a>\n\t\t\t\t\t\t\t                        <\/div>\n                    <\/div>\n                <\/div>\n            <\/div>\n            <div class=\"item-details-group pb-0 col-12\">\n\t\t\t\t                <a href=\"https:\/\/www.cafemotorbike.com\/de\/m\/rent-a-honda-forza-750\/\" target=\"_blank\"\n                   title=\"Fahrzeugbeschreibung anzeigen\">\n\t\t\t\t\t                    <h4 class=\"item_list_titles\">HONDA FORZA 750<\/h4>\n\t\t\t\t\t                <\/a>\n\t\t\t                <div class=\"row item_details details\">\n\t\t\t\t\t                        <div class=\"col-12\">\n                            <i class=\"fas fa-car\"><\/i>\n                            <strong>\n\t\t\t\t\t\t\t\tKlasse:\n                            <\/strong> ROLLER 750 MAXI                        <\/div>\n\t\t\t\t\t\t\t\t\t\t                        <div class=\"col-12\">\n                            <i class=\"fas fa-cogs\"><\/i>\n                            <strong>\n\t\t\t\t\t\t\t\tGetriebe:\n                            <\/strong> Automatik + Manuell                        <\/div>\n\t\t\t\t\t\t\t\t\t\t\t\t\t\t\t                        <div class=\"col-12\">\n                            <i class=\"fas fa-gas-pump\"><\/i>\n                            <strong>\n\t\t\t\t\t\t\t\tFahrerlaubnis:\n                            <\/strong> A2                        <\/div>\n\t\t\t\t\t\t\t\t\t\t\t\t\t\t\t                        <div class=\"col-12\">\n                            <i class=\"fas fa-user\"><\/i>\n                            <strong>\n\t\t\t\t\t\t\t\tPartner:\n                            <\/strong>\n\t\t\t\t\t\t\t<a href=\"https:\/\/www.cafemotorbike.com\/de\/author\/costa-adeje-1\/\"><span class=\"partner-name\">Costa Adeje 1<\/span><\/a>                        <\/div>\n\t\t\t\t\t                <\/div>\n\t\t\t\t                    <div class=\"row mb-1\">\n                        <div id=\"features-45\" data-item_id=\"45\"\n                             class=\"col-12 item_details features\">\n                            <h5 class=\"item-features-title\">Eigenschaften<\/h5>\n\t\t\t\t\t\t\t<span class=\"single-feature\">4: ABS<\/span><span class=\"single-feature\">KOSTENLOSE Stornierung<\/span><span class=\"single-feature\">5: TFT<\/span><span class=\"single-feature\">1: Motor 750 ccm<\/span><span class=\"single-feature\">A: Festplattensperre<\/span><span class=\"single-feature\">A: 2 Helme<\/span><span class=\"single-feature\">3: Sattelh\u00f6he 780 mm<\/span><span class=\"single-feature\">2: Maximale Leistung 58 PS<\/span>                        <\/div>\n                    <\/div>\n\t\t\t\t            <\/div>\n            <div class=\"item-pricing pt-0 col-12\">\n                <div class=\"bottom-fixed\">\n                    <div class=\"car-rental-buttons\">\n\t\t\t\t\t\t                            <a class=\"item_list_button\" href=\"\/de\/\"\n                               title=\"Buchen\">\n                                <button>\n\t\t\t\t\t\t\t\t\tBuchen                                <\/button>\n                            <\/a>\n\t\t\t\t\t\t                    <\/div>\n                <\/div>\n            <\/div>\n        <\/div>\n    <\/div>\n<\/div>\n<div class=\"col-12  col-md-6 col-lg-4 single-car-list item_id_35\"\n     data-attribute_group_default_label4=\"0\"\n     data-attribute_group_default_label1=\"1\"\n     data-attribute_group_default_label2=\"2\"\n     data-manufacturer=\"18\"\n     data-class=\"8\">\n    <div class=\"box_shadow\">\n        <div class=\"row\">\n            <div class=\"item-image text-center col-12\">\n                <div class=\"row d-flex align-items-center h-100\">\n                    <div class=\"col-12\">\n\t\t\t\t\t\t                            <a class=\"fancybox\" href=\"https:\/\/www.cafemotorbike.com\/wp-content\/uploads\/CarRentalGallery\/alquiler_moto_tenerife_Kawasaki-Versys-650_carnet_A2_cafemotorbike_GEO.jpg\" rel=\"group_http:\/\/35\"\n                               title=\"Kawasaki Versys 650  - via Costa Adeje 1\">\n                                <img decoding=\"async\" src=\"https:\/\/www.cafemotorbike.com\/wp-content\/uploads\/CarRentalGallery\/thumb_alquiler_moto_tenerife_Kawasaki-Versys-650_carnet_A2_cafemotorbike_GEO.jpg\"\n                                     alt=\"Kawasaki Versys 650  - via Costa Adeje 1\"\/>\n                            <\/a>\n\t\t\t\t\t\t                        <div class=\"d-none\">\n\t\t\t\t\t\t\t\t\t\t\t\t\t\t                        <\/div>\n                    <\/div>\n                <\/div>\n            <\/div>\n            <div class=\"item-details-group pb-0 col-12\">\n\t\t\t\t                <a href=\"https:\/\/www.cafemotorbike.com\/de\/m\/rent-kawasaki-versys-650\/\" target=\"_blank\"\n                   title=\"Fahrzeugbeschreibung anzeigen\">\n\t\t\t\t\t                    <h4 class=\"item_list_titles\">Kawasaki Versys 650<\/h4>\n\t\t\t\t\t                <\/a>\n\t\t\t                <div class=\"row item_details details\">\n\t\t\t\t\t                        <div class=\"col-12\">\n                            <i class=\"fas fa-car\"><\/i>\n                            <strong>\n\t\t\t\t\t\t\t\tKlasse:\n                            <\/strong> MOTORRAD 650                        <\/div>\n\t\t\t\t\t\t\t\t\t\t                        <div class=\"col-12\">\n                            <i class=\"fas fa-cogs\"><\/i>\n                            <strong>\n\t\t\t\t\t\t\t\tGetriebe:\n                            <\/strong> Handbuch                        <\/div>\n\t\t\t\t\t\t\t\t\t\t\t\t\t\t\t                        <div class=\"col-12\">\n                            <i class=\"fas fa-gas-pump\"><\/i>\n                            <strong>\n\t\t\t\t\t\t\t\tFahrerlaubnis:\n                            <\/strong> A2                        <\/div>\n\t\t\t\t\t\t\t\t\t\t\t\t\t\t\t                        <div class=\"col-12\">\n                            <i class=\"fas fa-user\"><\/i>\n                            <strong>\n\t\t\t\t\t\t\t\tPartner:\n                            <\/strong>\n\t\t\t\t\t\t\t<a href=\"https:\/\/www.cafemotorbike.com\/de\/author\/costa-adeje-1\/\"><span class=\"partner-name\">Costa Adeje 1<\/span><\/a>                        <\/div>\n\t\t\t\t\t                <\/div>\n\t\t\t\t                    <div class=\"row mb-1\">\n                        <div id=\"features-35\" data-item_id=\"35\"\n                             class=\"col-12 item_details features\">\n                            <h5 class=\"item-features-title\">Eigenschaften<\/h5>\n\t\t\t\t\t\t\t<span class=\"single-feature\">4: ABS<\/span><span class=\"single-feature\">KOSTENLOSE Stornierung<\/span><span class=\"single-feature\">A: 2 Integralhelme<\/span><span class=\"single-feature\">A: 2 Motorradjacken und Handschuhe<\/span><span class=\"single-feature\">A: Festplattensperre<\/span><span class=\"single-feature\">1: Motor 650 ccm<\/span><span class=\"single-feature\">2: Maximale Leistung 48 PS (35 kW)<\/span>                        <\/div>\n                    <\/div>\n\t\t\t\t            <\/div>\n            <div class=\"item-pricing pt-0 col-12\">\n                <div class=\"bottom-fixed\">\n                    <div class=\"car-rental-buttons\">\n\t\t\t\t\t\t                            <a class=\"item_list_button\" href=\"\/de\/\"\n                               title=\"Buchen\">\n                                <button>\n\t\t\t\t\t\t\t\t\tBuchen                                <\/button>\n                            <\/a>\n\t\t\t\t\t\t                    <\/div>\n                <\/div>\n            <\/div>\n        <\/div>\n    <\/div>\n<\/div>\n<div class=\"col-12  col-md-6 col-lg-4 single-car-list item_id_60\"\n     data-attribute_group_default_label4=\"0\"\n     data-attribute_group_default_label1=\"3\"\n     data-attribute_group_default_label2=\"2\"\n     data-manufacturer=\"18\"\n     data-class=\"8\">\n    <div class=\"box_shadow\">\n        <div class=\"row\">\n            <div class=\"item-image text-center col-12\">\n                <div class=\"row d-flex align-items-center h-100\">\n                    <div class=\"col-12\">\n\t\t\t\t\t\t                            <a class=\"fancybox\" href=\"https:\/\/www.cafemotorbike.com\/wp-content\/uploads\/CarRentalGallery\/KLE650HNFAN-SL1_Urban_RF.png\" rel=\"group_http:\/\/60\"\n                               title=\"Kawasaki Versys 650 &quot;A&quot;  - via Santa Cruz 1\">\n                                <img decoding=\"async\" src=\"https:\/\/www.cafemotorbike.com\/wp-content\/uploads\/CarRentalGallery\/thumb_KLE650HNFAN-SL1_Urban_RF.png\"\n                                     alt=\"Kawasaki Versys 650 &quot;A&quot;  - via Santa Cruz 1\"\/>\n                            <\/a>\n\t\t\t\t\t\t                        <div class=\"d-none\">\n\t\t\t\t\t\t\t                                <a class=\"fancybox\" href=\"https:\/\/www.cafemotorbike.com\/wp-content\/uploads\/CarRentalGallery\/1766487776_KLE650HNFAN-SL1_Urban_RF.png\" rel=\"group_http:\/\/60\"\n                                   title=\"Kawasaki Versys 650 &quot;A&quot;  - via Santa Cruz 1\">\n                                    <img decoding=\"async\" src=\"https:\/\/www.cafemotorbike.com\/wp-content\/uploads\/CarRentalGallery\/thumb_1766487776_KLE650HNFAN-SL1_Urban_RF.png\"\n                                         alt=\"Kawasaki Versys 650 &quot;A&quot;  - via Santa Cruz 1\"\/>\n                                <\/a>\n\t\t\t\t\t\t\t\t\t\t\t\t\t\t                                <a class=\"fancybox\" href=\"https:\/\/www.cafemotorbike.com\/wp-content\/uploads\/CarRentalGallery\/1766487776_KLE650HNFAN-SL1_Urban_RF.png\" rel=\"group_http:\/\/60\"\n                                   title=\"Kawasaki Versys 650 &quot;A&quot;  - via Santa Cruz 1\">\n                                    <img decoding=\"async\" src=\"https:\/\/www.cafemotorbike.com\/wp-content\/uploads\/CarRentalGallery\/thumb_1766487776_KLE650HNFAN-SL1_Urban_RF.png\"\n                                         alt=\"Kawasaki Versys 650 &quot;A&quot;  - via Santa Cruz 1\"\/>\n                                <\/a>\n\t\t\t\t\t\t\t                        <\/div>\n                    <\/div>\n                <\/div>\n            <\/div>\n            <div class=\"item-details-group pb-0 col-12\">\n\t\t\t\t                <a href=\"https:\/\/www.cafemotorbike.com\/de\/m\/kawasaki-versys-650-a\/\" target=\"_blank\"\n                   title=\"Fahrzeugbeschreibung anzeigen\">\n\t\t\t\t\t                    <h4 class=\"item_list_titles\">Kawasaki Versys 650 &quot;A&quot;<\/h4>\n\t\t\t\t\t                <\/a>\n\t\t\t                <div class=\"row item_details details\">\n\t\t\t\t\t                        <div class=\"col-12\">\n                            <i class=\"fas fa-car\"><\/i>\n                            <strong>\n\t\t\t\t\t\t\t\tKlasse:\n                            <\/strong> MOTORRAD 650                        <\/div>\n\t\t\t\t\t\t\t\t\t\t                        <div class=\"col-12\">\n                            <i class=\"fas fa-cogs\"><\/i>\n                            <strong>\n\t\t\t\t\t\t\t\tGetriebe:\n                            <\/strong> Handbuch                        <\/div>\n\t\t\t\t\t\t\t\t\t\t\t\t\t\t\t                        <div class=\"col-12\">\n                            <i class=\"fas fa-gas-pump\"><\/i>\n                            <strong>\n\t\t\t\t\t\t\t\tFahrerlaubnis:\n                            <\/strong> A                        <\/div>\n\t\t\t\t\t\t\t\t\t\t\t\t\t\t\t                        <div class=\"col-12\">\n                            <i class=\"fas fa-user\"><\/i>\n                            <strong>\n\t\t\t\t\t\t\t\tPartner:\n                            <\/strong>\n\t\t\t\t\t\t\t<a href=\"https:\/\/www.cafemotorbike.com\/de\/author\/santa-cruz-1\/\"><span class=\"partner-name\">Santa Cruz 1<\/span><\/a>                        <\/div>\n\t\t\t\t\t                <\/div>\n\t\t\t\t                    <div class=\"row mb-1\">\n                        <div id=\"features-60\" data-item_id=\"60\"\n                             class=\"col-12 item_details features\">\n                            <h5 class=\"item-features-title\">Eigenschaften<\/h5>\n\t\t\t\t\t\t\t<span class=\"single-feature\">4: ABS<\/span><span class=\"single-feature\">KOSTENLOSE Stornierung<\/span><span class=\"single-feature\">A: 2 Integralhelme<\/span><span class=\"single-feature\">A: 2 Motorradjacken und Handschuhe<\/span><span class=\"single-feature\">A: Festplattensperre<\/span><span class=\"single-feature\">1: Motor 650 ccm<\/span><span class=\"single-feature\">3: Sattelh\u00f6he 840 mm<\/span>                        <\/div>\n                    <\/div>\n\t\t\t\t            <\/div>\n            <div class=\"item-pricing pt-0 col-12\">\n                <div class=\"bottom-fixed\">\n                    <div class=\"car-rental-buttons\">\n\t\t\t\t\t\t                            <a class=\"item_list_button\" href=\"\/de\/\"\n                               title=\"Buchen\">\n                                <button>\n\t\t\t\t\t\t\t\t\tBuchen                                <\/button>\n                            <\/a>\n\t\t\t\t\t\t                    <\/div>\n                <\/div>\n            <\/div>\n        <\/div>\n    <\/div>\n<\/div>\n<div class=\"col-12  col-md-6 col-lg-4 single-car-list item_id_55\"\n     data-attribute_group_default_label4=\"0\"\n     data-attribute_group_default_label1=\"1\"\n     data-attribute_group_default_label2=\"2\"\n     data-manufacturer=\"18\"\n     data-class=\"8\">\n    <div class=\"box_shadow\">\n        <div class=\"row\">\n            <div class=\"item-image text-center col-12\">\n                <div class=\"row d-flex align-items-center h-100\">\n                    <div class=\"col-12\">\n\t\t\t\t\t\t                            <a class=\"fancybox\" href=\"https:\/\/www.cafemotorbike.com\/wp-content\/uploads\/CarRentalGallery\/1752504520_alquiler_moto_tenerife_Kawasaki-Versys-650_carnet_A2_cafemotorbike_GEO.jpg\" rel=\"group_http:\/\/55\"\n                               title=\"Kawasaki Versys 650 &quot;A2&quot;  - via Santa Cruz 1\">\n                                <img decoding=\"async\" src=\"https:\/\/www.cafemotorbike.com\/wp-content\/uploads\/CarRentalGallery\/thumb_1752504520_alquiler_moto_tenerife_Kawasaki-Versys-650_carnet_A2_cafemotorbike_GEO.jpg\"\n                                     alt=\"Kawasaki Versys 650 &quot;A2&quot;  - via Santa Cruz 1\"\/>\n                            <\/a>\n\t\t\t\t\t\t                        <div class=\"d-none\">\n\t\t\t\t\t\t\t                                <a class=\"fancybox\" href=\"https:\/\/www.cafemotorbike.com\/wp-content\/uploads\/CarRentalGallery\/1752504520_alquiler_moto_tenerife_Kawasaki-Versys-650_carnet_A2_cafemotorbike_GEO.jpg\" rel=\"group_http:\/\/55\"\n                                   title=\"Kawasaki Versys 650 &quot;A2&quot;  - via Santa Cruz 1\">\n                                    <img decoding=\"async\" src=\"https:\/\/www.cafemotorbike.com\/wp-content\/uploads\/CarRentalGallery\/thumb_1752504520_alquiler_moto_tenerife_Kawasaki-Versys-650_carnet_A2_cafemotorbike_GEO.jpg\"\n                                         alt=\"Kawasaki Versys 650 &quot;A2&quot;  - via Santa Cruz 1\"\/>\n                                <\/a>\n\t\t\t\t\t\t\t\t\t\t\t\t\t\t                        <\/div>\n                    <\/div>\n                <\/div>\n            <\/div>\n            <div class=\"item-details-group pb-0 col-12\">\n\t\t\t\t                <a href=\"https:\/\/www.cafemotorbike.com\/de\/m\/kawasaki-versys-650-4\/\" target=\"_blank\"\n                   title=\"Fahrzeugbeschreibung anzeigen\">\n\t\t\t\t\t                    <h4 class=\"item_list_titles\">Kawasaki Versys 650 &quot;A2&quot;<\/h4>\n\t\t\t\t\t                <\/a>\n\t\t\t                <div class=\"row item_details details\">\n\t\t\t\t\t                        <div class=\"col-12\">\n                            <i class=\"fas fa-car\"><\/i>\n                            <strong>\n\t\t\t\t\t\t\t\tKlasse:\n                            <\/strong> MOTORRAD 650                        <\/div>\n\t\t\t\t\t\t\t\t\t\t                        <div class=\"col-12\">\n                            <i class=\"fas fa-cogs\"><\/i>\n                            <strong>\n\t\t\t\t\t\t\t\tGetriebe:\n                            <\/strong> Handbuch                        <\/div>\n\t\t\t\t\t\t\t\t\t\t\t\t\t\t\t                        <div class=\"col-12\">\n                            <i class=\"fas fa-gas-pump\"><\/i>\n                            <strong>\n\t\t\t\t\t\t\t\tFahrerlaubnis:\n                            <\/strong> A2                        <\/div>\n\t\t\t\t\t\t\t\t\t\t\t\t\t\t\t                        <div class=\"col-12\">\n                            <i class=\"fas fa-user\"><\/i>\n                            <strong>\n\t\t\t\t\t\t\t\tPartner:\n                            <\/strong>\n\t\t\t\t\t\t\t<a href=\"https:\/\/www.cafemotorbike.com\/de\/author\/santa-cruz-1\/\"><span class=\"partner-name\">Santa Cruz 1<\/span><\/a>                        <\/div>\n\t\t\t\t\t                <\/div>\n\t\t\t\t                    <div class=\"row mb-1\">\n                        <div id=\"features-55\" data-item_id=\"55\"\n                             class=\"col-12 item_details features\">\n                            <h5 class=\"item-features-title\">Eigenschaften<\/h5>\n\t\t\t\t\t\t\t<span class=\"single-feature\">4: ABS<\/span><span class=\"single-feature\">KOSTENLOSE Stornierung<\/span><span class=\"single-feature\">A: 2 Integralhelme<\/span><span class=\"single-feature\">A: 2 Motorradjacken und Handschuhe<\/span><span class=\"single-feature\">A: Festplattensperre<\/span><span class=\"single-feature\">1: Motor 650 ccm<\/span><span class=\"single-feature\">2: Maximale Leistung 48 PS (35 kW)<\/span><span class=\"single-feature\">3: Sattelh\u00f6he 840 mm<\/span>                        <\/div>\n                    <\/div>\n\t\t\t\t            <\/div>\n            <div class=\"item-pricing pt-0 col-12\">\n                <div class=\"bottom-fixed\">\n                    <div class=\"car-rental-buttons\">\n\t\t\t\t\t\t                            <a class=\"item_list_button\" href=\"\/de\/\"\n                               title=\"Buchen\">\n                                <button>\n\t\t\t\t\t\t\t\t\tBuchen                                <\/button>\n                            <\/a>\n\t\t\t\t\t\t                    <\/div>\n                <\/div>\n            <\/div>\n        <\/div>\n    <\/div>\n<\/div>\n<div class=\"col-12  col-md-6 col-lg-4 single-car-list item_id_31\"\n     data-attribute_group_default_label4=\"0\"\n     data-attribute_group_default_label1=\"3\"\n     data-attribute_group_default_label2=\"2\"\n     data-manufacturer=\"13\"\n     data-class=\"5\">\n    <div class=\"box_shadow\">\n        <div class=\"row\">\n            <div class=\"item-image text-center col-12\">\n                <div class=\"row d-flex align-items-center h-100\">\n                    <div class=\"col-12\">\n\t\t\t\t\t\t                            <a class=\"fancybox\" href=\"https:\/\/www.cafemotorbike.com\/wp-content\/uploads\/CarRentalGallery\/Yamaha_Tracer_700_2020_rent_moto_tenerife_CAFEMOTORBIKE_GEO.jpg\" rel=\"group_http:\/\/31\"\n                               title=\"YAMAHA Tracer 7  - via Costa Adeje 1\">\n                                <img decoding=\"async\" src=\"https:\/\/www.cafemotorbike.com\/wp-content\/uploads\/CarRentalGallery\/thumb_Yamaha_Tracer_700_2020_rent_moto_tenerife_CAFEMOTORBIKE_GEO.jpg\"\n                                     alt=\"YAMAHA Tracer 7  - via Costa Adeje 1\"\/>\n                            <\/a>\n\t\t\t\t\t\t                        <div class=\"d-none\">\n\t\t\t\t\t\t\t                                <a class=\"fancybox\" href=\"https:\/\/www.cafemotorbike.com\/wp-content\/uploads\/CarRentalGallery\/1693064974_Yamaha_Tracer_700_rent_moto_tenerife.webp\" rel=\"group_http:\/\/31\"\n                                   title=\"YAMAHA Tracer 7  - via Costa Adeje 1\">\n                                    <img decoding=\"async\" src=\"https:\/\/www.cafemotorbike.com\/wp-content\/uploads\/CarRentalGallery\/thumb_1693064974_Yamaha_Tracer_700_rent_moto_tenerife.webp\"\n                                         alt=\"YAMAHA Tracer 7  - via Costa Adeje 1\"\/>\n                                <\/a>\n\t\t\t\t\t\t\t\t\t\t\t\t\t\t                                <a class=\"fancybox\" href=\"https:\/\/www.cafemotorbike.com\/wp-content\/uploads\/CarRentalGallery\/1693064974_Yamaha_Tracer_700_rent_moto_tenerife.webp\" rel=\"group_http:\/\/31\"\n                                   title=\"YAMAHA Tracer 7  - via Costa Adeje 1\">\n                                    <img decoding=\"async\" src=\"https:\/\/www.cafemotorbike.com\/wp-content\/uploads\/CarRentalGallery\/thumb_1693064974_Yamaha_Tracer_700_rent_moto_tenerife.webp\"\n                                         alt=\"YAMAHA Tracer 7  - via Costa Adeje 1\"\/>\n                                <\/a>\n\t\t\t\t\t\t\t                        <\/div>\n                    <\/div>\n                <\/div>\n            <\/div>\n            <div class=\"item-details-group pb-0 col-12\">\n\t\t\t\t                <a href=\"https:\/\/www.cafemotorbike.com\/de\/m\/rent-yamaha-tracer-700\/\" target=\"_blank\"\n                   title=\"Fahrzeugbeschreibung anzeigen\">\n\t\t\t\t\t                    <h4 class=\"item_list_titles\">YAMAHA Tracer 7<\/h4>\n\t\t\t\t\t                <\/a>\n\t\t\t                <div class=\"row item_details details\">\n\t\t\t\t\t                        <div class=\"col-12\">\n                            <i class=\"fas fa-car\"><\/i>\n                            <strong>\n\t\t\t\t\t\t\t\tKlasse:\n                            <\/strong> MOTORRAD 700                        <\/div>\n\t\t\t\t\t\t\t\t\t\t                        <div class=\"col-12\">\n                            <i class=\"fas fa-cogs\"><\/i>\n                            <strong>\n\t\t\t\t\t\t\t\tGetriebe:\n                            <\/strong> Handbuch                        <\/div>\n\t\t\t\t\t\t\t\t\t\t\t\t\t\t\t                        <div class=\"col-12\">\n                            <i class=\"fas fa-gas-pump\"><\/i>\n                            <strong>\n\t\t\t\t\t\t\t\tFahrerlaubnis:\n                            <\/strong> A                        <\/div>\n\t\t\t\t\t\t\t\t\t\t\t\t\t\t\t                        <div class=\"col-12\">\n                            <i class=\"fas fa-user\"><\/i>\n                            <strong>\n\t\t\t\t\t\t\t\tPartner:\n                            <\/strong>\n\t\t\t\t\t\t\t<a href=\"https:\/\/www.cafemotorbike.com\/de\/author\/costa-adeje-1\/\"><span class=\"partner-name\">Costa Adeje 1<\/span><\/a>                        <\/div>\n\t\t\t\t\t                <\/div>\n\t\t\t\t                    <div class=\"row mb-1\">\n                        <div id=\"features-31\" data-item_id=\"31\"\n                             class=\"col-12 item_details features\">\n                            <h5 class=\"item-features-title\">Eigenschaften<\/h5>\n\t\t\t\t\t\t\t<span class=\"single-feature\">4: ABS<\/span><span class=\"single-feature\">KOSTENLOSE Stornierung<\/span><span class=\"single-feature\">1: Motor 700 ccm<\/span><span class=\"single-feature\">5: TFT<\/span><span class=\"single-feature\">A: 2 Integralhelme<\/span><span class=\"single-feature\">A: 2 Motorradjacken und Handschuhe<\/span><span class=\"single-feature\">A: Festplattensperre<\/span><span class=\"single-feature\">2: Maximale Leistung 74 PS<\/span><span class=\"single-feature\">3: Sattelh\u00f6he 830 mm<\/span>                        <\/div>\n                    <\/div>\n\t\t\t\t            <\/div>\n            <div class=\"item-pricing pt-0 col-12\">\n                <div class=\"bottom-fixed\">\n                    <div class=\"car-rental-buttons\">\n\t\t\t\t\t\t                            <a class=\"item_list_button\" href=\"\/de\/\"\n                               title=\"Buchen\">\n                                <button>\n\t\t\t\t\t\t\t\t\tBuchen                                <\/button>\n                            <\/a>\n\t\t\t\t\t\t                    <\/div>\n                <\/div>\n            <\/div>\n        <\/div>\n    <\/div>\n<\/div>\n<div class=\"col-12  col-md-6 col-lg-4 single-car-list item_id_58\"\n     data-attribute_group_default_label4=\"0\"\n     data-attribute_group_default_label1=\"3\"\n     data-attribute_group_default_label2=\"2\"\n     data-manufacturer=\"13\"\n     data-class=\"5\">\n    <div class=\"box_shadow\">\n        <div class=\"row\">\n            <div class=\"item-image text-center col-12\">\n                <div class=\"row d-flex align-items-center h-100\">\n                    <div class=\"col-12\">\n\t\t\t\t\t\t                            <a class=\"fancybox\" href=\"https:\/\/www.cafemotorbike.com\/wp-content\/uploads\/CarRentalGallery\/image1-0.jpg\" rel=\"group_http:\/\/58\"\n                               title=\"YAMAHA Tracer 7 2026  - via Costa Adeje 1\">\n                                <img decoding=\"async\" src=\"https:\/\/www.cafemotorbike.com\/wp-content\/uploads\/CarRentalGallery\/thumb_image1-0.jpg\"\n                                     alt=\"YAMAHA Tracer 7 2026  - via Costa Adeje 1\"\/>\n                            <\/a>\n\t\t\t\t\t\t                        <div class=\"d-none\">\n\t\t\t\t\t\t\t                                <a class=\"fancybox\" href=\"https:\/\/www.cafemotorbike.com\/wp-content\/uploads\/CarRentalGallery\/2343FDHH.jpg\" rel=\"group_http:\/\/58\"\n                                   title=\"YAMAHA Tracer 7 2026  - via Costa Adeje 1\">\n                                    <img decoding=\"async\" src=\"https:\/\/www.cafemotorbike.com\/wp-content\/uploads\/CarRentalGallery\/thumb_2343FDHH.jpg\"\n                                         alt=\"YAMAHA Tracer 7 2026  - via Costa Adeje 1\"\/>\n                                <\/a>\n\t\t\t\t\t\t\t\t\t\t\t\t\t\t                                <a class=\"fancybox\" href=\"https:\/\/www.cafemotorbike.com\/wp-content\/uploads\/CarRentalGallery\/ALQUILER_MOTO_TENERIFEYAMAHA_TRACER_7_2026.jpg\" rel=\"group_http:\/\/58\"\n                                   title=\"YAMAHA Tracer 7 2026  - via Costa Adeje 1\">\n                                    <img decoding=\"async\" src=\"https:\/\/www.cafemotorbike.com\/wp-content\/uploads\/CarRentalGallery\/thumb_ALQUILER_MOTO_TENERIFEYAMAHA_TRACER_7_2026.jpg\"\n                                         alt=\"YAMAHA Tracer 7 2026  - via Costa Adeje 1\"\/>\n                                <\/a>\n\t\t\t\t\t\t\t                        <\/div>\n                    <\/div>\n                <\/div>\n            <\/div>\n            <div class=\"item-details-group pb-0 col-12\">\n\t\t\t\t                <a href=\"https:\/\/www.cafemotorbike.com\/de\/m\/yamaha-tracer-7-2026\/\" target=\"_blank\"\n                   title=\"Fahrzeugbeschreibung anzeigen\">\n\t\t\t\t\t                    <h4 class=\"item_list_titles\">YAMAHA Tracer 7 2026<\/h4>\n\t\t\t\t\t                <\/a>\n\t\t\t                <div class=\"row item_details details\">\n\t\t\t\t\t                        <div class=\"col-12\">\n                            <i class=\"fas fa-car\"><\/i>\n                            <strong>\n\t\t\t\t\t\t\t\tKlasse:\n                            <\/strong> MOTORRAD 700                        <\/div>\n\t\t\t\t\t\t\t\t\t\t                        <div class=\"col-12\">\n                            <i class=\"fas fa-cogs\"><\/i>\n                            <strong>\n\t\t\t\t\t\t\t\tGetriebe:\n                            <\/strong> Handbuch                        <\/div>\n\t\t\t\t\t\t\t\t\t\t\t\t\t\t\t                        <div class=\"col-12\">\n                            <i class=\"fas fa-gas-pump\"><\/i>\n                            <strong>\n\t\t\t\t\t\t\t\tFahrerlaubnis:\n                            <\/strong> A                        <\/div>\n\t\t\t\t\t\t\t\t\t\t\t\t\t\t\t                        <div class=\"col-12\">\n                            <i class=\"fas fa-user\"><\/i>\n                            <strong>\n\t\t\t\t\t\t\t\tPartner:\n                            <\/strong>\n\t\t\t\t\t\t\t<a href=\"https:\/\/www.cafemotorbike.com\/de\/author\/costa-adeje-1\/\"><span class=\"partner-name\">Costa Adeje 1<\/span><\/a>                        <\/div>\n\t\t\t\t\t                <\/div>\n\t\t\t\t                    <div class=\"row mb-1\">\n                        <div id=\"features-58\" data-item_id=\"58\"\n                             class=\"col-12 item_details features\">\n                            <h5 class=\"item-features-title\">Eigenschaften<\/h5>\n\t\t\t\t\t\t\t<span class=\"single-feature\">4: ABS<\/span><span class=\"single-feature\">KOSTENLOSE Stornierung<\/span><span class=\"single-feature\">1: Motor 700 ccm<\/span><span class=\"single-feature\">5: TFT<\/span><span class=\"single-feature\">A: 2 Integralhelme<\/span><span class=\"single-feature\">A: 2 Motorradjacken und Handschuhe<\/span><span class=\"single-feature\">A: Festplattensperre<\/span><span class=\"single-feature\">2: Maximale Leistung 74 PS<\/span><span class=\"single-feature\">3: Sattelh\u00f6he 830 mm<\/span>                        <\/div>\n                    <\/div>\n\t\t\t\t            <\/div>\n            <div class=\"item-pricing pt-0 col-12\">\n                <div class=\"bottom-fixed\">\n                    <div class=\"car-rental-buttons\">\n\t\t\t\t\t\t                            <a class=\"item_list_button\" href=\"\/de\/\"\n                               title=\"Buchen\">\n                                <button>\n\t\t\t\t\t\t\t\t\tBuchen                                <\/button>\n                            <\/a>\n\t\t\t\t\t\t                    <\/div>\n                <\/div>\n            <\/div>\n        <\/div>\n    <\/div>\n<\/div>\n<div class=\"col-12  col-md-6 col-lg-4 single-car-list item_id_42\"\n     data-attribute_group_default_label4=\"0\"\n     data-attribute_group_default_label1=\"3\"\n     data-attribute_group_default_label2=\"2\"\n     data-manufacturer=\"19\"\n     data-class=\"7\">\n    <div class=\"box_shadow\">\n        <div class=\"row\">\n            <div class=\"item-image text-center col-12\">\n                <div class=\"row d-flex align-items-center h-100\">\n                    <div class=\"col-12\">\n\t\t\t\t\t\t                            <a class=\"fancybox\" href=\"https:\/\/www.cafemotorbike.com\/wp-content\/uploads\/CarRentalGallery\/1738676087_rent_moto_tenerife_bmw_750gs_cafemotorbike_1.jpg\" rel=\"group_http:\/\/42\"\n                               title=\"BMW F750 GS  - via Costa Adeje 1\">\n                                <img decoding=\"async\" src=\"https:\/\/www.cafemotorbike.com\/wp-content\/uploads\/CarRentalGallery\/thumb_1738676087_rent_moto_tenerife_bmw_750gs_cafemotorbike_1.jpg\"\n                                     alt=\"BMW F750 GS  - via Costa Adeje 1\"\/>\n                            <\/a>\n\t\t\t\t\t\t                        <div class=\"d-none\">\n\t\t\t\t\t\t\t                                <a class=\"fancybox\" href=\"https:\/\/www.cafemotorbike.com\/wp-content\/uploads\/CarRentalGallery\/1738676087_rent_moto_tenerife_bmw_750gs_cafemotorbike_1.jpg\" rel=\"group_http:\/\/42\"\n                                   title=\"BMW F750 GS  - via Costa Adeje 1\">\n                                    <img decoding=\"async\" src=\"https:\/\/www.cafemotorbike.com\/wp-content\/uploads\/CarRentalGallery\/thumb_1738676087_rent_moto_tenerife_bmw_750gs_cafemotorbike_1.jpg\"\n                                         alt=\"BMW F750 GS  - via Costa Adeje 1\"\/>\n                                <\/a>\n\t\t\t\t\t\t\t\t\t\t\t\t\t\t                                <a class=\"fancybox\" href=\"https:\/\/www.cafemotorbike.com\/wp-content\/uploads\/CarRentalGallery\/1738676087_rent_moto_tenerife_bmw_750gs_cafemotorbike_1.jpg\" rel=\"group_http:\/\/42\"\n                                   title=\"BMW F750 GS  - via Costa Adeje 1\">\n                                    <img decoding=\"async\" src=\"https:\/\/www.cafemotorbike.com\/wp-content\/uploads\/CarRentalGallery\/thumb_1738676087_rent_moto_tenerife_bmw_750gs_cafemotorbike_1.jpg\"\n                                         alt=\"BMW F750 GS  - via Costa Adeje 1\"\/>\n                                <\/a>\n\t\t\t\t\t\t\t                        <\/div>\n                    <\/div>\n                <\/div>\n            <\/div>\n            <div class=\"item-details-group pb-0 col-12\">\n\t\t\t\t                <a href=\"https:\/\/www.cafemotorbike.com\/de\/m\/bmw-motorbike-rental\/\" target=\"_blank\"\n                   title=\"Fahrzeugbeschreibung anzeigen\">\n\t\t\t\t\t                    <h4 class=\"item_list_titles\">BMW F750 GS<\/h4>\n\t\t\t\t\t                <\/a>\n\t\t\t                <div class=\"row item_details details\">\n\t\t\t\t\t                        <div class=\"col-12\">\n                            <i class=\"fas fa-car\"><\/i>\n                            <strong>\n\t\t\t\t\t\t\t\tKlasse:\n                            <\/strong> MOTORRAD 800                        <\/div>\n\t\t\t\t\t\t\t\t\t\t                        <div class=\"col-12\">\n                            <i class=\"fas fa-cogs\"><\/i>\n                            <strong>\n\t\t\t\t\t\t\t\tGetriebe:\n                            <\/strong> Handbuch                        <\/div>\n\t\t\t\t\t\t\t\t\t\t\t\t\t\t\t                        <div class=\"col-12\">\n                            <i class=\"fas fa-gas-pump\"><\/i>\n                            <strong>\n\t\t\t\t\t\t\t\tFahrerlaubnis:\n                            <\/strong> A                        <\/div>\n\t\t\t\t\t\t\t\t\t\t\t\t\t\t\t                        <div class=\"col-12\">\n                            <i class=\"fas fa-user\"><\/i>\n                            <strong>\n\t\t\t\t\t\t\t\tPartner:\n                            <\/strong>\n\t\t\t\t\t\t\t<a href=\"https:\/\/www.cafemotorbike.com\/de\/author\/costa-adeje-1\/\"><span class=\"partner-name\">Costa Adeje 1<\/span><\/a>                        <\/div>\n\t\t\t\t\t                <\/div>\n\t\t\t\t                    <div class=\"row mb-1\">\n                        <div id=\"features-42\" data-item_id=\"42\"\n                             class=\"col-12 item_details features\">\n                            <h5 class=\"item-features-title\">Eigenschaften<\/h5>\n\t\t\t\t\t\t\t<span class=\"single-feature\">4: ABS<\/span><span class=\"single-feature\">KOSTENLOSE Stornierung<\/span><span class=\"single-feature\">6: Quickshifter<\/span><span class=\"single-feature\">5: TFT<\/span><span class=\"single-feature\">1: Motor 850 ccm<\/span><span class=\"single-feature\">A: 2 Integralhelme<\/span><span class=\"single-feature\">A: 2 Motorradjacken und Handschuhe<\/span><span class=\"single-feature\">A: Festplattensperre<\/span><span class=\"single-feature\">2: Maximale Leistung 77 PS<\/span><span class=\"single-feature\">3: Sattelh\u00f6he 815 mm<\/span>                        <\/div>\n                    <\/div>\n\t\t\t\t            <\/div>\n            <div class=\"item-pricing pt-0 col-12\">\n                <div class=\"bottom-fixed\">\n                    <div class=\"car-rental-buttons\">\n\t\t\t\t\t\t                            <a class=\"item_list_button\" href=\"\/de\/\"\n                               title=\"Buchen\">\n                                <button>\n\t\t\t\t\t\t\t\t\tBuchen                                <\/button>\n                            <\/a>\n\t\t\t\t\t\t                    <\/div>\n                <\/div>\n            <\/div>\n        <\/div>\n    <\/div>\n<\/div>\n<div class=\"col-12  col-md-6 col-lg-4 single-car-list item_id_41\"\n     data-attribute_group_default_label4=\"0\"\n     data-attribute_group_default_label1=\"3\"\n     data-attribute_group_default_label2=\"2\"\n     data-manufacturer=\"14\"\n     data-class=\"7\">\n    <div class=\"box_shadow\">\n        <div class=\"row\">\n            <div class=\"item-image text-center col-12\">\n                <div class=\"row d-flex align-items-center h-100\">\n                    <div class=\"col-12\">\n\t\t\t\t\t\t                            <a class=\"fancybox\" href=\"https:\/\/www.cafemotorbike.com\/wp-content\/uploads\/CarRentalGallery\/1726649524_rent_moto_tenerife_transalp_750_cafemotorbike.jpg\" rel=\"group_http:\/\/41\"\n                               title=\"HONDA Transalp 750  - via Costa Adeje 1\">\n                                <img decoding=\"async\" src=\"https:\/\/www.cafemotorbike.com\/wp-content\/uploads\/CarRentalGallery\/thumb_1726649524_rent_moto_tenerife_transalp_750_cafemotorbike.jpg\"\n                                     alt=\"HONDA Transalp 750  - via Costa Adeje 1\"\/>\n                            <\/a>\n\t\t\t\t\t\t                        <div class=\"d-none\">\n\t\t\t\t\t\t\t\t\t\t\t\t\t\t                        <\/div>\n                    <\/div>\n                <\/div>\n            <\/div>\n            <div class=\"item-details-group pb-0 col-12\">\n\t\t\t\t                <a href=\"https:\/\/www.cafemotorbike.com\/de\/m\/rent-a-honda-transalp-750\/\" target=\"_blank\"\n                   title=\"Fahrzeugbeschreibung anzeigen\">\n\t\t\t\t\t                    <h4 class=\"item_list_titles\">HONDA Transalp 750<\/h4>\n\t\t\t\t\t                <\/a>\n\t\t\t                <div class=\"row item_details details\">\n\t\t\t\t\t                        <div class=\"col-12\">\n                            <i class=\"fas fa-car\"><\/i>\n                            <strong>\n\t\t\t\t\t\t\t\tKlasse:\n                            <\/strong> MOTORRAD 800                        <\/div>\n\t\t\t\t\t\t\t\t\t\t                        <div class=\"col-12\">\n                            <i class=\"fas fa-cogs\"><\/i>\n                            <strong>\n\t\t\t\t\t\t\t\tGetriebe:\n                            <\/strong> Handbuch                        <\/div>\n\t\t\t\t\t\t\t\t\t\t\t\t\t\t\t                        <div class=\"col-12\">\n                            <i class=\"fas fa-gas-pump\"><\/i>\n                            <strong>\n\t\t\t\t\t\t\t\tFahrerlaubnis:\n                            <\/strong> A                        <\/div>\n\t\t\t\t\t\t\t\t\t\t\t\t\t\t\t                        <div class=\"col-12\">\n                            <i class=\"fas fa-user\"><\/i>\n                            <strong>\n\t\t\t\t\t\t\t\tPartner:\n                            <\/strong>\n\t\t\t\t\t\t\t<a href=\"https:\/\/www.cafemotorbike.com\/de\/author\/costa-adeje-1\/\"><span class=\"partner-name\">Costa Adeje 1<\/span><\/a>                        <\/div>\n\t\t\t\t\t                <\/div>\n\t\t\t\t                    <div class=\"row mb-1\">\n                        <div id=\"features-41\" data-item_id=\"41\"\n                             class=\"col-12 item_details features\">\n                            <h5 class=\"item-features-title\">Eigenschaften<\/h5>\n\t\t\t\t\t\t\t<span class=\"single-feature\">1: Motor 750 ccm<\/span><span class=\"single-feature\">2: Maximale Leistung 91 PS<\/span><span class=\"single-feature\">3: Sattelh\u00f6he 850 mm<\/span><span class=\"single-feature\">4: ABS<\/span><span class=\"single-feature\">5: TFT<\/span><span class=\"single-feature\">A: 2 Integralhelme<\/span><span class=\"single-feature\">A: 2 Motorradjacken und Handschuhe<\/span><span class=\"single-feature\">A: Festplattensperre<\/span><span class=\"single-feature\">KOSTENLOSE Stornierung<\/span>                        <\/div>\n                    <\/div>\n\t\t\t\t            <\/div>\n            <div class=\"item-pricing pt-0 col-12\">\n                <div class=\"bottom-fixed\">\n                    <div class=\"car-rental-buttons\">\n\t\t\t\t\t\t                            <a class=\"item_list_button\" href=\"\/de\/\"\n                               title=\"Buchen\">\n                                <button>\n\t\t\t\t\t\t\t\t\tBuchen                                <\/button>\n                            <\/a>\n\t\t\t\t\t\t                    <\/div>\n                <\/div>\n            <\/div>\n        <\/div>\n    <\/div>\n<\/div>\n<div class=\"col-12  col-md-6 col-lg-4 single-car-list item_id_29\"\n     data-attribute_group_default_label4=\"0\"\n     data-attribute_group_default_label1=\"3\"\n     data-attribute_group_default_label2=\"2\"\n     data-manufacturer=\"2\"\n     data-class=\"7\">\n    <div class=\"box_shadow\">\n        <div class=\"row\">\n            <div class=\"item-image text-center col-12\">\n                <div class=\"row d-flex align-items-center h-100\">\n                    <div class=\"col-12\">\n\t\t\t\t\t\t                            <a class=\"fancybox\" href=\"https:\/\/www.cafemotorbike.com\/wp-content\/uploads\/CarRentalGallery\/noleggio_moto_tenerife_suzuki_VStrom_800_patente_A_cafemotorbike-GEO.jpg\" rel=\"group_http:\/\/29\"\n                               title=\"Suzuki V-Strom 800DE  - via Costa Adeje 1\">\n                                <img decoding=\"async\" src=\"https:\/\/www.cafemotorbike.com\/wp-content\/uploads\/CarRentalGallery\/thumb_noleggio_moto_tenerife_suzuki_VStrom_800_patente_A_cafemotorbike-GEO.jpg\"\n                                     alt=\"Suzuki V-Strom 800DE  - via Costa Adeje 1\"\/>\n                            <\/a>\n\t\t\t\t\t\t                        <div class=\"d-none\">\n\t\t\t\t\t\t\t\t\t\t\t\t\t\t                        <\/div>\n                    <\/div>\n                <\/div>\n            <\/div>\n            <div class=\"item-details-group pb-0 col-12\">\n\t\t\t\t                <a href=\"https:\/\/www.cafemotorbike.com\/de\/m\/rent-suzuki-v-strom-800\/\" target=\"_blank\"\n                   title=\"Fahrzeugbeschreibung anzeigen\">\n\t\t\t\t\t                    <h4 class=\"item_list_titles\">Suzuki V-Strom 800DE<\/h4>\n\t\t\t\t\t                <\/a>\n\t\t\t                <div class=\"row item_details details\">\n\t\t\t\t\t                        <div class=\"col-12\">\n                            <i class=\"fas fa-car\"><\/i>\n                            <strong>\n\t\t\t\t\t\t\t\tKlasse:\n                            <\/strong> MOTORRAD 800                        <\/div>\n\t\t\t\t\t\t\t\t\t\t                        <div class=\"col-12\">\n                            <i class=\"fas fa-cogs\"><\/i>\n                            <strong>\n\t\t\t\t\t\t\t\tGetriebe:\n                            <\/strong> Handbuch                        <\/div>\n\t\t\t\t\t\t\t\t\t\t\t\t\t\t\t                        <div class=\"col-12\">\n                            <i class=\"fas fa-gas-pump\"><\/i>\n                            <strong>\n\t\t\t\t\t\t\t\tFahrerlaubnis:\n                            <\/strong> A                        <\/div>\n\t\t\t\t\t\t\t\t\t\t\t\t\t\t\t                        <div class=\"col-12\">\n                            <i class=\"fas fa-user\"><\/i>\n                            <strong>\n\t\t\t\t\t\t\t\tPartner:\n                            <\/strong>\n\t\t\t\t\t\t\t<a href=\"https:\/\/www.cafemotorbike.com\/de\/author\/costa-adeje-1\/\"><span class=\"partner-name\">Costa Adeje 1<\/span><\/a>                        <\/div>\n\t\t\t\t\t                <\/div>\n\t\t\t\t                    <div class=\"row mb-1\">\n                        <div id=\"features-29\" data-item_id=\"29\"\n                             class=\"col-12 item_details features\">\n                            <h5 class=\"item-features-title\">Eigenschaften<\/h5>\n\t\t\t\t\t\t\t<span class=\"single-feature\">4: ABS<\/span><span class=\"single-feature\">KOSTENLOSE Stornierung<\/span><span class=\"single-feature\">1: Motor 800 ccm<\/span><span class=\"single-feature\">6: Quickshifter<\/span><span class=\"single-feature\">5: TFT<\/span><span class=\"single-feature\">A: 2 Integralhelme<\/span><span class=\"single-feature\">A: 2 Motorradjacken und Handschuhe<\/span><span class=\"single-feature\">A: Festplattensperre<\/span><span class=\"single-feature\">3: Sattelh\u00f6he 800\/850 mm<\/span><span class=\"single-feature\">2: Maximale Leistung 83 PS<\/span>                        <\/div>\n                    <\/div>\n\t\t\t\t            <\/div>\n            <div class=\"item-pricing pt-0 col-12\">\n                <div class=\"bottom-fixed\">\n                    <div class=\"car-rental-buttons\">\n\t\t\t\t\t\t                            <a class=\"item_list_button\" href=\"\/de\/\"\n                               title=\"Buchen\">\n                                <button>\n\t\t\t\t\t\t\t\t\tBuchen                                <\/button>\n                            <\/a>\n\t\t\t\t\t\t                    <\/div>\n                <\/div>\n            <\/div>\n        <\/div>\n    <\/div>\n<\/div>\n<div class=\"col-12  col-md-6 col-lg-4 single-car-list item_id_64\"\n     data-attribute_group_default_label4=\"0\"\n     data-attribute_group_default_label1=\"3\"\n     data-attribute_group_default_label2=\"2\"\n     data-manufacturer=\"2\"\n     data-class=\"7\">\n    <div class=\"box_shadow\">\n        <div class=\"row\">\n            <div class=\"item-image text-center col-12\">\n                <div class=\"row d-flex align-items-center h-100\">\n                    <div class=\"col-12\">\n\t\t\t\t\t\t                            <a class=\"fancybox\" href=\"https:\/\/www.cafemotorbike.com\/wp-content\/uploads\/CarRentalGallery\/noleggio_moto_tenerife_suzuki_VStrom_800_patente_A.jpg\" rel=\"group_http:\/\/64\"\n                               title=\"Suzuki V-Strom 800DE  - via Santa Cruz 1\">\n                                <img decoding=\"async\" src=\"https:\/\/www.cafemotorbike.com\/wp-content\/uploads\/CarRentalGallery\/thumb_noleggio_moto_tenerife_suzuki_VStrom_800_patente_A.jpg\"\n                                     alt=\"Suzuki V-Strom 800DE  - via Santa Cruz 1\"\/>\n                            <\/a>\n\t\t\t\t\t\t                        <div class=\"d-none\">\n\t\t\t\t\t\t\t\t\t\t\t\t\t\t                        <\/div>\n                    <\/div>\n                <\/div>\n            <\/div>\n            <div class=\"item-details-group pb-0 col-12\">\n\t\t\t\t                <a href=\"https:\/\/www.cafemotorbike.com\/de\/m\/suzuki-v-strom-800de\/\" target=\"_blank\"\n                   title=\"Fahrzeugbeschreibung anzeigen\">\n\t\t\t\t\t                    <h4 class=\"item_list_titles\">Suzuki V-Strom 800DE<\/h4>\n\t\t\t\t\t                <\/a>\n\t\t\t                <div class=\"row item_details details\">\n\t\t\t\t\t                        <div class=\"col-12\">\n                            <i class=\"fas fa-car\"><\/i>\n                            <strong>\n\t\t\t\t\t\t\t\tKlasse:\n                            <\/strong> MOTORRAD 800                        <\/div>\n\t\t\t\t\t\t\t\t\t\t                        <div class=\"col-12\">\n                            <i class=\"fas fa-cogs\"><\/i>\n                            <strong>\n\t\t\t\t\t\t\t\tGetriebe:\n                            <\/strong> Handbuch                        <\/div>\n\t\t\t\t\t\t\t\t\t\t\t\t\t\t\t                        <div class=\"col-12\">\n                            <i class=\"fas fa-gas-pump\"><\/i>\n                            <strong>\n\t\t\t\t\t\t\t\tFahrerlaubnis:\n                            <\/strong> A                        <\/div>\n\t\t\t\t\t\t\t\t\t\t\t\t\t\t\t                        <div class=\"col-12\">\n                            <i class=\"fas fa-user\"><\/i>\n                            <strong>\n\t\t\t\t\t\t\t\tPartner:\n                            <\/strong>\n\t\t\t\t\t\t\t<a href=\"https:\/\/www.cafemotorbike.com\/de\/author\/santa-cruz-1\/\"><span class=\"partner-name\">Santa Cruz 1<\/span><\/a>                        <\/div>\n\t\t\t\t\t                <\/div>\n\t\t\t\t                    <div class=\"row mb-1\">\n                        <div id=\"features-64\" data-item_id=\"64\"\n                             class=\"col-12 item_details features\">\n                            <h5 class=\"item-features-title\">Eigenschaften<\/h5>\n\t\t\t\t\t\t\t<span class=\"single-feature\">1: Motor 800 ccm<\/span><span class=\"single-feature\">2: Maximale Leistung 83 PS<\/span><span class=\"single-feature\">3: Sattelh\u00f6he 850 mm<\/span><span class=\"single-feature\">4: ABS<\/span><span class=\"single-feature\">5: TFT<\/span><span class=\"single-feature\">6: Quickshifter<\/span><span class=\"single-feature\">A: 2 Integralhelme<\/span><span class=\"single-feature\">A: 2 Motorradjacken und Handschuhe<\/span><span class=\"single-feature\">KOSTENLOSE Stornierung<\/span>                        <\/div>\n                    <\/div>\n\t\t\t\t            <\/div>\n            <div class=\"item-pricing pt-0 col-12\">\n                <div class=\"bottom-fixed\">\n                    <div class=\"car-rental-buttons\">\n\t\t\t\t\t\t                            <a class=\"item_list_button\" href=\"\/de\/\"\n                               title=\"Buchen\">\n                                <button>\n\t\t\t\t\t\t\t\t\tBuchen                                <\/button>\n                            <\/a>\n\t\t\t\t\t\t                    <\/div>\n                <\/div>\n            <\/div>\n        <\/div>\n    <\/div>\n<\/div>\n<div class=\"col-12  col-md-6 col-lg-4 single-car-list item_id_34\"\n     data-attribute_group_default_label4=\"0\"\n     data-attribute_group_default_label1=\"3\"\n     data-attribute_group_default_label2=\"2\"\n     data-manufacturer=\"19\"\n     data-class=\"10\">\n    <div class=\"box_shadow\">\n        <div class=\"row\">\n            <div class=\"item-image text-center col-12\">\n                <div class=\"row d-flex align-items-center h-100\">\n                    <div class=\"col-12\">\n\t\t\t\t\t\t                            <a class=\"fancybox\" href=\"https:\/\/www.cafemotorbike.com\/wp-content\/uploads\/CarRentalGallery\/alquiler_moto_tenerife_BMW_850_gs_carnet_A_cafemotorbike-GEO.jpg\" rel=\"group_http:\/\/34\"\n                               title=\"BMW F850 GS Trophy  - via Costa Adeje 1\">\n                                <img decoding=\"async\" src=\"https:\/\/www.cafemotorbike.com\/wp-content\/uploads\/CarRentalGallery\/thumb_alquiler_moto_tenerife_BMW_850_gs_carnet_A_cafemotorbike-GEO.jpg\"\n                                     alt=\"BMW F850 GS Trophy  - via Costa Adeje 1\"\/>\n                            <\/a>\n\t\t\t\t\t\t                        <div class=\"d-none\">\n\t\t\t\t\t\t\t                                <a class=\"fancybox\" href=\"https:\/\/www.cafemotorbike.com\/wp-content\/uploads\/CarRentalGallery\/rent_moto_tenerife_BMW_850_gs.webp\" rel=\"group_http:\/\/34\"\n                                   title=\"BMW F850 GS Trophy  - via Costa Adeje 1\">\n                                    <img decoding=\"async\" src=\"https:\/\/www.cafemotorbike.com\/wp-content\/uploads\/CarRentalGallery\/thumb_rent_moto_tenerife_BMW_850_gs.webp\"\n                                         alt=\"BMW F850 GS Trophy  - via Costa Adeje 1\"\/>\n                                <\/a>\n\t\t\t\t\t\t\t\t\t\t\t\t\t\t                                <a class=\"fancybox\" href=\"https:\/\/www.cafemotorbike.com\/wp-content\/uploads\/CarRentalGallery\/alquiler_moto_tenerife_BMW_850_GS.webp\" rel=\"group_http:\/\/34\"\n                                   title=\"BMW F850 GS Trophy  - via Costa Adeje 1\">\n                                    <img decoding=\"async\" src=\"https:\/\/www.cafemotorbike.com\/wp-content\/uploads\/CarRentalGallery\/thumb_alquiler_moto_tenerife_BMW_850_GS.webp\"\n                                         alt=\"BMW F850 GS Trophy  - via Costa Adeje 1\"\/>\n                                <\/a>\n\t\t\t\t\t\t\t                        <\/div>\n                    <\/div>\n                <\/div>\n            <\/div>\n            <div class=\"item-details-group pb-0 col-12\">\n\t\t\t\t                <a href=\"https:\/\/www.cafemotorbike.com\/de\/m\/rent-bmw-850-gs\/\" target=\"_blank\"\n                   title=\"Fahrzeugbeschreibung anzeigen\">\n\t\t\t\t\t                    <h4 class=\"item_list_titles\">BMW F850 GS Trophy<\/h4>\n\t\t\t\t\t                <\/a>\n\t\t\t                <div class=\"row item_details details\">\n\t\t\t\t\t                        <div class=\"col-12\">\n                            <i class=\"fas fa-car\"><\/i>\n                            <strong>\n\t\t\t\t\t\t\t\tKlasse:\n                            <\/strong> MOTORRAD 900                        <\/div>\n\t\t\t\t\t\t\t\t\t\t                        <div class=\"col-12\">\n                            <i class=\"fas fa-cogs\"><\/i>\n                            <strong>\n\t\t\t\t\t\t\t\tGetriebe:\n                            <\/strong> Handbuch                        <\/div>\n\t\t\t\t\t\t\t\t\t\t\t\t\t\t\t                        <div class=\"col-12\">\n                            <i class=\"fas fa-gas-pump\"><\/i>\n                            <strong>\n\t\t\t\t\t\t\t\tFahrerlaubnis:\n                            <\/strong> A                        <\/div>\n\t\t\t\t\t\t\t\t\t\t\t\t\t\t\t                        <div class=\"col-12\">\n                            <i class=\"fas fa-user\"><\/i>\n                            <strong>\n\t\t\t\t\t\t\t\tPartner:\n                            <\/strong>\n\t\t\t\t\t\t\t<a href=\"https:\/\/www.cafemotorbike.com\/de\/author\/costa-adeje-1\/\"><span class=\"partner-name\">Costa Adeje 1<\/span><\/a>                        <\/div>\n\t\t\t\t\t                <\/div>\n\t\t\t\t                    <div class=\"row mb-1\">\n                        <div id=\"features-34\" data-item_id=\"34\"\n                             class=\"col-12 item_details features\">\n                            <h5 class=\"item-features-title\">Eigenschaften<\/h5>\n\t\t\t\t\t\t\t<span class=\"single-feature\">4: ABS<\/span><span class=\"single-feature\">KOSTENLOSE Stornierung<\/span><span class=\"single-feature\">5: TFT<\/span><span class=\"single-feature\">1: Motor 850 ccm<\/span><span class=\"single-feature\">A: 2 Integralhelme<\/span><span class=\"single-feature\">A: 2 Motorradjacken und Handschuhe<\/span><span class=\"single-feature\">A: Festplattensperre<\/span><span class=\"single-feature\">2: Maximale Leistung 95 PS<\/span><span class=\"single-feature\">3: Sattelh\u00f6he 860 mm<\/span>                        <\/div>\n                    <\/div>\n\t\t\t\t            <\/div>\n            <div class=\"item-pricing pt-0 col-12\">\n                <div class=\"bottom-fixed\">\n                    <div class=\"car-rental-buttons\">\n\t\t\t\t\t\t                            <a class=\"item_list_button\" href=\"\/de\/\"\n                               title=\"Buchen\">\n                                <button>\n\t\t\t\t\t\t\t\t\tBuchen                                <\/button>\n                            <\/a>\n\t\t\t\t\t\t                    <\/div>\n                <\/div>\n            <\/div>\n        <\/div>\n    <\/div>\n<\/div>\n<div class=\"col-12  col-md-6 col-lg-4 single-car-list item_id_36\"\n     data-attribute_group_default_label4=\"0\"\n     data-attribute_group_default_label1=\"3\"\n     data-attribute_group_default_label2=\"2\"\n     data-manufacturer=\"13\"\n     data-class=\"10\">\n    <div class=\"box_shadow\">\n        <div class=\"row\">\n            <div class=\"item-image text-center col-12\">\n                <div class=\"row d-flex align-items-center h-100\">\n                    <div class=\"col-12\">\n\t\t\t\t\t\t                            <a class=\"fancybox\" href=\"https:\/\/www.cafemotorbike.com\/wp-content\/uploads\/CarRentalGallery\/rent_moto_tenerife_YamahaTracer9-2026.jpg\" rel=\"group_http:\/\/36\"\n                               title=\"YAMAHA Tracer 9 2026  - via Costa Adeje 1\">\n                                <img decoding=\"async\" src=\"https:\/\/www.cafemotorbike.com\/wp-content\/uploads\/CarRentalGallery\/thumb_rent_moto_tenerife_YamahaTracer9-2026.jpg\"\n                                     alt=\"YAMAHA Tracer 9 2026  - via Costa Adeje 1\"\/>\n                            <\/a>\n\t\t\t\t\t\t                        <div class=\"d-none\">\n\t\t\t\t\t\t\t                                <a class=\"fancybox\" href=\"https:\/\/www.cafemotorbike.com\/wp-content\/uploads\/CarRentalGallery\/3.webp\" rel=\"group_http:\/\/36\"\n                                   title=\"YAMAHA Tracer 9 2026  - via Costa Adeje 1\">\n                                    <img decoding=\"async\" src=\"https:\/\/www.cafemotorbike.com\/wp-content\/uploads\/CarRentalGallery\/thumb_3.webp\"\n                                         alt=\"YAMAHA Tracer 9 2026  - via Costa Adeje 1\"\/>\n                                <\/a>\n\t\t\t\t\t\t\t\t\t\t\t\t\t\t                                <a class=\"fancybox\" href=\"https:\/\/www.cafemotorbike.com\/wp-content\/uploads\/CarRentalGallery\/2025-Yamaha-MT09ATR-EU-Redline-Studio-004-03.jpg\" rel=\"group_http:\/\/36\"\n                                   title=\"YAMAHA Tracer 9 2026  - via Costa Adeje 1\">\n                                    <img decoding=\"async\" src=\"https:\/\/www.cafemotorbike.com\/wp-content\/uploads\/CarRentalGallery\/thumb_2025-Yamaha-MT09ATR-EU-Redline-Studio-004-03.jpg\"\n                                         alt=\"YAMAHA Tracer 9 2026  - via Costa Adeje 1\"\/>\n                                <\/a>\n\t\t\t\t\t\t\t                        <\/div>\n                    <\/div>\n                <\/div>\n            <\/div>\n            <div class=\"item-details-group pb-0 col-12\">\n\t\t\t\t                <a href=\"https:\/\/www.cafemotorbike.com\/de\/m\/rent-yamaha-tracer-9-gt\/\" target=\"_blank\"\n                   title=\"Fahrzeugbeschreibung anzeigen\">\n\t\t\t\t\t                    <h4 class=\"item_list_titles\">YAMAHA Tracer 9 2026<\/h4>\n\t\t\t\t\t                <\/a>\n\t\t\t                <div class=\"row item_details details\">\n\t\t\t\t\t                        <div class=\"col-12\">\n                            <i class=\"fas fa-car\"><\/i>\n                            <strong>\n\t\t\t\t\t\t\t\tKlasse:\n                            <\/strong> MOTORRAD 900                        <\/div>\n\t\t\t\t\t\t\t\t\t\t                        <div class=\"col-12\">\n                            <i class=\"fas fa-cogs\"><\/i>\n                            <strong>\n\t\t\t\t\t\t\t\tGetriebe:\n                            <\/strong> Handbuch                        <\/div>\n\t\t\t\t\t\t\t\t\t\t\t\t\t\t\t                        <div class=\"col-12\">\n                            <i class=\"fas fa-gas-pump\"><\/i>\n                            <strong>\n\t\t\t\t\t\t\t\tFahrerlaubnis:\n                            <\/strong> A                        <\/div>\n\t\t\t\t\t\t\t\t\t\t\t\t\t\t\t                        <div class=\"col-12\">\n                            <i class=\"fas fa-user\"><\/i>\n                            <strong>\n\t\t\t\t\t\t\t\tPartner:\n                            <\/strong>\n\t\t\t\t\t\t\t<a href=\"https:\/\/www.cafemotorbike.com\/de\/author\/costa-adeje-1\/\"><span class=\"partner-name\">Costa Adeje 1<\/span><\/a>                        <\/div>\n\t\t\t\t\t                <\/div>\n\t\t\t\t                    <div class=\"row mb-1\">\n                        <div id=\"features-36\" data-item_id=\"36\"\n                             class=\"col-12 item_details features\">\n                            <h5 class=\"item-features-title\">Eigenschaften<\/h5>\n\t\t\t\t\t\t\t<span class=\"single-feature\">4: ABS<\/span><span class=\"single-feature\">KOSTENLOSE Stornierung<\/span><span class=\"single-feature\">6: Quickshifter<\/span><span class=\"single-feature\">5: TFT<\/span><span class=\"single-feature\">1: Motor 900ccm<\/span><span class=\"single-feature\">A: 2 Integralhelme<\/span><span class=\"single-feature\">A: 2 Motorradjacken und Handschuhe<\/span><span class=\"single-feature\">A: Festplattensperre<\/span><span class=\"single-feature\">3: Sattelh\u00f6he 815 mm<\/span><span class=\"single-feature\">2: Maximale Leistung 119 PS<\/span>                        <\/div>\n                    <\/div>\n\t\t\t\t            <\/div>\n            <div class=\"item-pricing pt-0 col-12\">\n                <div class=\"bottom-fixed\">\n                    <div class=\"car-rental-buttons\">\n\t\t\t\t\t\t                            <a class=\"item_list_button\" href=\"\/de\/\"\n                               title=\"Buchen\">\n                                <button>\n\t\t\t\t\t\t\t\t\tBuchen                                <\/button>\n                            <\/a>\n\t\t\t\t\t\t                    <\/div>\n                <\/div>\n            <\/div>\n        <\/div>\n    <\/div>\n<\/div>\n<div class=\"col-12  col-md-6 col-lg-4 single-car-list item_id_43\"\n     data-attribute_group_default_label4=\"0\"\n     data-attribute_group_default_label1=\"3\"\n     data-attribute_group_default_label2=\"2\"\n     data-manufacturer=\"19\"\n     data-class=\"10\">\n    <div class=\"box_shadow\">\n        <div class=\"row\">\n            <div class=\"item-image text-center col-12\">\n                <div class=\"row d-flex align-items-center h-100\">\n                    <div class=\"col-12\">\n\t\t\t\t\t\t                            <a class=\"fancybox\" href=\"https:\/\/www.cafemotorbike.com\/wp-content\/uploads\/CarRentalGallery\/MOTO_RENT_TENERIFE_BMW_900_GS_587x440_1.jpg\" rel=\"group_http:\/\/43\"\n                               title=\"BMW F900 GS  - via Costa Adeje 1\">\n                                <img decoding=\"async\" src=\"https:\/\/www.cafemotorbike.com\/wp-content\/uploads\/CarRentalGallery\/thumb_MOTO_RENT_TENERIFE_BMW_900_GS_587x440_1.jpg\"\n                                     alt=\"BMW F900 GS  - via Costa Adeje 1\"\/>\n                            <\/a>\n\t\t\t\t\t\t                        <div class=\"d-none\">\n\t\t\t\t\t\t\t                                <a class=\"fancybox\" href=\"https:\/\/www.cafemotorbike.com\/wp-content\/uploads\/CarRentalGallery\/f-900-gs.webp\" rel=\"group_http:\/\/43\"\n                                   title=\"BMW F900 GS  - via Costa Adeje 1\">\n                                    <img decoding=\"async\" src=\"https:\/\/www.cafemotorbike.com\/wp-content\/uploads\/CarRentalGallery\/thumb_f-900-gs.webp\"\n                                         alt=\"BMW F900 GS  - via Costa Adeje 1\"\/>\n                                <\/a>\n\t\t\t\t\t\t\t\t\t\t\t\t\t\t                                <a class=\"fancybox\" href=\"https:\/\/www.cafemotorbike.com\/wp-content\/uploads\/CarRentalGallery\/1742229639_MOTO_RENT_TENERIFE_BMW_900_GS_587x440_1.jpg\" rel=\"group_http:\/\/43\"\n                                   title=\"BMW F900 GS  - via Costa Adeje 1\">\n                                    <img decoding=\"async\" src=\"https:\/\/www.cafemotorbike.com\/wp-content\/uploads\/CarRentalGallery\/thumb_1742229639_MOTO_RENT_TENERIFE_BMW_900_GS_587x440_1.jpg\"\n                                         alt=\"BMW F900 GS  - via Costa Adeje 1\"\/>\n                                <\/a>\n\t\t\t\t\t\t\t                        <\/div>\n                    <\/div>\n                <\/div>\n            <\/div>\n            <div class=\"item-details-group pb-0 col-12\">\n\t\t\t\t                <a href=\"https:\/\/www.cafemotorbike.com\/de\/m\/rent-bmw-f900-gs\/\" target=\"_blank\"\n                   title=\"Fahrzeugbeschreibung anzeigen\">\n\t\t\t\t\t                    <h4 class=\"item_list_titles\">BMW F900 GS<\/h4>\n\t\t\t\t\t                <\/a>\n\t\t\t                <div class=\"row item_details details\">\n\t\t\t\t\t                        <div class=\"col-12\">\n                            <i class=\"fas fa-car\"><\/i>\n                            <strong>\n\t\t\t\t\t\t\t\tKlasse:\n                            <\/strong> MOTORRAD 900                        <\/div>\n\t\t\t\t\t\t\t\t\t\t                        <div class=\"col-12\">\n                            <i class=\"fas fa-cogs\"><\/i>\n                            <strong>\n\t\t\t\t\t\t\t\tGetriebe:\n                            <\/strong> Handbuch                        <\/div>\n\t\t\t\t\t\t\t\t\t\t\t\t\t\t\t                        <div class=\"col-12\">\n                            <i class=\"fas fa-gas-pump\"><\/i>\n                            <strong>\n\t\t\t\t\t\t\t\tFahrerlaubnis:\n                            <\/strong> A                        <\/div>\n\t\t\t\t\t\t\t\t\t\t\t\t\t\t\t                        <div class=\"col-12\">\n                            <i class=\"fas fa-user\"><\/i>\n                            <strong>\n\t\t\t\t\t\t\t\tPartner:\n                            <\/strong>\n\t\t\t\t\t\t\t<a href=\"https:\/\/www.cafemotorbike.com\/de\/author\/costa-adeje-1\/\"><span class=\"partner-name\">Costa Adeje 1<\/span><\/a>                        <\/div>\n\t\t\t\t\t                <\/div>\n\t\t\t\t                    <div class=\"row mb-1\">\n                        <div id=\"features-43\" data-item_id=\"43\"\n                             class=\"col-12 item_details features\">\n                            <h5 class=\"item-features-title\">Eigenschaften<\/h5>\n\t\t\t\t\t\t\t<span class=\"single-feature\">4: ABS<\/span><span class=\"single-feature\">KOSTENLOSE Stornierung<\/span><span class=\"single-feature\">6: Quickshifter<\/span><span class=\"single-feature\">5: TFT<\/span><span class=\"single-feature\">1: Motor 900ccm<\/span><span class=\"single-feature\">A: 2 Integralhelme<\/span><span class=\"single-feature\">A: 2 Motorradjacken und Handschuhe<\/span><span class=\"single-feature\">A: Festplattensperre<\/span><span class=\"single-feature\">3: Sattelh\u00f6he 860 mm<\/span><span class=\"single-feature\">2: Maximale Leistung 105 PS<\/span>                        <\/div>\n                    <\/div>\n\t\t\t\t            <\/div>\n            <div class=\"item-pricing pt-0 col-12\">\n                <div class=\"bottom-fixed\">\n                    <div class=\"car-rental-buttons\">\n\t\t\t\t\t\t                            <a class=\"item_list_button\" href=\"\/de\/\"\n                               title=\"Buchen\">\n                                <button>\n\t\t\t\t\t\t\t\t\tBuchen                                <\/button>\n                            <\/a>\n\t\t\t\t\t\t                    <\/div>\n                <\/div>\n            <\/div>\n        <\/div>\n    <\/div>\n<\/div>\n<div class=\"col-12  col-md-6 col-lg-4 single-car-list item_id_61\"\n     data-attribute_group_default_label4=\"0\"\n     data-attribute_group_default_label1=\"3\"\n     data-attribute_group_default_label2=\"2\"\n     data-manufacturer=\"21\"\n     data-class=\"10\">\n    <div class=\"box_shadow\">\n        <div class=\"row\">\n            <div class=\"item-image text-center col-12\">\n                <div class=\"row d-flex align-items-center h-100\">\n                    <div class=\"col-12\">\n\t\t\t\t\t\t                            <a class=\"fancybox\" href=\"https:\/\/www.cafemotorbike.com\/wp-content\/uploads\/CarRentalGallery\/rent-motorbike-tenerife-ducati-multistrada-cafemotorbike.jpg\" rel=\"group_http:\/\/61\"\n                               title=\"DUCATI Multistrada V2 Red 2026  - via Costa Adeje 1\">\n                                <img decoding=\"async\" src=\"https:\/\/www.cafemotorbike.com\/wp-content\/uploads\/CarRentalGallery\/thumb_rent-motorbike-tenerife-ducati-multistrada-cafemotorbike.jpg\"\n                                     alt=\"DUCATI Multistrada V2 Red 2026  - via Costa Adeje 1\"\/>\n                            <\/a>\n\t\t\t\t\t\t                        <div class=\"d-none\">\n\t\t\t\t\t\t\t\t\t\t\t\t\t\t                        <\/div>\n                    <\/div>\n                <\/div>\n            <\/div>\n            <div class=\"item-details-group pb-0 col-12\">\n\t\t\t\t                <a href=\"https:\/\/www.cafemotorbike.com\/de\/m\/ducati-multistrada-v2-red-2026\/\" target=\"_blank\"\n                   title=\"Fahrzeugbeschreibung anzeigen\">\n\t\t\t\t\t                    <h4 class=\"item_list_titles\">DUCATI Multistrada V2 Red 2026<\/h4>\n\t\t\t\t\t                <\/a>\n\t\t\t                <div class=\"row item_details details\">\n\t\t\t\t\t                        <div class=\"col-12\">\n                            <i class=\"fas fa-car\"><\/i>\n                            <strong>\n\t\t\t\t\t\t\t\tKlasse:\n                            <\/strong> MOTORRAD 900                        <\/div>\n\t\t\t\t\t\t\t\t\t\t                        <div class=\"col-12\">\n                            <i class=\"fas fa-cogs\"><\/i>\n                            <strong>\n\t\t\t\t\t\t\t\tGetriebe:\n                            <\/strong> Handbuch                        <\/div>\n\t\t\t\t\t\t\t\t\t\t\t\t\t\t\t                        <div class=\"col-12\">\n                            <i class=\"fas fa-gas-pump\"><\/i>\n                            <strong>\n\t\t\t\t\t\t\t\tFahrerlaubnis:\n                            <\/strong> A                        <\/div>\n\t\t\t\t\t\t\t\t\t\t\t\t\t\t\t                        <div class=\"col-12\">\n                            <i class=\"fas fa-user\"><\/i>\n                            <strong>\n\t\t\t\t\t\t\t\tPartner:\n                            <\/strong>\n\t\t\t\t\t\t\t<a href=\"https:\/\/www.cafemotorbike.com\/de\/author\/costa-adeje-1\/\"><span class=\"partner-name\">Costa Adeje 1<\/span><\/a>                        <\/div>\n\t\t\t\t\t                <\/div>\n\t\t\t\t                    <div class=\"row mb-1\">\n                        <div id=\"features-61\" data-item_id=\"61\"\n                             class=\"col-12 item_details features\">\n                            <h5 class=\"item-features-title\">Eigenschaften<\/h5>\n\t\t\t\t\t\t\t<span class=\"single-feature\">1: Motor 900ccm<\/span><span class=\"single-feature\">4: ABS<\/span><span class=\"single-feature\">5: TFT<\/span><span class=\"single-feature\">6: Quickshifter<\/span><span class=\"single-feature\">A: 2 Integralhelme<\/span><span class=\"single-feature\">A: 2 Motorradjacken und Handschuhe<\/span><span class=\"single-feature\">A: Festplattensperre<\/span><span class=\"single-feature\">KOSTENLOSE Stornierung<\/span>                        <\/div>\n                    <\/div>\n\t\t\t\t            <\/div>\n            <div class=\"item-pricing pt-0 col-12\">\n                <div class=\"bottom-fixed\">\n                    <div class=\"car-rental-buttons\">\n\t\t\t\t\t\t                            <a class=\"item_list_button\" href=\"\/de\/\"\n                               title=\"Buchen\">\n                                <button>\n\t\t\t\t\t\t\t\t\tBuchen                                <\/button>\n                            <\/a>\n\t\t\t\t\t\t                    <\/div>\n                <\/div>\n            <\/div>\n        <\/div>\n    <\/div>\n<\/div>\n<div class=\"col-12  col-md-6 col-lg-4 single-car-list item_id_32\"\n     data-attribute_group_default_label4=\"0\"\n     data-attribute_group_default_label1=\"3\"\n     data-attribute_group_default_label2=\"2\"\n     data-manufacturer=\"14\"\n     data-class=\"9\">\n    <div class=\"box_shadow\">\n        <div class=\"row\">\n            <div class=\"item-image text-center col-12\">\n                <div class=\"row d-flex align-items-center h-100\">\n                    <div class=\"col-12\">\n\t\t\t\t\t\t                            <a class=\"fancybox\" href=\"https:\/\/www.cafemotorbike.com\/wp-content\/uploads\/CarRentalGallery\/1764077409_Motorradvermietung-Teneriffa-2023.jpg\" rel=\"group_http:\/\/32\"\n                               title=\"HONDA Africa Twin 1100  - via Costa Adeje 1\">\n                                <img decoding=\"async\" src=\"https:\/\/www.cafemotorbike.com\/wp-content\/uploads\/CarRentalGallery\/thumb_1764077409_Motorradvermietung-Teneriffa-2023.jpg\"\n                                     alt=\"HONDA Africa Twin 1100  - via Costa Adeje 1\"\/>\n                            <\/a>\n\t\t\t\t\t\t                        <div class=\"d-none\">\n\t\t\t\t\t\t\t\t\t\t\t\t\t\t                        <\/div>\n                    <\/div>\n                <\/div>\n            <\/div>\n            <div class=\"item-details-group pb-0 col-12\">\n\t\t\t\t                <a href=\"https:\/\/www.cafemotorbike.com\/de\/m\/rent-honda-africa-twin-1100\/\" target=\"_blank\"\n                   title=\"Fahrzeugbeschreibung anzeigen\">\n\t\t\t\t\t                    <h4 class=\"item_list_titles\">HONDA Africa Twin 1100<\/h4>\n\t\t\t\t\t                <\/a>\n\t\t\t                <div class=\"row item_details details\">\n\t\t\t\t\t                        <div class=\"col-12\">\n                            <i class=\"fas fa-car\"><\/i>\n                            <strong>\n\t\t\t\t\t\t\t\tKlasse:\n                            <\/strong> MOTORRAD 1100                        <\/div>\n\t\t\t\t\t\t\t\t\t\t                        <div class=\"col-12\">\n                            <i class=\"fas fa-cogs\"><\/i>\n                            <strong>\n\t\t\t\t\t\t\t\tGetriebe:\n                            <\/strong> Handbuch                        <\/div>\n\t\t\t\t\t\t\t\t\t\t\t\t\t\t\t                        <div class=\"col-12\">\n                            <i class=\"fas fa-gas-pump\"><\/i>\n                            <strong>\n\t\t\t\t\t\t\t\tFahrerlaubnis:\n                            <\/strong> A                        <\/div>\n\t\t\t\t\t\t\t\t\t\t\t\t\t\t\t                        <div class=\"col-12\">\n                            <i class=\"fas fa-user\"><\/i>\n                            <strong>\n\t\t\t\t\t\t\t\tPartner:\n                            <\/strong>\n\t\t\t\t\t\t\t<a href=\"https:\/\/www.cafemotorbike.com\/de\/author\/costa-adeje-1\/\"><span class=\"partner-name\">Costa Adeje 1<\/span><\/a>                        <\/div>\n\t\t\t\t\t                <\/div>\n\t\t\t\t                    <div class=\"row mb-1\">\n                        <div id=\"features-32\" data-item_id=\"32\"\n                             class=\"col-12 item_details features\">\n                            <h5 class=\"item-features-title\">Eigenschaften<\/h5>\n\t\t\t\t\t\t\t<span class=\"single-feature\">4: ABS<\/span><span class=\"single-feature\">KOSTENLOSE Stornierung<\/span><span class=\"single-feature\">5: TFT<\/span><span class=\"single-feature\">1: Motor 1100ccm<\/span><span class=\"single-feature\">2: Maximale Leistung 102 PS<\/span><span class=\"single-feature\">A: 2 Integralhelme<\/span><span class=\"single-feature\">A: 2 Motorradjacken und Handschuhe<\/span><span class=\"single-feature\">A: Festplattensperre<\/span><span class=\"single-feature\">3: Sattelh\u00f6he 800\/850 mm<\/span>                        <\/div>\n                    <\/div>\n\t\t\t\t            <\/div>\n            <div class=\"item-pricing pt-0 col-12\">\n                <div class=\"bottom-fixed\">\n                    <div class=\"car-rental-buttons\">\n\t\t\t\t\t\t                            <a class=\"item_list_button\" href=\"\/de\/\"\n                               title=\"Buchen\">\n                                <button>\n\t\t\t\t\t\t\t\t\tBuchen                                <\/button>\n                            <\/a>\n\t\t\t\t\t\t                    <\/div>\n                <\/div>\n            <\/div>\n        <\/div>\n    <\/div>\n<\/div>\n<\/div><div class=\"no-results-msg\"><\/div>    <\/div>\n<\/div><\/div>\n\t\t\t\t\t\t<\/div>\n\t\t\t\t<\/div>\n\t\t\t\t\t<\/div>\n\t\t<\/div>\n\t\t\t\t\t<\/div>\n\t\t<\/section>\n\t\t\t\t<\/div>","protected":false},"excerpt":{"rendered":"<p>Discover the ultimate freedom of exploring the scenic beauty of Tenerife with our exceptional fleet of rental motorcycles. When it comes to alquiler de motos en Tenerife, we are the trusted choice, offering a range of high-quality bikes that promise both performance and safety. Traverse the coastal roads or delve into the mountainous terrains; our [&hellip;]<\/p>\n","protected":false},"author":1,"featured_media":7948,"parent":0,"menu_order":0,"comment_status":"closed","ping_status":"closed","template":"","meta":{"footnotes":""},"class_list":["post-444","page","type-page","status-publish","has-post-thumbnail","hentry"],"_links":{"self":[{"href":"https:\/\/www.cafemotorbike.com\/de\/wp-json\/wp\/v2\/pages\/444","targetHints":{"allow":["GET"]}}],"collection":[{"href":"https:\/\/www.cafemotorbike.com\/de\/wp-json\/wp\/v2\/pages"}],"about":[{"href":"https:\/\/www.cafemotorbike.com\/de\/wp-json\/wp\/v2\/types\/page"}],"author":[{"embeddable":true,"href":"https:\/\/www.cafemotorbike.com\/de\/wp-json\/wp\/v2\/users\/1"}],"replies":[{"embeddable":true,"href":"https:\/\/www.cafemotorbike.com\/de\/wp-json\/wp\/v2\/comments?post=444"}],"version-history":[{"count":66,"href":"https:\/\/www.cafemotorbike.com\/de\/wp-json\/wp\/v2\/pages\/444\/revisions"}],"predecessor-version":[{"id":12368,"href":"https:\/\/www.cafemotorbike.com\/de\/wp-json\/wp\/v2\/pages\/444\/revisions\/12368"}],"wp:featuredmedia":[{"embeddable":true,"href":"https:\/\/www.cafemotorbike.com\/de\/wp-json\/wp\/v2\/media\/7948"}],"wp:attachment":[{"href":"https:\/\/www.cafemotorbike.com\/de\/wp-json\/wp\/v2\/media?parent=444"}],"curies":[{"name":"wp","href":"https:\/\/api.w.org\/{rel}","templated":true}]}}