{"id":10265,"date":"2024-10-15T16:17:15","date_gmt":"2024-10-15T16:17:15","guid":{"rendered":"https:\/\/www.cafemotorbike.com\/?page_id=10265"},"modified":"2025-07-21T16:28:36","modified_gmt":"2025-07-21T16:28:36","slug":"motorradrouten-auf-teneriffa-3","status":"publish","type":"page","link":"https:\/\/www.cafemotorbike.com\/de\/motorcycle-routes-in-tenerife\/","title":{"rendered":"Motorradrouten auf Teneriffa"},"content":{"rendered":"<div data-elementor-type=\"wp-page\" data-elementor-id=\"10265\" class=\"elementor elementor-10265\" data-elementor-post-type=\"page\">\n\t\t\t\t\t\t<section class=\"elementor-section elementor-top-section elementor-element elementor-element-00cc482 elementor-section-full_width elementor-section-height-min-height elementor-section-content-middle elementor-section-stretched elementor-section-height-default elementor-section-items-middle\" data-id=\"00cc482\" data-element_type=\"section\" data-e-type=\"section\" data-settings=\"{&quot;stretch_section&quot;:&quot;section-stretched&quot;}\">\n\t\t\t\t\t\t<div class=\"elementor-container elementor-column-gap-no\">\n\t\t\t\t\t<div class=\"elementor-column elementor-col-100 elementor-top-column elementor-element elementor-element-e72aeba\" data-id=\"e72aeba\" data-element_type=\"column\" data-e-type=\"column\">\n\t\t\t<div class=\"elementor-widget-wrap elementor-element-populated\">\n\t\t\t\t\t\t<section class=\"elementor-section elementor-inner-section elementor-element elementor-element-3ff2cf8 elementor-section-full_width elementor-section-height-min-height elementor-section-content-middle elementor-section-stretched loc-top-2 elementor-section-height-default elementor-section-items-middle\" data-id=\"3ff2cf8\" data-element_type=\"section\" data-e-type=\"section\" data-settings=\"{&quot;stretch_section&quot;:&quot;section-stretched&quot;,&quot;background_background&quot;:&quot;slideshow&quot;,&quot;background_slideshow_gallery&quot;:[],&quot;background_slideshow_loop&quot;:&quot;yes&quot;,&quot;background_slideshow_slide_duration&quot;:5000,&quot;background_slideshow_slide_transition&quot;:&quot;fade&quot;,&quot;background_slideshow_transition_duration&quot;:500}\">\n\t\t\t\t\t\t<div class=\"elementor-container elementor-column-gap-no\">\n\t\t\t\t\t<div class=\"elementor-column elementor-col-100 elementor-top-column elementor-element elementor-element-13903ea\" data-id=\"13903ea\" data-element_type=\"column\" data-e-type=\"column\">\n\t\t\t<div class=\"elementor-widget-wrap elementor-element-populated\">\n\t\t\t\t\t\t<div class=\"elementor-element elementor-element-e89d1b8 elementor-widget__width-initial cabecera-texto elementor-widget elementor-widget-text-editor\" data-id=\"e89d1b8\" data-element_type=\"widget\" data-e-type=\"widget\" data-widget_type=\"text-editor.default\">\n\t\t\t\t<div class=\"elementor-widget-container\">\n\t\t\t\t\t\t\t\t\t<h2>Sind Sie bereit, die besten Motorradtouren auf Teneriffa zu entdecken?<\/h2><p>Unsere Leidenschaft und unsere Arbeit sind in diesem Motorradverleih auf Teneriffa perfekt vereint.<br \/>Im Folgenden schlagen wir Ihnen einige Routen vor, die Sie mit dem Motorrad auf Teneriffa fahren k\u00f6nnen, mit n\u00fctzlichen Informationen f\u00fcr die Reise.<\/p><p>Wenn Sie ein Motorrad bei uns mieten m\u00f6chten, k\u00f6nnen Sie auf die Homepage gehen und den Mietzeitraum angeben, um die verf\u00fcgbaren Motorr\u00e4der zu sehen und sie direkt zu buchen.<\/p><p>Ich hoffe, ich konnte Ihnen n\u00fctzliche Informationen und Anregungen geben, damit Sie das Beste aus unseren Stra\u00dfen, der Insel und - warum nicht - unseren Motorr\u00e4dern machen k\u00f6nnen, die immer neu sind und st\u00e4ndig gewartet werden.<\/p><p><strong>Antonino und Anna<\/strong><br \/><strong>Cafemotorrad.de<\/strong><\/p>\t\t\t\t\t\t\t\t<\/div>\n\t\t\t\t<\/div>\n\t\t\t\t\t<\/div>\n\t\t<\/div>\n\t\t\t\t\t<\/div>\n\t\t<\/section>\n\t\t\t\t\t<\/div>\n\t\t<\/div>\n\t\t\t\t\t<\/div>\n\t\t<\/section>\n\t\t\t\t<section class=\"elementor-section elementor-top-section elementor-element elementor-element-0172cfe elementor-section-boxed elementor-section-height-default elementor-section-height-default\" data-id=\"0172cfe\" data-element_type=\"section\" data-e-type=\"section\">\n\t\t\t\t\t\t<div class=\"elementor-container elementor-column-gap-default\">\n\t\t\t\t\t<div class=\"elementor-column elementor-col-100 elementor-top-column elementor-element elementor-element-9b8b918\" data-id=\"9b8b918\" data-element_type=\"column\" data-e-type=\"column\">\n\t\t\t<div class=\"elementor-widget-wrap elementor-element-populated\">\n\t\t\t\t\t\t<section class=\"elementor-section elementor-inner-section elementor-element elementor-element-5175df5 elementor-section-height-default elementor-section-boxed elementor-section-height-default\" data-id=\"5175df5\" data-element_type=\"section\" data-e-type=\"section\">\n\t\t\t\t\t\t<div class=\"elementor-container elementor-column-gap-default\">\n\t\t\t\t\t<div class=\"elementor-column elementor-col-100 elementor-top-column elementor-element elementor-element-592997c\" data-id=\"592997c\" data-element_type=\"column\" data-e-type=\"column\">\n\t\t\t<div class=\"elementor-widget-wrap elementor-element-populated\">\n\t\t\t\t\t\t<div class=\"elementor-element elementor-element-9f0b9d2 elementor-posts__hover-none elementor-grid-3 elementor-grid-tablet-2 elementor-grid-mobile-1 elementor-posts--thumbnail-top elementor-card-shadow-yes load-more-align-center elementor-widget elementor-widget-posts\" data-id=\"9f0b9d2\" data-element_type=\"widget\" data-e-type=\"widget\" data-settings=\"{&quot;pagination_type&quot;:&quot;load_more_on_click&quot;,&quot;cards_row_gap&quot;:{&quot;unit&quot;:&quot;px&quot;,&quot;size&quot;:45,&quot;sizes&quot;:[]},&quot;cards_columns&quot;:&quot;3&quot;,&quot;cards_columns_tablet&quot;:&quot;2&quot;,&quot;cards_columns_mobile&quot;:&quot;1&quot;,&quot;cards_row_gap_tablet&quot;:{&quot;unit&quot;:&quot;px&quot;,&quot;size&quot;:&quot;&quot;,&quot;sizes&quot;:[]},&quot;cards_row_gap_mobile&quot;:{&quot;unit&quot;:&quot;px&quot;,&quot;size&quot;:&quot;&quot;,&quot;sizes&quot;:[]},&quot;load_more_spinner&quot;:{&quot;value&quot;:&quot;fas fa-spinner&quot;,&quot;library&quot;:&quot;fa-solid&quot;}}\" data-widget_type=\"posts.cards\">\n\t\t\t\t<div class=\"elementor-widget-container\">\n\t\t\t\t\t\t\t<div class=\"elementor-posts-container elementor-posts elementor-posts--skin-cards elementor-grid\" role=\"list\">\n\t\t\t\t<article class=\"elementor-post elementor-grid-item post-10558 post type-post status-publish format-standard has-post-thumbnail hentry category-routes tag-santa-cruz tag-teide\" role=\"listitem\">\n\t\t\t<div class=\"elementor-post__card\">\n\t\t\t\t<a class=\"elementor-post__thumbnail__link\" href=\"https:\/\/www.cafemotorbike.com\/de\/scenic-motorbike-escape-from-teide-to-santa-cruz\/\" tabindex=\"-1\"><div class=\"elementor-post__thumbnail\"><img fetchpriority=\"high\" decoding=\"async\" width=\"1200\" height=\"630\" src=\"https:\/\/www.cafemotorbike.com\/wp-content\/uploads\/cafemotorbike-ruta-A06.jpg\" class=\"attachment-full size-full wp-image-10908\" alt=\"\" srcset=\"https:\/\/www.cafemotorbike.com\/wp-content\/uploads\/cafemotorbike-ruta-A06.jpg 1200w, https:\/\/www.cafemotorbike.com\/wp-content\/uploads\/cafemotorbike-ruta-A06-500x263.jpg 500w, https:\/\/www.cafemotorbike.com\/wp-content\/uploads\/cafemotorbike-ruta-A06-1024x538.jpg 1024w, https:\/\/www.cafemotorbike.com\/wp-content\/uploads\/cafemotorbike-ruta-A06-768x403.jpg 768w, https:\/\/www.cafemotorbike.com\/wp-content\/uploads\/cafemotorbike-ruta-A06-18x9.jpg 18w, https:\/\/www.cafemotorbike.com\/wp-content\/uploads\/cafemotorbike-ruta-A06-150x79.jpg 150w, https:\/\/www.cafemotorbike.com\/wp-content\/uploads\/cafemotorbike-ruta-A06-300x158.jpg 300w\" sizes=\"(max-width: 1200px) 100vw, 1200px\" \/><\/div><\/a>\n\t\t\t\t<div class=\"elementor-post__badge\">Santa Cruz<\/div>\n\t\t\t\t<div class=\"elementor-post__text\">\n\t\t\t\t<h3 class=\"elementor-post__title\">\n\t\t\t<a href=\"https:\/\/www.cafemotorbike.com\/de\/scenic-motorbike-escape-from-teide-to-santa-cruz\/\">\n\t\t\t\t1) Landschaftlich reizvolle Motorradtour: Vom Teide nach Santa Cruz\t\t\t<\/a>\n\t\t<\/h3>\n\t\t\t\t<div class=\"elementor-post__excerpt\">\n\t\t\t<p>Teneriffa mit dem Motorrad erkunden: Vom Teide nach Santa Cruz mit Zwischenstopp in Puerto de la Cruz Erleben Sie die atemberaubende Vielfalt Teneriffas auf einer Motorradtour<\/p>\n\t\t<\/div>\n\t\t\n\t\t<a class=\"elementor-post__read-more\" href=\"https:\/\/www.cafemotorbike.com\/de\/scenic-motorbike-escape-from-teide-to-santa-cruz\/\" aria-label=\"Mehr \u00fcber 1) Scenic Motorbike Escape: From Teide to Santa Cruz\" tabindex=\"-1\">\n\t\t\tMehr lesen \"\t\t<\/a>\n\n\t\t\t\t<\/div>\n\t\t\t\t<div class=\"elementor-post__meta-data\">\n\t\t\t\t\t<span class=\"elementor-post-date\">\n\t\t\t15\/10\/2024\t\t<\/span>\n\t\t\t\t<span class=\"elementor-post-avatar\">\n\t\t\tKeine Kommentare\t\t<\/span>\n\t\t\t\t<\/div>\n\t\t\t\t\t<\/div>\n\t\t<\/article>\n\t\t\t\t<article class=\"elementor-post elementor-grid-item post-10709 post type-post status-publish format-standard has-post-thumbnail hentry category-routes tag-los-cristianos tag-puerto-de-la-cruz\" role=\"listitem\">\n\t\t\t<div class=\"elementor-post__card\">\n\t\t\t\t<a class=\"elementor-post__thumbnail__link\" href=\"https:\/\/www.cafemotorbike.com\/de\/motorbike-route-across-tenerife-from-puerto-de-la-cruz-to-los-cristianos\/\" tabindex=\"-1\"><div class=\"elementor-post__thumbnail\"><img decoding=\"async\" width=\"1200\" height=\"630\" src=\"https:\/\/www.cafemotorbike.com\/wp-content\/uploads\/cafemotorbike-ruta-D05.jpg\" class=\"attachment-full size-full wp-image-11160\" alt=\"2) Motorradroute quer durch Teneriffa: Von Puerto de la Cruz nach Los Cristianos\" srcset=\"https:\/\/www.cafemotorbike.com\/wp-content\/uploads\/cafemotorbike-ruta-D05.jpg 1200w, https:\/\/www.cafemotorbike.com\/wp-content\/uploads\/cafemotorbike-ruta-D05-500x263.jpg 500w, https:\/\/www.cafemotorbike.com\/wp-content\/uploads\/cafemotorbike-ruta-D05-1024x538.jpg 1024w, https:\/\/www.cafemotorbike.com\/wp-content\/uploads\/cafemotorbike-ruta-D05-768x403.jpg 768w, https:\/\/www.cafemotorbike.com\/wp-content\/uploads\/cafemotorbike-ruta-D05-18x9.jpg 18w, https:\/\/www.cafemotorbike.com\/wp-content\/uploads\/cafemotorbike-ruta-D05-150x79.jpg 150w, https:\/\/www.cafemotorbike.com\/wp-content\/uploads\/cafemotorbike-ruta-D05-300x158.jpg 300w\" sizes=\"(max-width: 1200px) 100vw, 1200px\" \/><\/div><\/a>\n\t\t\t\t<div class=\"elementor-post__badge\">Los Cristianos<\/div>\n\t\t\t\t<div class=\"elementor-post__text\">\n\t\t\t\t<h3 class=\"elementor-post__title\">\n\t\t\t<a href=\"https:\/\/www.cafemotorbike.com\/de\/motorbike-route-across-tenerife-from-puerto-de-la-cruz-to-los-cristianos\/\">\n\t\t\t\t2) Motorradroute quer durch Teneriffa: Von Puerto de la Cruz nach Los Cristianos\t\t\t<\/a>\n\t\t<\/h3>\n\t\t\t\t<div class=\"elementor-post__excerpt\">\n\t\t\t<p>Teneriffa von Norden nach S\u00fcden mit dem Motorrad erkunden: Von Puerto de la Cruz nach Los Cristianos Diese Motorradroute l\u00e4sst Sie das Beste von Teneriffa erleben<\/p>\n\t\t<\/div>\n\t\t\n\t\t<a class=\"elementor-post__read-more\" href=\"https:\/\/www.cafemotorbike.com\/de\/motorbike-route-across-tenerife-from-puerto-de-la-cruz-to-los-cristianos\/\" aria-label=\"Mehr \u00fcber 2) Motorbike Route Across Tenerife: From Puerto de la Cruz to Los Cristianos\" tabindex=\"-1\">\n\t\t\tMehr lesen \"\t\t<\/a>\n\n\t\t\t\t<\/div>\n\t\t\t\t<div class=\"elementor-post__meta-data\">\n\t\t\t\t\t<span class=\"elementor-post-date\">\n\t\t\t13\/09\/2024\t\t<\/span>\n\t\t\t\t<span class=\"elementor-post-avatar\">\n\t\t\tKeine Kommentare\t\t<\/span>\n\t\t\t\t<\/div>\n\t\t\t\t\t<\/div>\n\t\t<\/article>\n\t\t\t\t<article class=\"elementor-post elementor-grid-item post-10707 post type-post status-publish format-standard has-post-thumbnail hentry category-routes tag-puerto-de-la-cruz\" role=\"listitem\">\n\t\t\t<div class=\"elementor-post__card\">\n\t\t\t\t<a class=\"elementor-post__thumbnail__link\" href=\"https:\/\/www.cafemotorbike.com\/de\/discover-tenerife-by-motorbike-from-los-cristianos-to-puerto-de-la-cruz\/\" tabindex=\"-1\"><div class=\"elementor-post__thumbnail\"><img decoding=\"async\" width=\"1200\" height=\"630\" src=\"https:\/\/www.cafemotorbike.com\/wp-content\/uploads\/cafemotorbike-ruta-E05.jpg\" class=\"attachment-full size-full wp-image-11161\" alt=\"3) Teneriffa mit dem Motorrad entdecken: Von Los Cristianos nach Puerto de la Cruz\" srcset=\"https:\/\/www.cafemotorbike.com\/wp-content\/uploads\/cafemotorbike-ruta-E05.jpg 1200w, https:\/\/www.cafemotorbike.com\/wp-content\/uploads\/cafemotorbike-ruta-E05-500x263.jpg 500w, https:\/\/www.cafemotorbike.com\/wp-content\/uploads\/cafemotorbike-ruta-E05-1024x538.jpg 1024w, https:\/\/www.cafemotorbike.com\/wp-content\/uploads\/cafemotorbike-ruta-E05-768x403.jpg 768w, https:\/\/www.cafemotorbike.com\/wp-content\/uploads\/cafemotorbike-ruta-E05-18x9.jpg 18w, https:\/\/www.cafemotorbike.com\/wp-content\/uploads\/cafemotorbike-ruta-E05-150x79.jpg 150w, https:\/\/www.cafemotorbike.com\/wp-content\/uploads\/cafemotorbike-ruta-E05-300x158.jpg 300w\" sizes=\"(max-width: 1200px) 100vw, 1200px\" \/><\/div><\/a>\n\t\t\t\t<div class=\"elementor-post__badge\">Puerto de la Cruz<\/div>\n\t\t\t\t<div class=\"elementor-post__text\">\n\t\t\t\t<h3 class=\"elementor-post__title\">\n\t\t\t<a href=\"https:\/\/www.cafemotorbike.com\/de\/discover-tenerife-by-motorbike-from-los-cristianos-to-puerto-de-la-cruz\/\">\n\t\t\t\t3) Teneriffa mit dem Motorrad entdecken: Von Los Cristianos nach Puerto de la Cruz\t\t\t<\/a>\n\t\t<\/h3>\n\t\t\t\t<div class=\"elementor-post__excerpt\">\n\t\t\t<p>Mit dem Motorrad entlang der K\u00fcste Teneriffas: Von Los Cristianos nach Puerto de la Cruz Begeben Sie sich auf eine unvergessliche Reise entlang der vielf\u00e4ltigen K\u00fcsten Teneriffas, von der<\/p>\n\t\t<\/div>\n\t\t\n\t\t<a class=\"elementor-post__read-more\" href=\"https:\/\/www.cafemotorbike.com\/de\/discover-tenerife-by-motorbike-from-los-cristianos-to-puerto-de-la-cruz\/\" aria-label=\"Mehr \u00fcber 3) Discover Tenerife by Motorbike: From Los Cristianos to Puerto de la Cruz\" tabindex=\"-1\">\n\t\t\tMehr lesen \"\t\t<\/a>\n\n\t\t\t\t<\/div>\n\t\t\t\t<div class=\"elementor-post__meta-data\">\n\t\t\t\t\t<span class=\"elementor-post-date\">\n\t\t\t13\/09\/2024\t\t<\/span>\n\t\t\t\t<span class=\"elementor-post-avatar\">\n\t\t\tKeine Kommentare\t\t<\/span>\n\t\t\t\t<\/div>\n\t\t\t\t\t<\/div>\n\t\t<\/article>\n\t\t\t\t<article class=\"elementor-post elementor-grid-item post-10705 post type-post status-publish format-standard has-post-thumbnail hentry category-routes tag-teide\" role=\"listitem\">\n\t\t\t<div class=\"elementor-post__card\">\n\t\t\t\t<a class=\"elementor-post__thumbnail__link\" href=\"https:\/\/www.cafemotorbike.com\/de\/motorbike-route-to-teide-with-cable-car\/\" tabindex=\"-1\"><div class=\"elementor-post__thumbnail\"><img loading=\"lazy\" decoding=\"async\" width=\"1200\" height=\"630\" src=\"https:\/\/www.cafemotorbike.com\/wp-content\/uploads\/cafemotorbike-ruta-A04.jpg\" class=\"attachment-full size-full wp-image-10911\" alt=\"\" srcset=\"https:\/\/www.cafemotorbike.com\/wp-content\/uploads\/cafemotorbike-ruta-A04.jpg 1200w, https:\/\/www.cafemotorbike.com\/wp-content\/uploads\/cafemotorbike-ruta-A04-500x263.jpg 500w, https:\/\/www.cafemotorbike.com\/wp-content\/uploads\/cafemotorbike-ruta-A04-1024x538.jpg 1024w, https:\/\/www.cafemotorbike.com\/wp-content\/uploads\/cafemotorbike-ruta-A04-768x403.jpg 768w, https:\/\/www.cafemotorbike.com\/wp-content\/uploads\/cafemotorbike-ruta-A04-18x9.jpg 18w, https:\/\/www.cafemotorbike.com\/wp-content\/uploads\/cafemotorbike-ruta-A04-150x79.jpg 150w, https:\/\/www.cafemotorbike.com\/wp-content\/uploads\/cafemotorbike-ruta-A04-300x158.jpg 300w\" sizes=\"(max-width: 1200px) 100vw, 1200px\" \/><\/div><\/a>\n\t\t\t\t<div class=\"elementor-post__badge\">Teide<\/div>\n\t\t\t\t<div class=\"elementor-post__text\">\n\t\t\t\t<h3 class=\"elementor-post__title\">\n\t\t\t<a href=\"https:\/\/www.cafemotorbike.com\/de\/motorbike-route-to-teide-with-cable-car\/\">\n\t\t\t\t4) Motorradroute zum Teide mit Seilbahn\t\t\t<\/a>\n\t\t<\/h3>\n\t\t\t\t<div class=\"elementor-post__excerpt\">\n\t\t\t<p>Abenteuer in luftiger H\u00f6he: Entdecken Sie den Teide mit dem Motorrad und fahren Sie mit der Seilbahn hinauf Erleben Sie eines der aufregendsten Abenteuer Teneriffas mit einer Motorradtour zum ikonischen<\/p>\n\t\t<\/div>\n\t\t\n\t\t<a class=\"elementor-post__read-more\" href=\"https:\/\/www.cafemotorbike.com\/de\/motorbike-route-to-teide-with-cable-car\/\" aria-label=\"Mehr \u00fcber 4) Motorbike Route to Teide with Cable Car\" tabindex=\"-1\">\n\t\t\tMehr lesen \"\t\t<\/a>\n\n\t\t\t\t<\/div>\n\t\t\t\t<div class=\"elementor-post__meta-data\">\n\t\t\t\t\t<span class=\"elementor-post-date\">\n\t\t\t13\/09\/2024\t\t<\/span>\n\t\t\t\t<span class=\"elementor-post-avatar\">\n\t\t\tKeine Kommentare\t\t<\/span>\n\t\t\t\t<\/div>\n\t\t\t\t\t<\/div>\n\t\t<\/article>\n\t\t\t\t<article class=\"elementor-post elementor-grid-item post-10703 post type-post status-publish format-standard has-post-thumbnail hentry category-routes tag-masca tag-teide\" role=\"listitem\">\n\t\t\t<div class=\"elementor-post__card\">\n\t\t\t\t<a class=\"elementor-post__thumbnail__link\" href=\"https:\/\/www.cafemotorbike.com\/de\/scenic-motorbike-route-from-teide-to-masca\/\" tabindex=\"-1\"><div class=\"elementor-post__thumbnail\"><img loading=\"lazy\" decoding=\"async\" width=\"1200\" height=\"630\" src=\"https:\/\/www.cafemotorbike.com\/wp-content\/uploads\/cafemotorbike-ruta-A03.jpg\" class=\"attachment-full size-full wp-image-10912\" alt=\"5) Landschaftlich reizvolle Motorradroute: Vom Teide nach Masca\" srcset=\"https:\/\/www.cafemotorbike.com\/wp-content\/uploads\/cafemotorbike-ruta-A03.jpg 1200w, https:\/\/www.cafemotorbike.com\/wp-content\/uploads\/cafemotorbike-ruta-A03-500x263.jpg 500w, https:\/\/www.cafemotorbike.com\/wp-content\/uploads\/cafemotorbike-ruta-A03-1024x538.jpg 1024w, https:\/\/www.cafemotorbike.com\/wp-content\/uploads\/cafemotorbike-ruta-A03-768x403.jpg 768w, https:\/\/www.cafemotorbike.com\/wp-content\/uploads\/cafemotorbike-ruta-A03-18x9.jpg 18w, https:\/\/www.cafemotorbike.com\/wp-content\/uploads\/cafemotorbike-ruta-A03-150x79.jpg 150w, https:\/\/www.cafemotorbike.com\/wp-content\/uploads\/cafemotorbike-ruta-A03-300x158.jpg 300w\" sizes=\"(max-width: 1200px) 100vw, 1200px\" \/><\/div><\/a>\n\t\t\t\t<div class=\"elementor-post__badge\">Masca<\/div>\n\t\t\t\t<div class=\"elementor-post__text\">\n\t\t\t\t<h3 class=\"elementor-post__title\">\n\t\t\t<a href=\"https:\/\/www.cafemotorbike.com\/de\/scenic-motorbike-route-from-teide-to-masca\/\">\n\t\t\t\t5) Landschaftlich reizvolle Motorradroute: Vom Teide nach Masca\t\t\t<\/a>\n\t\t<\/h3>\n\t\t\t\t<div class=\"elementor-post__excerpt\">\n\t\t\t<p>Teneriffa mit dem Motorrad erkunden: Vom Teide nach Masca \u00fcber Puerto de la Cruz Erleben Sie die vielf\u00e4ltigen Landschaften Teneriffas auf dieser Motorradroute,<\/p>\n\t\t<\/div>\n\t\t\n\t\t<a class=\"elementor-post__read-more\" href=\"https:\/\/www.cafemotorbike.com\/de\/scenic-motorbike-route-from-teide-to-masca\/\" aria-label=\"Mehr \u00fcber 5) Scenic Motorbike Route: From Teide to Masca\" tabindex=\"-1\">\n\t\t\tMehr lesen \"\t\t<\/a>\n\n\t\t\t\t<\/div>\n\t\t\t\t<div class=\"elementor-post__meta-data\">\n\t\t\t\t\t<span class=\"elementor-post-date\">\n\t\t\t13\/09\/2024\t\t<\/span>\n\t\t\t\t<span class=\"elementor-post-avatar\">\n\t\t\tKeine Kommentare\t\t<\/span>\n\t\t\t\t<\/div>\n\t\t\t\t\t<\/div>\n\t\t<\/article>\n\t\t\t\t<article class=\"elementor-post elementor-grid-item post-10701 post type-post status-publish format-standard has-post-thumbnail hentry category-routes tag-anaga tag-teide\" role=\"listitem\">\n\t\t\t<div class=\"elementor-post__card\">\n\t\t\t\t<a class=\"elementor-post__thumbnail__link\" href=\"https:\/\/www.cafemotorbike.com\/de\/must-do-motorbike-route-from-teide-to-anaga\/\" tabindex=\"-1\"><div class=\"elementor-post__thumbnail\"><img loading=\"lazy\" decoding=\"async\" width=\"1200\" height=\"630\" src=\"https:\/\/www.cafemotorbike.com\/wp-content\/uploads\/cafemotorbike-ruta-A06-1.jpg\" class=\"attachment-full size-full wp-image-10913\" alt=\"6) Unbedingt empfehlenswerte Motorradroute: Vom Teide nach Anaga\" srcset=\"https:\/\/www.cafemotorbike.com\/wp-content\/uploads\/cafemotorbike-ruta-A06-1.jpg 1200w, https:\/\/www.cafemotorbike.com\/wp-content\/uploads\/cafemotorbike-ruta-A06-1-500x263.jpg 500w, https:\/\/www.cafemotorbike.com\/wp-content\/uploads\/cafemotorbike-ruta-A06-1-1024x538.jpg 1024w, https:\/\/www.cafemotorbike.com\/wp-content\/uploads\/cafemotorbike-ruta-A06-1-768x403.jpg 768w, https:\/\/www.cafemotorbike.com\/wp-content\/uploads\/cafemotorbike-ruta-A06-1-18x9.jpg 18w, https:\/\/www.cafemotorbike.com\/wp-content\/uploads\/cafemotorbike-ruta-A06-1-150x79.jpg 150w, https:\/\/www.cafemotorbike.com\/wp-content\/uploads\/cafemotorbike-ruta-A06-1-300x158.jpg 300w\" sizes=\"(max-width: 1200px) 100vw, 1200px\" \/><\/div><\/a>\n\t\t\t\t<div class=\"elementor-post__badge\">Anaga<\/div>\n\t\t\t\t<div class=\"elementor-post__text\">\n\t\t\t\t<h3 class=\"elementor-post__title\">\n\t\t\t<a href=\"https:\/\/www.cafemotorbike.com\/de\/must-do-motorbike-route-from-teide-to-anaga\/\">\n\t\t\t\t6) Unbedingt empfehlenswerte Motorradroute: Vom Teide nach Anaga\t\t\t<\/a>\n\t\t<\/h3>\n\t\t\t\t<div class=\"elementor-post__excerpt\">\n\t\t\t<p>Entdecken Sie den Parque Rural de Anaga: Route vom Teide nach Santa Cruz Diese Motorradroute durch Teneriffa ist eine der atemberaubendsten, die man erleben kann.<\/p>\n\t\t<\/div>\n\t\t\n\t\t<a class=\"elementor-post__read-more\" href=\"https:\/\/www.cafemotorbike.com\/de\/must-do-motorbike-route-from-teide-to-anaga\/\" aria-label=\"Mehr \u00fcber 6) Must-Do Motorbike Route: From Teide to Anaga\" tabindex=\"-1\">\n\t\t\tMehr lesen \"\t\t<\/a>\n\n\t\t\t\t<\/div>\n\t\t\t\t<div class=\"elementor-post__meta-data\">\n\t\t\t\t\t<span class=\"elementor-post-date\">\n\t\t\t13\/09\/2024\t\t<\/span>\n\t\t\t\t<span class=\"elementor-post-avatar\">\n\t\t\tKeine Kommentare\t\t<\/span>\n\t\t\t\t<\/div>\n\t\t\t\t\t<\/div>\n\t\t<\/article>\n\t\t\t\t<article class=\"elementor-post elementor-grid-item post-10695 post type-post status-publish format-standard has-post-thumbnail hentry category-routes tag-valle-guerra\" role=\"listitem\">\n\t\t\t<div class=\"elementor-post__card\">\n\t\t\t\t<a class=\"elementor-post__thumbnail__link\" href=\"https:\/\/www.cafemotorbike.com\/de\/motorbike-adventures-in-tenerife-from-santa-cruz-to-valle-guerra\/\" tabindex=\"-1\"><div class=\"elementor-post__thumbnail\"><img loading=\"lazy\" decoding=\"async\" width=\"1200\" height=\"630\" src=\"https:\/\/www.cafemotorbike.com\/wp-content\/uploads\/cafemotorbike-ruta-A01.jpg\" class=\"attachment-full size-full wp-image-10914\" alt=\"7) Motorradabenteuer auf Teneriffa: Von Santa Cruz nach Valle Guerra\" srcset=\"https:\/\/www.cafemotorbike.com\/wp-content\/uploads\/cafemotorbike-ruta-A01.jpg 1200w, https:\/\/www.cafemotorbike.com\/wp-content\/uploads\/cafemotorbike-ruta-A01-500x263.jpg 500w, https:\/\/www.cafemotorbike.com\/wp-content\/uploads\/cafemotorbike-ruta-A01-1024x538.jpg 1024w, https:\/\/www.cafemotorbike.com\/wp-content\/uploads\/cafemotorbike-ruta-A01-768x403.jpg 768w, https:\/\/www.cafemotorbike.com\/wp-content\/uploads\/cafemotorbike-ruta-A01-18x9.jpg 18w, https:\/\/www.cafemotorbike.com\/wp-content\/uploads\/cafemotorbike-ruta-A01-150x79.jpg 150w, https:\/\/www.cafemotorbike.com\/wp-content\/uploads\/cafemotorbike-ruta-A01-300x158.jpg 300w\" sizes=\"(max-width: 1200px) 100vw, 1200px\" \/><\/div><\/a>\n\t\t\t\t<div class=\"elementor-post__badge\">Valle Guerra<\/div>\n\t\t\t\t<div class=\"elementor-post__text\">\n\t\t\t\t<h3 class=\"elementor-post__title\">\n\t\t\t<a href=\"https:\/\/www.cafemotorbike.com\/de\/motorbike-adventures-in-tenerife-from-santa-cruz-to-valle-guerra\/\">\n\t\t\t\t7) Motorradabenteuer auf Teneriffa: Von Santa Cruz nach Valle Guerra\t\t\t<\/a>\n\t\t<\/h3>\n\t\t\t\t<div class=\"elementor-post__excerpt\">\n\t\t\t<p>Entdecken Sie die Wunder von Teneriffa mit dem Motorrad: Fahren Sie durch Anaga, Benijo und Valle Guerra Teneriffa ist das perfekte Ziel f\u00fcr einen Motorradausflug und bietet atemberaubende<\/p>\n\t\t<\/div>\n\t\t\n\t\t<a class=\"elementor-post__read-more\" href=\"https:\/\/www.cafemotorbike.com\/de\/motorbike-adventures-in-tenerife-from-santa-cruz-to-valle-guerra\/\" aria-label=\"Mehr \u00fcber 7) Motorbike Adventures in Tenerife: From Santa Cruz to Valle Guerra\" tabindex=\"-1\">\n\t\t\tMehr lesen \"\t\t<\/a>\n\n\t\t\t\t<\/div>\n\t\t\t\t<div class=\"elementor-post__meta-data\">\n\t\t\t\t\t<span class=\"elementor-post-date\">\n\t\t\t13\/09\/2024\t\t<\/span>\n\t\t\t\t<span class=\"elementor-post-avatar\">\n\t\t\tKeine Kommentare\t\t<\/span>\n\t\t\t\t<\/div>\n\t\t\t\t\t<\/div>\n\t\t<\/article>\n\t\t\t\t<\/div>\n\t\t\t\t\t<span class=\"e-load-more-spinner\">\n\t\t\t\t<i aria-hidden=\"true\" class=\"fas fa-spinner\"><\/i>\t\t\t<\/span>\n\t\t\n\t\t\t\t\t\t<\/div>\n\t\t\t\t<\/div>\n\t\t\t\t\t<\/div>\n\t\t<\/div>\n\t\t\t\t\t<\/div>\n\t\t<\/section>\n\t\t\t\t\t<\/div>\n\t\t<\/div>\n\t\t\t\t\t<\/div>\n\t\t<\/section>\n\t\t\t\t<section class=\"elementor-section elementor-top-section elementor-element elementor-element-57bcc95 elementor-section-boxed elementor-section-height-default elementor-section-height-default\" data-id=\"57bcc95\" data-element_type=\"section\" data-e-type=\"section\">\n\t\t\t\t\t\t<div class=\"elementor-container elementor-column-gap-default\">\n\t\t\t\t\t<div class=\"elementor-column elementor-col-100 elementor-top-column elementor-element elementor-element-52bba52\" data-id=\"52bba52\" data-element_type=\"column\" data-e-type=\"column\">\n\t\t\t<div class=\"elementor-widget-wrap elementor-element-populated\">\n\t\t\t\t\t\t<section class=\"elementor-section elementor-inner-section elementor-element elementor-element-fcc5327 elementor-section-height-default elementor-section-boxed elementor-section-height-default\" data-id=\"fcc5327\" data-element_type=\"section\" data-e-type=\"section\">\n\t\t\t\t\t\t<div class=\"elementor-container elementor-column-gap-default\">\n\t\t\t\t\t<div class=\"elementor-column elementor-col-100 elementor-top-column elementor-element elementor-element-712c122\" data-id=\"712c122\" data-element_type=\"column\" data-e-type=\"column\">\n\t\t\t<div class=\"elementor-widget-wrap elementor-element-populated\">\n\t\t\t\t\t\t<div class=\"elementor-element elementor-element-68d59dc elementor-widget-divider--view-line elementor-widget elementor-widget-divider\" data-id=\"68d59dc\" data-element_type=\"widget\" data-e-type=\"widget\" data-widget_type=\"divider.default\">\n\t\t\t\t<div class=\"elementor-widget-container\">\n\t\t\t\t\t\t\t<div class=\"elementor-divider\">\n\t\t\t<span class=\"elementor-divider-separator\">\n\t\t\t\t\t\t<\/span>\n\t\t<\/div>\n\t\t\t\t\t\t<\/div>\n\t\t\t\t<\/div>\n\t\t\t\t<div class=\"elementor-element elementor-element-82d3853 elementor-widget elementor-widget-heading\" data-id=\"82d3853\" data-element_type=\"widget\" data-e-type=\"widget\" data-widget_type=\"heading.default\">\n\t\t\t\t<div class=\"elementor-widget-container\">\n\t\t\t\t\t<h2 class=\"elementor-heading-title elementor-size-default\">Unsere Motorr\u00e4der zum Mieten auf Teneriffa\n<\/h2>\t\t\t\t<\/div>\n\t\t\t\t<\/div>\n\t\t\t\t<div class=\"elementor-element elementor-element-058157d elementor-widget-divider--view-line_text elementor-widget-divider--element-align-center elementor-widget elementor-widget-divider\" data-id=\"058157d\" data-element_type=\"widget\" data-e-type=\"widget\" data-widget_type=\"divider.default\">\n\t\t\t\t<div class=\"elementor-widget-container\">\n\t\t\t\t\t\t\t<div class=\"elementor-divider\">\n\t\t\t<span class=\"elementor-divider-separator\">\n\t\t\t\t\t\t\t<h2 class=\"elementor-divider__text elementor-divider__element\">\n\t\t\t\tErforderliche Lizenz: A\t\t\t\t<\/h2>\n\t\t\t\t\t\t<\/span>\n\t\t<\/div>\n\t\t\t\t\t\t<\/div>\n\t\t\t\t<\/div>\n\t\t\t\t<div class=\"elementor-element elementor-element-6b9457d elementor-widget elementor-widget-shortcode\" data-id=\"6b9457d\" data-element_type=\"widget\" data-e-type=\"widget\" data-widget_type=\"shortcode.default\">\n\t\t\t\t<div class=\"elementor-widget-container\">\n\t\t\t\t\t\t\t<div class=\"elementor-shortcode\"><div id=\"cars-slider860998\"><div class=\"car-rental-slider car-rental-loading\">\n\t        <div class=\"responsive-cars-slider\">\n\t\t\t                <div class=\"box_shadow single-item-slide\">\n\t\t\t\t\t<div class=\"mb-auto\"><div class=\"car-rental-item-image\"><a href=\"#page\" title=\"Fahrzeug anschauen modell\"><img data-lazy=\"https:\/\/www.cafemotorbike.com\/wp-content\/uploads\/CarRentalGallery\/thumb_KLE650HNFAN-SL1_Urban_RF.png\" title=\"Kawasaki Versys 650 &quot;A&quot;\" alt=\"Kawasaki Versys 650 &quot;A&quot;\"><\/a><\/div><div class=\"car-rental-slider-bodytype-title\">MOTORRAD 650<\/div><div class=\"car-rental-item-title\"><a class=\"primary_color\" href=\"https:\/\/www.cafemotorbike.com\/de\/m\/kawasaki-versys-650-a\/\" title=\"Fahrzeug anschauen modell\">Kawasaki Versys 650 &quot;A&quot;<\/a><\/div><\/div><div class=\"car-rental-price-info mt-auto\"><div class=\"underline full-width mb-2\"><\/div><div class=\"car-rental-item-prefix primary_color\">Tag Von<\/div><div class=\"car-rental-item-price primary_color\">&euro;54<\/div><\/div>                    <div class=\"example-of-prices mb-2\">Beispiele f\u00fcr Preise<\/div>\n\t\t\t\t\t                        <table class=\"car-rental-item-slider-prices table mb-0\">\n                            <thead>\n                            <tr>\n\t\t\t\t\t\t\t\t                                    <th class=\"text-center\">1 Tag<\/th>\n\t\t\t\t\t\t\t\t\t\t\t\t\t\t\t\t                                    <th class=\"text-center\">3 Tage<\/th>\n\t\t\t\t\t\t\t\t\t\t\t\t\t\t\t\t                                    <th class=\"text-center\">5 Tage<\/th>\n\t\t\t\t\t\t\t\t                            <\/tr>\n                            <\/thead>\n                            <tbody>\n                            <tr>\n\t\t\t\t\t\t\t\t                                    <td class=\"text-center\">&euro;80,00<\/td>\n\t\t\t\t\t\t\t\t\t\t\t\t\t\t\t\t                                    <td class=\"text-center\">&euro;223,00<\/td>\n\t\t\t\t\t\t\t\t\t\t\t\t\t\t\t\t                                    <td class=\"text-center\">&euro;352,00<\/td>\n\t\t\t\t\t\t\t\t                            <\/tr>\n                            <\/tbody>\n                        <\/table>\n\t\t\t\t\t                    <div>\n                        <b>Kaution<\/b>: \u20ac400,00                    <\/div>\n                <\/div>\n\t\t\t                <div class=\"box_shadow single-item-slide\">\n\t\t\t\t\t<div class=\"mb-auto\"><div class=\"car-rental-item-image\"><a href=\"#page\" title=\"Fahrzeug anschauen modell\"><img data-lazy=\"https:\/\/www.cafemotorbike.com\/wp-content\/uploads\/CarRentalGallery\/thumb_Yamaha_Tracer_700_2020_rent_moto_tenerife_CAFEMOTORBIKE_GEO.jpg\" title=\"YAMAHA Tracer 7\" alt=\"YAMAHA Tracer 7\"><\/a><\/div><div class=\"car-rental-slider-bodytype-title\">MOTORRAD 700<\/div><div class=\"car-rental-item-title\"><a class=\"primary_color\" href=\"https:\/\/www.cafemotorbike.com\/de\/m\/rent-yamaha-tracer-700\/\" title=\"Fahrzeug anschauen modell\">YAMAHA Tracer 7<\/a><\/div><\/div><div class=\"car-rental-price-info mt-auto\"><div class=\"underline full-width mb-2\"><\/div><div class=\"car-rental-item-prefix primary_color\">Tag Von<\/div><div class=\"car-rental-item-price primary_color\">&euro;54<\/div><\/div>                    <div class=\"example-of-prices mb-2\">Beispiele f\u00fcr Preise<\/div>\n\t\t\t\t\t                        <table class=\"car-rental-item-slider-prices table mb-0\">\n                            <thead>\n                            <tr>\n\t\t\t\t\t\t\t\t                                    <th class=\"text-center\">1 Tag<\/th>\n\t\t\t\t\t\t\t\t\t\t\t\t\t\t\t\t                                    <th class=\"text-center\">3 Tage<\/th>\n\t\t\t\t\t\t\t\t\t\t\t\t\t\t\t\t                                    <th class=\"text-center\">5 Tage<\/th>\n\t\t\t\t\t\t\t\t                            <\/tr>\n                            <\/thead>\n                            <tbody>\n                            <tr>\n\t\t\t\t\t\t\t\t                                    <td class=\"text-center\">&euro;80,00<\/td>\n\t\t\t\t\t\t\t\t\t\t\t\t\t\t\t\t                                    <td class=\"text-center\">&euro;223,00<\/td>\n\t\t\t\t\t\t\t\t\t\t\t\t\t\t\t\t                                    <td class=\"text-center\">&euro;352,00<\/td>\n\t\t\t\t\t\t\t\t                            <\/tr>\n                            <\/tbody>\n                        <\/table>\n\t\t\t\t\t                    <div>\n                        <b>Kaution<\/b>: \u20ac400,00                    <\/div>\n                <\/div>\n\t\t\t                <div class=\"box_shadow single-item-slide\">\n\t\t\t\t\t<div class=\"mb-auto\"><div class=\"car-rental-item-image\"><a href=\"#page\" title=\"Fahrzeug anschauen modell\"><img data-lazy=\"https:\/\/www.cafemotorbike.com\/wp-content\/uploads\/CarRentalGallery\/thumb_image1-0.jpg\" title=\"YAMAHA Tracer 7 2026\" alt=\"YAMAHA Tracer 7 2026\"><\/a><\/div><div class=\"car-rental-slider-bodytype-title\">MOTORRAD 700<\/div><div class=\"car-rental-item-title\"><a class=\"primary_color\" href=\"https:\/\/www.cafemotorbike.com\/de\/m\/yamaha-tracer-7-2026\/\" title=\"Fahrzeug anschauen modell\">YAMAHA Tracer 7 2026<\/a><\/div><\/div><div class=\"car-rental-price-info mt-auto\"><div class=\"underline full-width mb-2\"><\/div><div class=\"car-rental-item-prefix primary_color\">Tag Von<\/div><div class=\"car-rental-item-price primary_color\">&euro;60<\/div><\/div>                    <div class=\"example-of-prices mb-2\">Beispiele f\u00fcr Preise<\/div>\n\t\t\t\t\t                        <table class=\"car-rental-item-slider-prices table mb-0\">\n                            <thead>\n                            <tr>\n\t\t\t\t\t\t\t\t                                    <th class=\"text-center\">1 Tag<\/th>\n\t\t\t\t\t\t\t\t\t\t\t\t\t\t\t\t                                    <th class=\"text-center\">3 Tage<\/th>\n\t\t\t\t\t\t\t\t\t\t\t\t\t\t\t\t                                    <th class=\"text-center\">5 Tage<\/th>\n\t\t\t\t\t\t\t\t                            <\/tr>\n                            <\/thead>\n                            <tbody>\n                            <tr>\n\t\t\t\t\t\t\t\t                                    <td class=\"text-center\">\u20ac88,00<\/td>\n\t\t\t\t\t\t\t\t\t\t\t\t\t\t\t\t                                    <td class=\"text-center\">\u20ac245,00<\/td>\n\t\t\t\t\t\t\t\t\t\t\t\t\t\t\t\t                                    <td class=\"text-center\">\u20ac387,00<\/td>\n\t\t\t\t\t\t\t\t                            <\/tr>\n                            <\/tbody>\n                        <\/table>\n\t\t\t\t\t                    <div>\n                        <b>Kaution<\/b>: \u20ac500,00                    <\/div>\n                <\/div>\n\t\t\t                <div class=\"box_shadow single-item-slide\">\n\t\t\t\t\t<div class=\"mb-auto\"><div class=\"car-rental-item-image\"><a href=\"#page\" title=\"Fahrzeug anschauen modell\"><img data-lazy=\"https:\/\/www.cafemotorbike.com\/wp-content\/uploads\/CarRentalGallery\/thumb_1738676087_rent_moto_tenerife_bmw_750gs_cafemotorbike_1.jpg\" title=\"BMW F750 GS\" alt=\"BMW F750 GS\"><\/a><\/div><div class=\"car-rental-slider-bodytype-title\">MOTORRAD 800<\/div><div class=\"car-rental-item-title\"><a class=\"primary_color\" href=\"https:\/\/www.cafemotorbike.com\/de\/m\/bmw-motorbike-rental\/\" title=\"Fahrzeug anschauen modell\">BMW F750 GS<\/a><\/div><\/div><div class=\"car-rental-price-info mt-auto\"><div class=\"underline full-width mb-2\"><\/div><div class=\"car-rental-item-prefix primary_color\">Tag Von<\/div><div class=\"car-rental-item-price primary_color\">\u20ac67<\/div><\/div>                    <div class=\"example-of-prices mb-2\">Beispiele f\u00fcr Preise<\/div>\n\t\t\t\t\t                        <table class=\"car-rental-item-slider-prices table mb-0\">\n                            <thead>\n                            <tr>\n\t\t\t\t\t\t\t\t                                    <th class=\"text-center\">1 Tag<\/th>\n\t\t\t\t\t\t\t\t\t\t\t\t\t\t\t\t                                    <th class=\"text-center\">3 Tage<\/th>\n\t\t\t\t\t\t\t\t\t\t\t\t\t\t\t\t                                    <th class=\"text-center\">5 Tage<\/th>\n\t\t\t\t\t\t\t\t                            <\/tr>\n                            <\/thead>\n                            <tbody>\n                            <tr>\n\t\t\t\t\t\t\t\t                                    <td class=\"text-center\">\u20ac98,00<\/td>\n\t\t\t\t\t\t\t\t\t\t\t\t\t\t\t\t                                    <td class=\"text-center\">\u20ac273,00<\/td>\n\t\t\t\t\t\t\t\t\t\t\t\t\t\t\t\t                                    <td class=\"text-center\">\u20ac431,00<\/td>\n\t\t\t\t\t\t\t\t                            <\/tr>\n                            <\/tbody>\n                        <\/table>\n\t\t\t\t\t                    <div>\n                        <b>Kaution<\/b>: \u20ac500,00                    <\/div>\n                <\/div>\n\t\t\t                <div class=\"box_shadow single-item-slide\">\n\t\t\t\t\t<div class=\"mb-auto\"><div class=\"car-rental-item-image\"><a href=\"#page\" title=\"Fahrzeug anschauen modell\"><img data-lazy=\"https:\/\/www.cafemotorbike.com\/wp-content\/uploads\/CarRentalGallery\/thumb_1726649524_rent_moto_tenerife_transalp_750_cafemotorbike.jpg\" title=\"HONDA Transalp 750\" alt=\"HONDA Transalp 750\"><\/a><\/div><div class=\"car-rental-slider-bodytype-title\">MOTORRAD 800<\/div><div class=\"car-rental-item-title\"><a class=\"primary_color\" href=\"https:\/\/www.cafemotorbike.com\/de\/m\/rent-a-honda-transalp-750\/\" title=\"Fahrzeug anschauen modell\">HONDA Transalp 750<\/a><\/div><\/div><div class=\"car-rental-price-info mt-auto\"><div class=\"underline full-width mb-2\"><\/div><div class=\"car-rental-item-prefix primary_color\">Tag Von<\/div><div class=\"car-rental-item-price primary_color\">\u20ac67<\/div><\/div>                    <div class=\"example-of-prices mb-2\">Beispiele f\u00fcr Preise<\/div>\n\t\t\t\t\t                        <table class=\"car-rental-item-slider-prices table mb-0\">\n                            <thead>\n                            <tr>\n\t\t\t\t\t\t\t\t                                    <th class=\"text-center\">1 Tag<\/th>\n\t\t\t\t\t\t\t\t\t\t\t\t\t\t\t\t                                    <th class=\"text-center\">3 Tage<\/th>\n\t\t\t\t\t\t\t\t\t\t\t\t\t\t\t\t                                    <th class=\"text-center\">5 Tage<\/th>\n\t\t\t\t\t\t\t\t                            <\/tr>\n                            <\/thead>\n                            <tbody>\n                            <tr>\n\t\t\t\t\t\t\t\t                                    <td class=\"text-center\">\u20ac98,00<\/td>\n\t\t\t\t\t\t\t\t\t\t\t\t\t\t\t\t                                    <td class=\"text-center\">\u20ac273,00<\/td>\n\t\t\t\t\t\t\t\t\t\t\t\t\t\t\t\t                                    <td class=\"text-center\">\u20ac431,00<\/td>\n\t\t\t\t\t\t\t\t                            <\/tr>\n                            <\/tbody>\n                        <\/table>\n\t\t\t\t\t                    <div>\n                        <b>Kaution<\/b>: \u20ac500,00                    <\/div>\n                <\/div>\n\t\t\t                <div class=\"box_shadow single-item-slide\">\n\t\t\t\t\t<div class=\"mb-auto\"><div class=\"car-rental-item-image\"><a href=\"#page\" title=\"Fahrzeug anschauen modell\"><img data-lazy=\"https:\/\/www.cafemotorbike.com\/wp-content\/uploads\/CarRentalGallery\/thumb_noleggio_moto_tenerife_suzuki_VStrom_800_patente_A.jpg\" title=\"Suzuki V-Strom 800DE\" alt=\"Suzuki V-Strom 800DE\"><\/a><\/div><div class=\"car-rental-slider-bodytype-title\">MOTORRAD 800<\/div><div class=\"car-rental-item-title\"><a class=\"primary_color\" href=\"https:\/\/www.cafemotorbike.com\/de\/m\/suzuki-v-strom-800de\/\" title=\"Fahrzeug anschauen modell\">Suzuki V-Strom 800DE<\/a><\/div><\/div><div class=\"car-rental-price-info mt-auto\"><div class=\"underline full-width mb-2\"><\/div><div class=\"car-rental-item-prefix primary_color\">Tag Von<\/div><div class=\"car-rental-item-price primary_color\">\u20ac67<\/div><\/div>                    <div class=\"example-of-prices mb-2\">Beispiele f\u00fcr Preise<\/div>\n\t\t\t\t\t                        <table class=\"car-rental-item-slider-prices table mb-0\">\n                            <thead>\n                            <tr>\n\t\t\t\t\t\t\t\t                                    <th class=\"text-center\">1 Tag<\/th>\n\t\t\t\t\t\t\t\t\t\t\t\t\t\t\t\t                                    <th class=\"text-center\">3 Tage<\/th>\n\t\t\t\t\t\t\t\t\t\t\t\t\t\t\t\t                                    <th class=\"text-center\">5 Tage<\/th>\n\t\t\t\t\t\t\t\t                            <\/tr>\n                            <\/thead>\n                            <tbody>\n                            <tr>\n\t\t\t\t\t\t\t\t                                    <td class=\"text-center\">\u20ac98,00<\/td>\n\t\t\t\t\t\t\t\t\t\t\t\t\t\t\t\t                                    <td class=\"text-center\">\u20ac273,00<\/td>\n\t\t\t\t\t\t\t\t\t\t\t\t\t\t\t\t                                    <td class=\"text-center\">\u20ac431,00<\/td>\n\t\t\t\t\t\t\t\t                            <\/tr>\n                            <\/tbody>\n                        <\/table>\n\t\t\t\t\t                    <div>\n                        <b>Kaution<\/b>: \u20ac500,00                    <\/div>\n                <\/div>\n\t\t\t                <div class=\"box_shadow single-item-slide\">\n\t\t\t\t\t<div class=\"mb-auto\"><div class=\"car-rental-item-image\"><a href=\"#page\" title=\"Fahrzeug anschauen modell\"><img data-lazy=\"https:\/\/www.cafemotorbike.com\/wp-content\/uploads\/CarRentalGallery\/thumb_noleggio_moto_tenerife_suzuki_VStrom_800_patente_A_cafemotorbike-GEO.jpg\" title=\"Suzuki V-Strom 800DE\" alt=\"Suzuki V-Strom 800DE\"><\/a><\/div><div class=\"car-rental-slider-bodytype-title\">MOTORRAD 800<\/div><div class=\"car-rental-item-title\"><a class=\"primary_color\" href=\"https:\/\/www.cafemotorbike.com\/de\/m\/rent-suzuki-v-strom-800\/\" title=\"Fahrzeug anschauen modell\">Suzuki V-Strom 800DE<\/a><\/div><\/div><div class=\"car-rental-price-info mt-auto\"><div class=\"underline full-width mb-2\"><\/div><div class=\"car-rental-item-prefix primary_color\">Tag Von<\/div><div class=\"car-rental-item-price primary_color\">\u20ac67<\/div><\/div>                    <div class=\"example-of-prices mb-2\">Beispiele f\u00fcr Preise<\/div>\n\t\t\t\t\t                        <table class=\"car-rental-item-slider-prices table mb-0\">\n                            <thead>\n                            <tr>\n\t\t\t\t\t\t\t\t                                    <th class=\"text-center\">1 Tag<\/th>\n\t\t\t\t\t\t\t\t\t\t\t\t\t\t\t\t                                    <th class=\"text-center\">3 Tage<\/th>\n\t\t\t\t\t\t\t\t\t\t\t\t\t\t\t\t                                    <th class=\"text-center\">5 Tage<\/th>\n\t\t\t\t\t\t\t\t                            <\/tr>\n                            <\/thead>\n                            <tbody>\n                            <tr>\n\t\t\t\t\t\t\t\t                                    <td class=\"text-center\">\u20ac98,00<\/td>\n\t\t\t\t\t\t\t\t\t\t\t\t\t\t\t\t                                    <td class=\"text-center\">\u20ac273,00<\/td>\n\t\t\t\t\t\t\t\t\t\t\t\t\t\t\t\t                                    <td class=\"text-center\">\u20ac431,00<\/td>\n\t\t\t\t\t\t\t\t                            <\/tr>\n                            <\/tbody>\n                        <\/table>\n\t\t\t\t\t                    <div>\n                        <b>Kaution<\/b>: \u20ac500,00                    <\/div>\n                <\/div>\n\t\t\t                <div class=\"box_shadow single-item-slide\">\n\t\t\t\t\t<div class=\"mb-auto\"><div class=\"car-rental-item-image\"><a href=\"#page\" title=\"Fahrzeug anschauen modell\"><img data-lazy=\"https:\/\/www.cafemotorbike.com\/wp-content\/uploads\/CarRentalGallery\/thumb_alquiler_moto_tenerife_BMW_850_gs_carnet_A_cafemotorbike-GEO.jpg\" title=\"BMW F850 GS Trophy\" alt=\"BMW F850 GS Trophy\"><\/a><\/div><div class=\"car-rental-slider-bodytype-title\">MOTORRAD 900<\/div><div class=\"car-rental-item-title\"><a class=\"primary_color\" href=\"https:\/\/www.cafemotorbike.com\/de\/m\/rent-bmw-850-gs\/\" title=\"Fahrzeug anschauen modell\">BMW F850 GS Trophy<\/a><\/div><\/div><div class=\"car-rental-price-info mt-auto\"><div class=\"underline full-width mb-2\"><\/div><div class=\"car-rental-item-prefix primary_color\">Tag Von<\/div><div class=\"car-rental-item-price primary_color\">&euro;75<\/div><\/div>                    <div class=\"example-of-prices mb-2\">Beispiele f\u00fcr Preise<\/div>\n\t\t\t\t\t                        <table class=\"car-rental-item-slider-prices table mb-0\">\n                            <thead>\n                            <tr>\n\t\t\t\t\t\t\t\t                                    <th class=\"text-center\">1 Tag<\/th>\n\t\t\t\t\t\t\t\t\t\t\t\t\t\t\t\t                                    <th class=\"text-center\">3 Tage<\/th>\n\t\t\t\t\t\t\t\t\t\t\t\t\t\t\t\t                                    <th class=\"text-center\">5 Tage<\/th>\n\t\t\t\t\t\t\t\t                            <\/tr>\n                            <\/thead>\n                            <tbody>\n                            <tr>\n\t\t\t\t\t\t\t\t                                    <td class=\"text-center\">&euro;110,00<\/td>\n\t\t\t\t\t\t\t\t\t\t\t\t\t\t\t\t                                    <td class=\"text-center\">&euro;306,00<\/td>\n\t\t\t\t\t\t\t\t\t\t\t\t\t\t\t\t                                    <td class=\"text-center\">&euro;484,00<\/td>\n\t\t\t\t\t\t\t\t                            <\/tr>\n                            <\/tbody>\n                        <\/table>\n\t\t\t\t\t                    <div>\n                        <b>Kaution<\/b>: \u20ac500,00                    <\/div>\n                <\/div>\n\t\t\t                <div class=\"box_shadow single-item-slide\">\n\t\t\t\t\t<div class=\"mb-auto\"><div class=\"car-rental-item-image\"><a href=\"#page\" title=\"Fahrzeug anschauen modell\"><img data-lazy=\"https:\/\/www.cafemotorbike.com\/wp-content\/uploads\/CarRentalGallery\/thumb_rent_moto_tenerife_YamahaTracer9-2026.jpg\" title=\"YAMAHA Tracer 9 2026\" alt=\"YAMAHA Tracer 9 2026\"><\/a><\/div><div class=\"car-rental-slider-bodytype-title\">MOTORRAD 900<\/div><div class=\"car-rental-item-title\"><a class=\"primary_color\" href=\"https:\/\/www.cafemotorbike.com\/de\/m\/rent-yamaha-tracer-9-gt\/\" title=\"Fahrzeug anschauen modell\">YAMAHA Tracer 9 2026<\/a><\/div><\/div><div class=\"car-rental-price-info mt-auto\"><div class=\"underline full-width mb-2\"><\/div><div class=\"car-rental-item-prefix primary_color\">Tag Von<\/div><div class=\"car-rental-item-price primary_color\">&euro;75<\/div><\/div>                    <div class=\"example-of-prices mb-2\">Beispiele f\u00fcr Preise<\/div>\n\t\t\t\t\t                        <table class=\"car-rental-item-slider-prices table mb-0\">\n                            <thead>\n                            <tr>\n\t\t\t\t\t\t\t\t                                    <th class=\"text-center\">1 Tag<\/th>\n\t\t\t\t\t\t\t\t\t\t\t\t\t\t\t\t                                    <th class=\"text-center\">3 Tage<\/th>\n\t\t\t\t\t\t\t\t\t\t\t\t\t\t\t\t                                    <th class=\"text-center\">5 Tage<\/th>\n\t\t\t\t\t\t\t\t                            <\/tr>\n                            <\/thead>\n                            <tbody>\n                            <tr>\n\t\t\t\t\t\t\t\t                                    <td class=\"text-center\">&euro;110,00<\/td>\n\t\t\t\t\t\t\t\t\t\t\t\t\t\t\t\t                                    <td class=\"text-center\">&euro;306,00<\/td>\n\t\t\t\t\t\t\t\t\t\t\t\t\t\t\t\t                                    <td class=\"text-center\">&euro;484,00<\/td>\n\t\t\t\t\t\t\t\t                            <\/tr>\n                            <\/tbody>\n                        <\/table>\n\t\t\t\t\t                    <div>\n                        <b>Kaution<\/b>: \u20ac500,00                    <\/div>\n                <\/div>\n\t\t\t                <div class=\"box_shadow single-item-slide\">\n\t\t\t\t\t<div class=\"mb-auto\"><div class=\"car-rental-item-image\"><a href=\"#page\" title=\"Fahrzeug anschauen modell\"><img data-lazy=\"https:\/\/www.cafemotorbike.com\/wp-content\/uploads\/CarRentalGallery\/thumb_MOTO_RENT_TENERIFE_BMW_900_GS_587x440_1.jpg\" title=\"BMW F900 GS\" alt=\"BMW F900 GS\"><\/a><\/div><div class=\"car-rental-slider-bodytype-title\">MOTORRAD 900<\/div><div class=\"car-rental-item-title\"><a class=\"primary_color\" href=\"https:\/\/www.cafemotorbike.com\/de\/m\/rent-bmw-f900-gs\/\" title=\"Fahrzeug anschauen modell\">BMW F900 GS<\/a><\/div><\/div><div class=\"car-rental-price-info mt-auto\"><div class=\"underline full-width mb-2\"><\/div><div class=\"car-rental-item-prefix primary_color\">Tag Von<\/div><div class=\"car-rental-item-price primary_color\">&euro;86<\/div><\/div>                    <div class=\"example-of-prices mb-2\">Beispiele f\u00fcr Preise<\/div>\n\t\t\t\t\t                        <table class=\"car-rental-item-slider-prices table mb-0\">\n                            <thead>\n                            <tr>\n\t\t\t\t\t\t\t\t                                    <th class=\"text-center\">1 Tag<\/th>\n\t\t\t\t\t\t\t\t\t\t\t\t\t\t\t\t                                    <th class=\"text-center\">3 Tage<\/th>\n\t\t\t\t\t\t\t\t\t\t\t\t\t\t\t\t                                    <th class=\"text-center\">5 Tage<\/th>\n\t\t\t\t\t\t\t\t                            <\/tr>\n                            <\/thead>\n                            <tbody>\n                            <tr>\n\t\t\t\t\t\t\t\t                                    <td class=\"text-center\">&euro;127,00<\/td>\n\t\t\t\t\t\t\t\t\t\t\t\t\t\t\t\t                                    <td class=\"text-center\">&euro;354,00<\/td>\n\t\t\t\t\t\t\t\t\t\t\t\t\t\t\t\t                                    <td class=\"text-center\">&euro;558,00<\/td>\n\t\t\t\t\t\t\t\t                            <\/tr>\n                            <\/tbody>\n                        <\/table>\n\t\t\t\t\t                    <div>\n                        <b>Kaution<\/b>: \u20ac500,00                    <\/div>\n                <\/div>\n\t\t\t                <div class=\"box_shadow single-item-slide\">\n\t\t\t\t\t<div class=\"mb-auto\"><div class=\"car-rental-item-image\"><a href=\"#page\" title=\"Fahrzeug anschauen modell\"><img data-lazy=\"https:\/\/www.cafemotorbike.com\/wp-content\/uploads\/CarRentalGallery\/thumb_rent-motorbike-tenerife-ducati-multistrada-cafemotorbike.jpg\" title=\"DUCATI Multistrada V2 Red 2026\" alt=\"DUCATI Multistrada V2 Red 2026\"><\/a><\/div><div class=\"car-rental-slider-bodytype-title\">MOTORRAD 900<\/div><div class=\"car-rental-item-title\"><a class=\"primary_color\" href=\"https:\/\/www.cafemotorbike.com\/de\/m\/ducati-multistrada-v2-red-2026\/\" title=\"Fahrzeug anschauen modell\">DUCATI Multistrada V2 Red 2026<\/a><\/div><\/div><div class=\"car-rental-price-info mt-auto\"><div class=\"underline full-width mb-2\"><\/div><div class=\"car-rental-item-prefix primary_color\">Tag Von<\/div><div class=\"car-rental-item-price primary_color\">&euro;86<\/div><\/div>                    <div class=\"example-of-prices mb-2\">Beispiele f\u00fcr Preise<\/div>\n\t\t\t\t\t                        <table class=\"car-rental-item-slider-prices table mb-0\">\n                            <thead>\n                            <tr>\n\t\t\t\t\t\t\t\t                                    <th class=\"text-center\">1 Tag<\/th>\n\t\t\t\t\t\t\t\t\t\t\t\t\t\t\t\t                                    <th class=\"text-center\">3 Tage<\/th>\n\t\t\t\t\t\t\t\t\t\t\t\t\t\t\t\t                                    <th class=\"text-center\">5 Tage<\/th>\n\t\t\t\t\t\t\t\t                            <\/tr>\n                            <\/thead>\n                            <tbody>\n                            <tr>\n\t\t\t\t\t\t\t\t                                    <td class=\"text-center\">&euro;127,00<\/td>\n\t\t\t\t\t\t\t\t\t\t\t\t\t\t\t\t                                    <td class=\"text-center\">&euro;354,00<\/td>\n\t\t\t\t\t\t\t\t\t\t\t\t\t\t\t\t                                    <td class=\"text-center\">&euro;558,00<\/td>\n\t\t\t\t\t\t\t\t                            <\/tr>\n                            <\/tbody>\n                        <\/table>\n\t\t\t\t\t                    <div>\n                        <b>Kaution<\/b>: \u20ac500,00                    <\/div>\n                <\/div>\n\t\t\t                <div class=\"box_shadow single-item-slide\">\n\t\t\t\t\t<div class=\"mb-auto\"><div class=\"car-rental-item-image\"><a href=\"#page\" title=\"Fahrzeug anschauen modell\"><img data-lazy=\"https:\/\/www.cafemotorbike.com\/wp-content\/uploads\/CarRentalGallery\/thumb_1764077409_Motorradvermietung-Teneriffa-2023.jpg\" title=\"HONDA Africa Twin 1100\" alt=\"HONDA Africa Twin 1100\"><\/a><\/div><div class=\"car-rental-slider-bodytype-title\">MOTORRAD 1100<\/div><div class=\"car-rental-item-title\"><a class=\"primary_color\" href=\"https:\/\/www.cafemotorbike.com\/de\/m\/rent-honda-africa-twin-1100\/\" title=\"Fahrzeug anschauen modell\">HONDA Africa Twin 1100<\/a><\/div><\/div><div class=\"car-rental-price-info mt-auto\"><div class=\"underline full-width mb-2\"><\/div><div class=\"car-rental-item-prefix primary_color\">Tag Von<\/div><div class=\"car-rental-item-price primary_color\">&euro;86<\/div><\/div>                    <div class=\"example-of-prices mb-2\">Beispiele f\u00fcr Preise<\/div>\n\t\t\t\t\t                        <table class=\"car-rental-item-slider-prices table mb-0\">\n                            <thead>\n                            <tr>\n\t\t\t\t\t\t\t\t                                    <th class=\"text-center\">1 Tag<\/th>\n\t\t\t\t\t\t\t\t\t\t\t\t\t\t\t\t                                    <th class=\"text-center\">3 Tage<\/th>\n\t\t\t\t\t\t\t\t\t\t\t\t\t\t\t\t                                    <th class=\"text-center\">5 Tage<\/th>\n\t\t\t\t\t\t\t\t                            <\/tr>\n                            <\/thead>\n                            <tbody>\n                            <tr>\n\t\t\t\t\t\t\t\t                                    <td class=\"text-center\">&euro;127,00<\/td>\n\t\t\t\t\t\t\t\t\t\t\t\t\t\t\t\t                                    <td class=\"text-center\">&euro;354,00<\/td>\n\t\t\t\t\t\t\t\t\t\t\t\t\t\t\t\t                                    <td class=\"text-center\">&euro;558,00<\/td>\n\t\t\t\t\t\t\t\t                            <\/tr>\n                            <\/tbody>\n                        <\/table>\n\t\t\t\t\t                    <div>\n                        <b>Kaution<\/b>: \u20ac500,00                    <\/div>\n                <\/div>\n\t\t\t        <\/div>\n\t<\/div><\/div><\/div>\n\t\t\t\t\t\t<\/div>\n\t\t\t\t<\/div>\n\t\t\t\t<div class=\"elementor-element elementor-element-0b70c4c elementor-widget-divider--view-line elementor-widget elementor-widget-divider\" data-id=\"0b70c4c\" data-element_type=\"widget\" data-e-type=\"widget\" data-widget_type=\"divider.default\">\n\t\t\t\t<div class=\"elementor-widget-container\">\n\t\t\t\t\t\t\t<div class=\"elementor-divider\">\n\t\t\t<span class=\"elementor-divider-separator\">\n\t\t\t\t\t\t<\/span>\n\t\t<\/div>\n\t\t\t\t\t\t<\/div>\n\t\t\t\t<\/div>\n\t\t\t\t\t<\/div>\n\t\t<\/div>\n\t\t\t\t\t<\/div>\n\t\t<\/section>\n\t\t\t\t\t<\/div>\n\t\t<\/div>\n\t\t\t\t\t<\/div>\n\t\t<\/section>\n\t\t\t\t<section class=\"elementor-section elementor-top-section elementor-element elementor-element-9c4d173 elementor-section-boxed elementor-section-height-default elementor-section-height-default\" data-id=\"9c4d173\" data-element_type=\"section\" data-e-type=\"section\">\n\t\t\t\t\t\t<div class=\"elementor-container elementor-column-gap-default\">\n\t\t\t\t\t<div class=\"elementor-column elementor-col-100 elementor-top-column elementor-element elementor-element-dc51054\" data-id=\"dc51054\" data-element_type=\"column\" data-e-type=\"column\">\n\t\t\t<div class=\"elementor-widget-wrap elementor-element-populated\">\n\t\t\t\t\t\t<section class=\"elementor-section elementor-inner-section elementor-element elementor-element-46b4564 elementor-section-height-default elementor-section-boxed elementor-section-height-default\" data-id=\"46b4564\" data-element_type=\"section\" data-e-type=\"section\">\n\t\t\t\t\t\t<div class=\"elementor-container elementor-column-gap-default\">\n\t\t\t\t\t<div class=\"elementor-column elementor-col-50 elementor-top-column elementor-element elementor-element-d9ca252\" data-id=\"d9ca252\" data-element_type=\"column\" data-e-type=\"column\">\n\t\t\t<div class=\"elementor-widget-wrap elementor-element-populated\">\n\t\t\t\t\t\t<div class=\"elementor-element elementor-element-174898f elementor-widget elementor-widget-heading\" data-id=\"174898f\" data-element_type=\"widget\" data-e-type=\"widget\" data-widget_type=\"heading.default\">\n\t\t\t\t<div class=\"elementor-widget-container\">\n\t\t\t\t\t<h2 class=\"elementor-heading-title elementor-size-default\">Motorroller mieten\nWas es beinhaltet<\/h2>\t\t\t\t<\/div>\n\t\t\t\t<\/div>\n\t\t\t\t<div class=\"elementor-element elementor-element-ee01975 elementor-widget elementor-widget-text-editor\" data-id=\"ee01975\" data-element_type=\"widget\" data-e-type=\"widget\" data-widget_type=\"text-editor.default\">\n\t\t\t\t<div class=\"elementor-widget-container\">\n\t\t\t\t\t\t\t\t\t<p>Mit uns,\u00a0<b>Keine \u00dcberraschungen bei der Abholung.<\/b>\u00a0Die Kosten f\u00fcr die Anmietung von Motorrollern beinhalten: 2 Helme, Vorh\u00e4ngeschloss, unbegrenzte Kilometer, Versicherung, Pannenhilfe, Steuern. Alle guten Gr\u00fcnde, einen Roller auf Teneriffa bei uns zu mieten<\/p>\t\t\t\t\t\t\t\t<\/div>\n\t\t\t\t<\/div>\n\t\t\t\t\t<\/div>\n\t\t<\/div>\n\t\t\t\t<div class=\"elementor-column elementor-col-50 elementor-top-column elementor-element elementor-element-a28caab\" data-id=\"a28caab\" data-element_type=\"column\" data-e-type=\"column\">\n\t\t\t<div class=\"elementor-widget-wrap elementor-element-populated\">\n\t\t\t\t\t\t<div class=\"elementor-element elementor-element-2269875 elementor-widget elementor-widget-heading\" data-id=\"2269875\" data-element_type=\"widget\" data-e-type=\"widget\" data-widget_type=\"heading.default\">\n\t\t\t\t<div class=\"elementor-widget-container\">\n\t\t\t\t\t<h2 class=\"elementor-heading-title elementor-size-default\">Motorradverleih\nWas es beinhaltet<\/h2>\t\t\t\t<\/div>\n\t\t\t\t<\/div>\n\t\t\t\t<div class=\"elementor-element elementor-element-31015d5 elementor-widget elementor-widget-text-editor\" data-id=\"31015d5\" data-element_type=\"widget\" data-e-type=\"widget\" data-widget_type=\"text-editor.default\">\n\t\t\t\t<div class=\"elementor-widget-container\">\n\t\t\t\t\t\t\t\t\t<p>Mit uns,\u00a0<b>keine \u00dcberraschungen bei der Abholung.<\/b>\u00a0Die Kosten f\u00fcr ein Mietmotorrad beinhalten: 2 Integralhelme, 2 Jacken und 2 Handschuhe mit Motorradprotektoren, Schloss, unbegrenzte Kilometer, Versicherung, Pannenhilfe, Steuern. Alle guten Gr\u00fcnde, ein Motorrad auf Teneriffa bei uns zu mieten<\/p>\t\t\t\t\t\t\t\t<\/div>\n\t\t\t\t<\/div>\n\t\t\t\t\t<\/div>\n\t\t<\/div>\n\t\t\t\t\t<\/div>\n\t\t<\/section>\n\t\t\t\t\t<\/div>\n\t\t<\/div>\n\t\t\t\t\t<\/div>\n\t\t<\/section>\n\t\t\t\t<\/div>","protected":false},"excerpt":{"rendered":"<p>Ready to discover the best motorbike itineraries in Tenerife? Our passion and our work come together perfectly in this motorbike rental business in Tenerife.Below we propose some itineraries to travel by motorbike in Tenerife, with useful information for the trip. If you want to rent a motorbike from us, you can go to the home [&hellip;]<\/p>\n","protected":false},"author":3,"featured_media":10270,"parent":0,"menu_order":0,"comment_status":"closed","ping_status":"closed","template":"","meta":{"footnotes":""},"class_list":["post-10265","page","type-page","status-publish","has-post-thumbnail","hentry"],"_links":{"self":[{"href":"https:\/\/www.cafemotorbike.com\/de\/wp-json\/wp\/v2\/pages\/10265","targetHints":{"allow":["GET"]}}],"collection":[{"href":"https:\/\/www.cafemotorbike.com\/de\/wp-json\/wp\/v2\/pages"}],"about":[{"href":"https:\/\/www.cafemotorbike.com\/de\/wp-json\/wp\/v2\/types\/page"}],"author":[{"embeddable":true,"href":"https:\/\/www.cafemotorbike.com\/de\/wp-json\/wp\/v2\/users\/3"}],"replies":[{"embeddable":true,"href":"https:\/\/www.cafemotorbike.com\/de\/wp-json\/wp\/v2\/comments?post=10265"}],"version-history":[{"count":68,"href":"https:\/\/www.cafemotorbike.com\/de\/wp-json\/wp\/v2\/pages\/10265\/revisions"}],"predecessor-version":[{"id":12314,"href":"https:\/\/www.cafemotorbike.com\/de\/wp-json\/wp\/v2\/pages\/10265\/revisions\/12314"}],"wp:featuredmedia":[{"embeddable":true,"href":"https:\/\/www.cafemotorbike.com\/de\/wp-json\/wp\/v2\/media\/10270"}],"wp:attachment":[{"href":"https:\/\/www.cafemotorbike.com\/de\/wp-json\/wp\/v2\/media?parent=10265"}],"curies":[{"name":"wp","href":"https:\/\/api.w.org\/{rel}","templated":true}]}}